{"id":114,"date":"2018-03-17T19:08:23","date_gmt":"2018-03-17T18:08:23","guid":{"rendered":"http:\/\/serenita.pl\/?page_id=114"},"modified":"2021-09-19T22:55:50","modified_gmt":"2021-09-19T20:55:50","slug":"wydarzenia-i-inicjatywy","status":"publish","type":"page","link":"http:\/\/serenita.pl\/?page_id=114","title":{"rendered":"Aktualno\u015bci"},"content":{"rendered":"\n<h3>           <\/h3>\n\n\n<hr \/>\n<h1 style=\"text-align: center\"><span style=\"color: #0000ff\">Dzie\u0144 Skupienia ze \u015awi\u0119t\u0105 Joann\u0105 &#8211; tym razem w g\u00f3rach<\/span><\/h1>\n<p align=\"center\"><strong><span style=\"font-size: large;color: #800000\">Drodzy Czciciele \u015aw. Joanny<\/span><\/strong><\/p>\n<p align=\"center\"><span style=\"font-size: large\">zapraszamy na kolejny otwarty <span style=\"color: #0000ff\"><strong>Dzie\u0144 Skupienia ze \u015aw. Joann\u0105<\/strong><\/span>, kt\u00f3ry b\u0119dzie <\/span><span style=\"font-size: large\">dnia<\/span><span style=\"font-size: large\"> 25 wrze\u015bnia 2021 roku w godzinach 10.00-15.00.<\/span><\/p>\n<p align=\"center\">Rozpoczynamy Msz\u0105 \u015aw. o godzinie 10.30 w Maniowach (ko\u015bci\u00f3\u0142 pw. NMP Matki Ko\u015bcio\u0142a), nast\u0119pnie konferencja, praca w grupach, podsumowanie i przejazd do Sromowiec Ni\u017cnych do kapliczki Joanny. Na zako\u0144czenie wsp\u00f3lnota sto\u0142u &#8211; pizza \ud83d\ude42<\/p>\n<p align=\"center\">Wy\u017cywienie we w\u0142asnym zakresie.<\/p>\n<p align=\"center\">Zainteresowanych prosimy o zg\u0142oszenie uczestnictwa pod numerem telefonu 509 987 917<\/p>\n<p align=\"center\"><span style=\"color: #0000ff\"><span style=\"font-size: large\"><b>ZAPRASZAMY!!!<\/b><\/span><\/span><\/p>\n<hr \/>\n<h2 style=\"text-align: center\"><span style=\"color: #00ccff\">Pielgrzymka \u015aladami \u015aw. Joanny Beretty Molli<\/span><\/h2>\n<h2 style=\"text-align: center\">10-13 pa\u017adziernika 2021 r.<\/h2>\n<p style=\"text-align: center\">Czcicieli \u015aw. Joanny oraz Tych, kt\u00f3rym nasza Patronka jest bliska zach\u0119camy do uczestnictwa w pielgrzymce do miejsc zwi\u0105zanych z \u017cyciem \u015aw. Joanny.\u00a0\u00a0<\/p>\n<p style=\"text-align: center\">Zapisy pod numerem telefonu: 509987917<\/p>\n<hr \/>\n<h2 style=\"text-align: center\"><span style=\"color: #003366\">Drodzy czciciele \u015aw. Joanny, pragniemy za\u0142o\u017cy\u0107 <span style=\"color: #3366ff\">R\u00f3\u017c\u0119 R\u00f3\u017ca\u0144cow\u0105 \u015aw. Joanny Beretty Molli<\/span>. Je\u015bli kto\u015b nosi w sercu potrzeb\u0119 i gotowo\u015b\u0107 w\u0142\u0105czenia si\u0119 &#8211; zach\u0119camy&#8230;<\/span><\/h2>\n<p style=\"text-align: center\">Wi\u0119cej informacji na ten temat mo\u017cna znale\u017a\u0107 w &#8222;zak\u0142adce&#8221; Modlitwa.<\/p>\n<hr \/>\n<h1 style=\"text-align: center\"><span style=\"color: #003366\">Nowenna przed liturgicznym wspomnieniem \u015aw. Joanny<\/span><\/h1>\n<p style=\"text-align: center\">Zach\u0119camy do rozpocz\u0119cia Nowenny przed wspomnieniem \u015bw. Joanny Beretty Molli, kt\u00f3re przypada na dzie\u0144 28 kwietnia.<\/p>\n<p style=\"text-align: center\">Nowenn\u0119 warto rozpocz\u0105\u0107 19 kwietnia. Na naszej stronie znajduje si\u0119 w zak\u0142adce: Publikacje.\u00a0<\/p>\n<hr \/>\n<h1><span style=\"color: #003366\">O Joannie na:<\/span> https:\/\/www.wiaraizycie.pl\/<\/h1>\n<h1 style=\"text-align: center\"><span style=\"color: #800000\"><strong>\u015awi\u0119ta Joanna Beretta Molla<\/strong><\/span><\/h1>\n<h1 style=\"text-align: center\"><span style=\"color: #ff0000\"><strong>Patronka kobiet w stanie b\u0142ogos\u0142awionym oraz patronka lekarzy, ma\u0142\u017ce\u0144stw, rodzin<\/strong><\/span><\/h1>\n<p><strong>Joanna Beretta Molla<\/strong> (w\u0142a\u015bciwie: Gianna Beretta Molla) urodzi\u0142a si\u0119 4 pa\u017adziernika 1922 roku w\u00a0Magencie jako dziesi\u0105ta z\u00a0trzyna\u015bciorga dzieci Marii i\u00a0Alberta Beretta. Zmar\u0142a w\u00a0opinii \u015bwi\u0119to\u015bci 28 kwietnia 1962 roku.<\/p>\n<p>Ju\u017c w\u00a0domu rodzinnym Joanna pozna\u0142a, co oznacza realizacja przykazania mi\u0142o\u015bci Boga i\u00a0bli\u017aniego. Rodzice byli lud\u017ami g\u0142\u0119boko wierz\u0105cymi, \u017cyj\u0105cymi wed\u0142ug regu\u0142y III Zakonu \u015bw. Franciszka. Przyk\u0142adem w\u0142asnego \u017cycia uczy\u0142a dzieci pokory i\u00a0skromno\u015bci, wra\u017cliwo\u015bci na niedol\u0119 drugiego cz\u0142owieka, a\u00a0tak\u017ce postawy wdzi\u0119czno\u015bci wobec Boga za wszystko, co si\u0119 otrzymuje.<\/p>\n<p>Od dnia przyst\u0105pienia do Pierwszej Komunii \u015awi\u0119tej w\u00a0wieku pi\u0119ciu i\u00a0p\u00f3\u0142 roku Joanna zacz\u0119\u0142a wraz z\u00a0matk\u0105 i\u00a0starszym rodze\u0144stwem codziennie uczestniczy\u0107 we Mszy \u015bwi\u0119tej. Ten zwyczaj zachowa\u0142a a\u017c do ostatnich lat \u017cycia.<\/p>\n<p>Jako dziecko Joanna by\u0142a do\u015b\u0107 chorowita, co cz\u0119\u015bciowo przek\u0142ada\u0142o si\u0119 na przeci\u0119tne, a\u00a0nawet s\u0142abe wyniki w\u00a0nauce w\u00a0szkole podstawowej i\u00a0gimnazjum. Dopiero w\u00a0liceum klasycznym w\u00a0Instytucie Si\u00f3str \u015bw. Doroty w\u00a0Genui Joanna sta\u0142a si\u0119 wzorow\u0105 uczennic\u0105 ze znakomitymi ocenami.<\/p>\n<p>Po \u015bmierci obojga rodzic\u00f3w w\u00a01942 roku Joanna wraz z\u00a0rodze\u0144stwem przeprowadzi\u0142a si\u0119 do domu dziadk\u00f3w ze strony ojca. W\u00a0tym czasie przysz\u0142a \u015bwi\u0119ta bardzo dojrza\u0142a duchowo. Na ten okres przypad\u0142a intensywna dzia\u0142alno\u015b\u0107 Joanny w\u00a0Akcji Katolickiej, kt\u00f3rej zosta\u0142a przewodnicz\u0105c\u0105.<\/p>\n<p>W\u00a01942 roku Joanna zapisa\u0142a si\u0119 na studia medyczne w\u00a0Mediolanie, kt\u00f3re uko\u0144czy\u0142a z\u00a0wybitnym rezultatem. Po odbyciu sta\u017cu rozpocz\u0119\u0142a specjalizacj\u0119 z\u00a0pediatrii, a\u00a0po uzyskaniu tytu\u0142u i\u00a0wpisie do rejestru lekarzy podj\u0119\u0142a prac\u0119 w\u00a0przychodni w\u00a0Masero.<\/p>\n<p>Przez ca\u0142e \u017cycie Joanna traktowa\u0142a sw\u00f3j zaw\u00f3d w\u00a0spos\u00f3b bardzo odpowiedzialny i\u00a0ewangeliczny. W\u00a0swoich notatkach zapisa\u0142a: <em>\u201eWszyscy na tym \u015bwiecie pracujemy, s\u0142u\u017c\u0105c w\u00a0jaki\u015b spos\u00f3b ludziom. My pracujemy bezpo\u015brednio dla cz\u0142owieka. (\u2026) Nale\u017cy czyni\u0107 dobro, a\u00a0 mamy ku temu wiele takich okazji, kt\u00f3rych nie ma osoba duchowna. Bo nasza misja nie jest sko\u0144czona, kiedy leki ju\u017c nie skutkuj\u0105. Jest dusza, kt\u00f3r\u0105 trzeba doprowadzi\u0107 do Boga, a\u00a0s\u0142owa lekarza maj\u0105 autorytet. Ka\u017cdy lekarz powinien by\u0107 troch\u0119 ksi\u0119dzem. (\u2026) Kto odwiedza chorego, \u201eJemu\u201d pomaga\u201d<\/em>. <strong>Apelowa\u0142a do lekarzy o\u00a0solidne wykonywanie swojego zawodu, uczciwo\u015b\u0107, troskliwo\u015b\u0107 oraz dba\u0142o\u015b\u0107 o\u00a0dusze chorych<\/strong>. Swoj\u0105 zawodow\u0105 misj\u0119 leczenia nie tylko cia\u0142, ale i\u00a0dusz odczuwa\u0142a tak mocno, \u017ce nie chcia\u0142a zrezygnowa\u0107 z\u00a0pracy nawet po za\u0142o\u017ceniu rodziny, b\u0119d\u0105c w\u00a0ci\u0105\u017cy i\u00a0po urodzeniu dzieci.<\/p>\n<p>Jeszcze w\u00a0czasie studi\u00f3w Joanna mia\u0142a przekonanie, \u017ce <strong>ludzkie \u017cycie powinno by\u0107 szanowane i\u00a0chronione od chwili pocz\u0119cia<\/strong>. Aborcj\u0119 traktowa\u0142a jako bardzo ci\u0119\u017cki grzech. Decyzja o\u00a0ochronie \u017cycia swojego ostatniego dziecka, kosztem w\u0142asnego zdrowia i\u00a0\u017cycia da\u0142a dobitny wyraz jej przekonaniom.<\/p>\n<p>Joanna stosunkowo d\u0142ugo rozeznawa\u0142a swoje powo\u0142anie do \u017cycia w\u00a0ma\u0142\u017ce\u0144stwie. Jeszcze w\u00a0czasie studi\u00f3w powa\u017cnie rozwa\u017ca\u0142a prac\u0119 misyjn\u0105 w\u00a0\u015bwieckiej s\u0142u\u017cbie pomocniczej. Inn\u0105 drog\u0119 powo\u0142ania wskazywali Joannie jej krewni oraz kierownik duchowy.<\/p>\n<p>Swojego przysz\u0142ego m\u0119\u017ca, Piotra Moll\u0119, Joanna pozna\u0142a w\u00a0przychodni swojego brata we wrze\u015bniu 1949 roku. In\u017cynier Molla zg\u0142osi\u0142 si\u0119 w\u00f3wczas do lekarza z\u00a0powodu zwyk\u0142ej niedyspozycji. Pierwsze prawdziwe spotkanie mia\u0142o miejsce 8 grudnia 1949 roku w\u00a0czasie uroczysto\u015bci prymicji wsp\u00f3lnego znajomego Joanny i\u00a0Piotra.<\/p>\n<p>Piotr poprosi\u0142 o\u00a0r\u0119k\u0119 przysz\u0142\u0105 \u015bwi\u0119t\u0105 20 lutego 1955 roku. Po d\u0142ugim okresie poszukiwa\u0144 swojego powo\u0142ania Joanna poczu\u0142a, \u017ce jej wej\u015bcie w\u00a0zwi\u0105zek ma\u0142\u017ce\u0144ski jest wol\u0105 samego Boga. Uczyni\u0142o j\u0105 to bardzo szcz\u0119\u015bliw\u0105 i\u00a0pe\u0142n\u0105 entuzjazmu do budowania prawdziwie chrze\u015bcija\u0144skiej rodziny. \u015alub odby\u0142 si\u0119 24 wrze\u015bnia tego samego roku. <strong>W\u00a0ma\u0142\u017ce\u0144stwie Joanna pragn\u0119\u0142a realizowa\u0107 sw\u00f3j plan nieustannego wzrastania i\u00a0doskonalenia si\u0119 w\u00a0mi\u0142o\u015bci<\/strong>. Jeszcze kilka lat przed \u015blubem tak napisa\u0142a o\u00a0mi\u0142o\u015bci ma\u0142\u017ce\u0144skiej: <em>\u201eMi\u0142o\u015b\u0107 to d\u0105\u017cenie do doskonalenia siebie samego i\u00a0osoby kochanej, mi\u0142o\u015b\u0107 to przezwyci\u0119\u017canie w\u0142asnego egoizmu, zdolno\u015b\u0107 do dawania siebie. Mi\u0142o\u015b\u0107 musi by\u0107 ca\u0142kowita, pe\u0142na, kompletna, zgodna z\u00a0prawem boskim i\u00a0musi trwa\u0107 wiecznie\u201d<\/em>.<\/p>\n<p>Zgodnie z\u00a0tym, co wynios\u0142a z\u00a0domu, na ka\u017cdym polu swojego \u017cycia Joanna okazywa\u0142a <strong>ogromn\u0105 wdzi\u0119czno\u015b\u0107 Bogu za wszystko, co j\u0105 spotka\u0142o<\/strong>. Do trud\u00f3w \u017cycia rodzinnego i\u00a0zawodowego podchodzi\u0142a z\u00a0wielkim entuzjazmem, w\u00a0postawie pos\u0142ugi. Cho\u0107 w\u00a0jej relacji ma\u0142\u017ce\u0144skiej zdarza\u0142y si\u0119 nieporozumienia i\u00a0konflikty, potrafi\u0142a je rozwi\u0105zywa\u0107, precyzyjnie nazywaj\u0105c i\u00a0omawiaj\u0105c z\u00a0m\u0119\u017cem \u017ar\u00f3d\u0142a wszelkich napi\u0119\u0107.\u00a0<\/p>\n<p>Joanna i\u00a0Piotr zostali rodzicami kr\u00f3tko po zawarciu zwi\u0105zku ma\u0142\u017ce\u0144skiego. Rok po \u015blubie, we wrze\u015bniu 1956 roku urodzi\u0142 si\u0119 ich pierwszy syn, Pierluigi. W\u00a0grudniu 1957 roku na \u015bwiat przysz\u0142a Maria Zyta, a\u00a0w\u00a0lipcu 1959 roku Laura.<\/p>\n<p>Joanna z\u00a0wielkim po\u015bwi\u0119ceniem podj\u0119\u0142a rol\u0119 matki. W\u00a0zwi\u0105zku z\u00a0licznymi wyjazdami s\u0142u\u017cbowymi Piotra cz\u0119sto musia\u0142a sama prze\u017cywa\u0107 trudne chwile rodzicielstwa, co <strong>czyni\u0142a<\/strong> <strong>zawsze w\u00a0duchu wiary i\u00a0pe\u0142nego zawierzenia si\u0119 Bogu<\/strong>. Okazuj\u0105c trosk\u0119 o\u00a0dzieci, cieszy\u0142a si\u0119 ich prawid\u0142owym rozwojem i\u00a0by\u0142a z\u00a0nich dumna.<\/p>\n<p>Joanna dba\u0142a o\u00a0innych, ale naturalnie wiedzia\u0142a, \u017ce powinna najpierw dba\u0107 tak\u017ce o\u00a0siebie. Szukaj\u0105c odpoczynku psychicznego i\u00a0wskaz\u00f3wek, co ma w\u00a0danej sytuacji zrobi\u0107, chodzi\u0142a do ko\u015bcio\u0142a na kilka minut medytacji i\u00a0by poby\u0107 w\u00a0ciszy. Dba\u0142a tak\u017ce o\u00a0sw\u00f3j wygl\u0105d \u2013 szuka\u0142a dobrze skrojonych ubra\u0144, zna\u0142a trendy mody i\u00a0ch\u0119tnie z\u00a0nich korzysta\u0142a. Lubi\u0142a mie\u0107 pomalowane paznokcie na r\u00f3\u017cne okazje. Ju\u017c jako mama ma\u0142ych dzieci je\u017adzi\u0142a na nartach, bo to kocha\u0142a. To by\u0142 jej spos\u00f3b na utrzymanie rado\u015bci i optymizmu, kt\u00f3ry by\u0142 wypisany na jej twarzy, jak wspomina\u0142 Piotr Molla.<\/p>\n<p>Rado\u015b\u0107 z\u00a0powi\u0119kszaj\u0105cej si\u0119 rodziny zosta\u0142a przys\u0142oni\u0119ta <strong>wielkim cierpieniem<\/strong>, gdy jesieni\u0105 1961 roku b\u0119d\u0105c w\u00a0stanie b\u0142ogos\u0142awionym po raz sz\u00f3sty (po dw\u00f3ch poronieniach), Joanna dowiedzia\u0142a si\u0119, \u017ce obok p\u0142odu rozwija si\u0119 w\u0142\u00f3kniak macicy. Mimo zalece\u0144 lekarzy <strong>nie tylko nie zdecydowa\u0142a si\u0119 na usuni\u0119cie dziecka wraz z\u00a0nowotworem<\/strong>, ale z\u00a0nies\u0142abn\u0105c\u0105 si\u0142\u0105 ducha kontynuowa\u0142a swoje rodzicielskie powo\u0142anie.<\/p>\n<p>Joanna umar\u0142a w\u00a0opinii \u015bwi\u0119to\u015bci wieku 40 lat, zaledwie tydzie\u0144 po urodzeniu czwartego dziecka. Ostatnie chwile jej \u017cycia przypad\u0142y na okres Wielkiego Tygodnia i\u00a0Wielkanocy. Jest to interpretowane jako w\u0142\u0105czenie Joanny w\u00a0m\u0119k\u0119, \u015bmier\u0107 i\u00a0zmartwychwstanie Chrystusa. <strong>Umieraj\u0105c wielokrotnie powt\u00f3rzy\u0142a: \u201eJezu, kocham Ci\u0119\u201d<\/strong>.<\/p>\n<p>Joanna zosta\u0142a og\u0142oszona b\u0142ogos\u0142awion\u0105 24 kwietnia 1994 roku, a\u00a0\u015bwi\u0119t\u0105 16 maja 2004 roku. Proces beatyfikacyjny rozpocz\u0105\u0142 si\u0119 28 kwietnia 1980 roku, a\u00a0wi\u0119c w\u00a018 rocznic\u0119 jej \u015bmierci. Pierwszy <strong>cud dokonany za jej wstawiennictwem<\/strong> og\u0142oszono w\u00a01992 roku. Polega\u0142 on na uzdrowieniu kobiety, kt\u00f3rej grozi\u0142a \u015bmier\u0107 po urodzeniu czwartego dziecka.\u00a0<\/p>\n<p>\u015awi\u0119ta Joanna jest <strong>patronk\u0105 kobiet w\u00a0stanie b\u0142ogos\u0142awionym, lekarzy, rodzin<\/strong> oraz or\u0119downiczk\u0105 w\u00a0walce z\u00a0aborcj\u0105. Jej wstawiennictwa poszukuj\u0105 <strong>ma\u0142\u017ce\u0144stwa oczekuj\u0105ce potomstwa, narzeczeni, lekarze i\u00a0cz\u0142onkowie r\u00f3\u017cnych stowarzysze\u0144 charytatywnych.<\/strong> Skuteczno\u015b\u0107 modlitw za wstawiennictwem \u015bw. Joanny potwierdzaj\u0105 <strong>liczne \u015bwiadectwa otrzymanych \u0142ask<\/strong>.<\/p>\n<p>Relikwie \u015bw. Joanny znajduj\u0105 si\u0119 w\u00a0kilkunastu ko\u015bcio\u0142ach w\u00a0ca\u0142ej Polsce, a\u00a0w\u00a0Warszawie w\u00a0pi\u0119ciu. W\u00a0parafii b\u0142. W\u0142adys\u0142awa z\u00a0Gielniowa od 2008 roku nieprzerwanie trwaj\u0105 peregrynacje relikwii \u015bw. Joanny (mo\u017cna wzi\u0105\u0107 je do domu i modli\u0107 si\u0119 za wstawiennictwem \u015bwi\u0119tej). Ponadto w\u00a0<strong>ka\u017cd\u0105 pierwsz\u0105 niedziel\u0119 miesi\u0105ca o\u00a0godz. 13:15 <\/strong>w\u00a0parafii tej sprawowana jest Msza \u015bw., podczas kt\u00f3rej matki pragn\u0105ce i\u00a0oczekuj\u0105ce potomstwa otrzymuj\u0105 specjalne b\u0142ogos\u0142awie\u0144stwo relikwiami \u015bwi\u0119tej.<\/p>\n<p>Rozwa\u017canie o\u00a0\u015bwi\u0119to\u015bci Joanny Molli niech zako\u0144czy \u017cyczenie \u015bw. Jana Paw\u0142a II skierowane do nas i\u00a0do samego Boga: <em>\u201eOby nasza epoka, dzi\u0119ki przyk\u0142adowi Joanny Beretty Molli, mog\u0142a odkry\u0107 prawdziwe, czyste i\u00a0p\u0142odne pi\u0119kno mi\u0142o\u015bci ma\u0142\u017ce\u0144skiej, prze\u017cywanej jako odpowied\u017a na Bo\u017ce powo\u0142anie!\u201d<\/em><\/p>\n<p>\u00a0<\/p>\n<p><strong>Bibilografia:<\/strong><\/p>\n<ol start=\"2008\">\n<li>T. Antognazza, M. Picozzi, A. Rimoldi, <em>Joanna Beretta Molla<\/em>, Dom Wydawniczy Rafael, 2008.<\/li>\n<\/ol>\n<p><strong>Modlitwa za wstawiennictwem \u015bw. Joanny Beretty Molli<\/strong><br \/><em>Bo\u017ce, Ty powiedzia\u0142e\u015b, \u017ce nie ma wi\u0119kszej mi\u0142o\u015bci nad t\u0119, kiedy kto\u015b daje \u017cycie za osob\u0119 ukochan\u0105. Dzi\u0119kujemy Ci, \u017ce da\u0142e\u015b nam w osobie \u015bw. Joanny p\u0142omienny przyk\u0142ad prawdziwej mi\u0142o\u015bci i szacunku do \u017cycia. Dopom\u00f3\u017c nam, aby\u015bmy zrozumieli Jej przyk\u0142ad \u017cycia, rozpowszechniali go i sami nim \u017cyli. Odn\u00f3w we wszystkich kobietach, <\/em><\/p>\n<p><em>\u017cyj\u0105cych na ca\u0142ym \u015bwiecie, zrozumienie sensu ich misji i szacunku dla ka\u017cdego \u017cycia, kt\u00f3re jest darem Boga, a na kt\u00f3rego stra\u017cy winny sta\u0107 nawet za cen\u0119 w\u0142asnego \u017cycia. Daj nam \u0142ask\u0119, kt\u00f3rej oczekujemy za wstawiennictwem \u015bw. Joanny, kt\u00f3ra id\u0105c za przyk\u0142adem Jezusa, ofiarnie z\u0142o\u017cy\u0142a swoje \u017cycie za \u017cycie innych. Przez Chrystusa Pana naszego. Amen.<\/em><\/p>\n<p><em>\u00a0<\/em><\/p>\n<p>\u201eOd dobrego wype\u0142niania naszego powo\u0142ania zale\u017cy nasze szcz\u0119\u015bcie doczesne i\u00a0wieczne. (&#8230;) Nie mo\u017cna decydowa\u0107 si\u0119 na ma\u0142\u017ce\u0144stwo, je\u015bli nie potrafi si\u0119 kocha\u0107. A\u00a0kocha\u0107 znaczy pragn\u0105\u0107 udoskonala\u0107 siebie, ukochan\u0105 osob\u0119, przezwyci\u0119\u017ca\u0107 w\u0142asny egoizm. Mi\u0142o\u015b\u0107 musi by\u0107 ca\u0142kowita, pe\u0142na, udoskonalana Bo\u017cym prawem. Napotykamy wiele trudno\u015bci, ale z\u00a0Bo\u017c\u0105 pomoc\u0105 musimy i\u015b\u0107 dalej bez l\u0119ku.\u201d [\u015bw. Joanna]<\/p>\n<p>\u00a0<\/p>\n<hr \/>\n<h1 class=\"xml\" style=\"text-align: center\"><span style=\"color: #003366\">Publikacja Aleteia.pl &#8211; polecamy&#8230;<\/span><\/h1>\n<p>\u00a0<\/p>\n<p><a href=\"https:\/\/pl.aleteia.org\/2019\/12\/16\/sms-za-rodzaca-czyli-nietypowe-wsparcie-na-porodowce-od-sw-joanny-beretty-molli\/\">Aleteia<\/a><\/p>\n<hr \/>\n<h1 style=\"text-align: center\"><span style=\"color: #003366\">Dzie\u0144 skupienia ze \u015awi\u0119t\u0105 Joann\u0105<\/span><\/h1>\n<p>&#8222;Formacji ci\u0105g dalszy&#8230;&#8221; Taki nietypowy temat towarzyszy\u0142 nam na tegorocznym dniu skupienia u progu Adwentu. Wpatruj\u0105c si\u0119 w wizerunek Joanny, a tak\u017ce wczytuj\u0105c si\u0119 w Jej teksty, \u0142atwiej by\u0142o nam poj\u0105\u0107 kwestie formacji &#8222;naszej&#8221; \u015awi\u0119tej. Sk\u0142adamy serdecznie podzi\u0119kowania Siostrze Anecie, za pi\u0119kne dekoracje u\u0142atwiaj\u0105ce skupienie \ud83d\ude42 a Ksi\u0119dzu Piotrowi za trafiony i pi\u0119knie uj\u0119ty temat, kt\u00f3ry niew\u0105tpliwie u\u0142atwi\u0142 nam przygotowanie do czasu oczekiwania na Zbawiciela. Tradycyjnie spotkali\u015bmy si\u0119 w grupach, co zawsze poszerza horyzonty my\u015blenia, a w czasie podsumowania pojawi\u0142y si\u0119 wnioski i refleksje, kt\u00f3re warto wcieli\u0107 w \u017cycie, poniewa\u017c mog\u0105 by\u0107 pomocne w osobistej formacji. W tym roku pracowali\u015bmy nad tekstem Piotra Molli o swojej \u017bonie. To by\u0142o dla nas nowe do\u015bwiadczenie, ale jak\u017ce cenne.\u00a0<\/p>\n<p>Opr\u00f3cz refleksji i modlitwy, nie zabrak\u0142o r\u00f3wnie\u017c wsp\u00f3lnego posi\u0142ku, czasu na dobre s\u0142owo przy kawie, spotkanie w Stowarzyszeniu poszerzonym, gdy\u017c tego dnia do grona Cz\u0142onk\u00f3w Stowarzyszenia uroczy\u015bcie zosta\u0142y w\u0142\u0105czone: Krystyna oraz Emilia Walczak. Cieszymy si\u0119 nowymi Cz\u0142onkiniami i Czcicielkami \u015aw. Joanny. Niech nasza Patronka wynagradza Wasze trudy i wysi\u0142ki podejmowane ka\u017cdego dnia.<\/p>\n<p>Punktem kulminacyjnym spotkania by\u0142y: adoracja Pana Jezusa, czas na indywidualn\u0105 modlitw\u0119, mo\u017cliwo\u015b\u0107 skorzystania z sakramentu pokuty i oczywi\u015bcie najwa\u017cniejsza Eucharystia, kt\u00f3ra jednocze\u015bnie ko\u0144czy\u0142a tegoroczne skupienie. Wszystkim, kt\u00f3rzy przyczynili si\u0119 do zorganizowania tego dnia oraz tym kt\u00f3rzy uczestniczyli sk\u0142adamy podzi\u0119kowania, niech Pan B\u00f3g b\u0142ogos\u0142awi, a \u015aw. Joanna wyprasza potrzebne \u0141aski.<\/p>\n<hr \/>\n<h1 style=\"text-align: center\"><span style=\"color: #3366ff\">Zapraszamy na otwarty Dzie\u0144 Skupienia ze \u015awi\u0119t\u0105 Joann\u0105<\/span><\/h1>\n<p align=\"center\"><span style=\"font-size: large\"><br \/><\/span><span style=\"color: #0f243e\"><span style=\"font-size: large\">Dnia 23 listopada 2019 roku <\/span><\/span><span style=\"color: #0f243e\"><span style=\"font-family: Calibri, serif\"><span style=\"font-size: large\">(w godz. od 13.00 do 18.00)<br \/><\/span><\/span><\/span><span style=\"color: #0f243e\"><span style=\"font-size: large\">do Parafii pw. Wniebowzi\u0119cia NMP w Zag\u00f3rzu k\/Chrzanowa.<\/span><\/span><\/p>\n<p align=\"center\"><span style=\"color: #0f243e\"><span style=\"font-size: large\">Konferencje wyg\u0142osi ks. dr Piotr G\u0105sior. <\/span><\/span><\/p>\n<p align=\"center\"><span style=\"color: #0f243e\"><span style=\"font-size: large\">W programie: prace w grupach, adoracja, modlitwa indywidualna, Msza \u015awi\u0119ta oraz posi\u0142ek.<\/span><\/span><\/p>\n<p align=\"center\"><span style=\"color: #0f243e\"><span style=\"font-size: large\">Wszystkich zainteresowanych prosimy o zg\u0142oszenie uczestnictwa pod numerem tel. 509\u00a0987\u00a0917<\/span><\/span><\/p>\n<p align=\"center\"><span style=\"color: #0f243e\"><span style=\"font-size: large\"><b>ZAPRASZAMY!!!<\/b><\/span><\/span><\/p>\n<hr \/>\n<h1 style=\"text-align: center\"><span style=\"color: #800000\">Zebranie cz\u0142onk\u00f3w za\u0142o\u017cycieli Stowarzyszenia<\/span><\/h1>\n<p>Zebranie za\u0142o\u017cycieli mia\u0142o miejsce 29 wrze\u015bnia 2019 r. w siedzibie Stowarzyszenia w Zag\u00f3rzu. Tradycyjnie rozpocz\u0119li\u015bmy nasz\u0105 modlitw\u0105, a po niej wys\u0142uchali\u015bmy interesuj\u0105cej konferencji ks dra Piotra G\u0105siora. W czasie spotkania om\u00f3wione zosta\u0142y sprawy bie\u017c\u0105ce. Nie zabrak\u0142o cennego dzielenia si\u0119 &#8230; pomys\u0142ami, spostrze\u017ceniami, a nade wszystko do\u015bwiadczeniem obecno\u015bci Joanny w naszym \u017cyciu, Jej opieki i wyproszonych &#8222;\u0142ask&#8221;.\u00a0 \u00a0<\/p>\n<hr \/>\n<h1 style=\"text-align: center\"><strong><span style=\"color: #339966\">Spotkanie Cz\u0142onk\u00f3w i Sympatyk\u00f3w<\/span>\u00a0<\/strong><\/h1>\n<p>Dnia 25 kwietnia 2019 r. odby\u0142o si\u0119 coroczne spotkanie cz\u0142onk\u00f3w i sympatyk\u00f3w Stowarzyszenia. W mi\u0142ej atmosferze om\u00f3wili\u015bmy wa\u017cne kwestie dotycz\u0105ce Stowarzyszenia, szerzenia kultu \u015aw. Joanny oraz nowych inicjatyw. Zapoznali\u015bmy si\u0119 ze sprawozdaniem za miniony rok dzia\u0142alno\u015bci. Nasze spotkanie zako\u0144czy\u0142o si\u0119 uczestnictwem we Mszy \u015awi\u0119tej i wsp\u00f3ln\u0105 modlitw\u0105.<\/p>\n<hr \/>\n<h1 style=\"text-align: center\"><span style=\"color: #ffcc00\">V Jubileuszowy Bal ze \u015aw. Joann\u0105<\/span><\/h1>\n<p>Ju\u017c po raz pi\u0105ty bawili\u015bmy si\u0119 na Balu z Joann\u0105, tym razem w \u201eKrakowskiej Spi\u017carni\u201d. Zebranych powitali cz\u0142onkowie Zarz\u0105du Stowarzyszenia: El\u017cbieta Sowa oraz Zbigniew \u015alusarczyk. Tradycyjnie rozpocz\u0119li\u015bmy uroczystym Polonezem i pami\u0105tkow\u0105 fotografi\u0105. Wiecz\u00f3r umilali nam wodzireje z Krakowa: Maciej Filus i Tomasz \u015alusarczyk, kt\u00f3rzy zadbali o w\u0142oskie klimaty m.in taniec, muzyk\u0119, a nawet nauk\u0119 j\u0119zyka \ud83d\ude42 Z racji jubileuszu nie zabrak\u0142o r\u00f3wnie\u017c tortu. W trakcie prezentacji, kt\u00f3ra w tym roku mia\u0142a form\u0119 quizu mieli\u015bmy mo\u017cliwo\u015b\u0107 sprawdzi\u0107 swoj\u0105 wiedz\u0119 na temat Joanny, a tak\u017ce przypomnie\u0107 sobie wa\u017cne wydarzenia z Jej \u017cycia. Czekoladowy walczyk porwa\u0142 wszystkich do ta\u0144ca, a po nim losowo wybrani zostali Kr\u00f3l i Kr\u00f3lowa Balu. Dzi\u0119kujemy wszystkim zebranym za u\u015bwietnienie uroczysto\u015bci\u0105 swoj\u0105 obecno\u015bci\u0105.<\/p>\n<div id='gallery-1' class='gallery galleryid-114 gallery-columns-1 gallery-size-full'><figure class='gallery-item'>\n\t\t\t<div class='gallery-icon landscape'>\n\t\t\t\t<a title=\"Bal_2019\" href='http:\/\/serenita.pl\/wp-content\/uploads\/2019\/03\/Bal_2019.jpg'><img width=\"960\" height=\"539\" src=\"http:\/\/serenita.pl\/wp-content\/uploads\/2019\/03\/Bal_2019.jpg\" class=\"attachment-full size-full\" alt=\"\" loading=\"lazy\" srcset=\"http:\/\/serenita.pl\/wp-content\/uploads\/2019\/03\/Bal_2019.jpg 960w, http:\/\/serenita.pl\/wp-content\/uploads\/2019\/03\/Bal_2019-400x225.jpg 400w, http:\/\/serenita.pl\/wp-content\/uploads\/2019\/03\/Bal_2019-768x431.jpg 768w, http:\/\/serenita.pl\/wp-content\/uploads\/2019\/03\/Bal_2019-481x270.jpg 481w\" sizes=\"(max-width: 960px) 100vw, 960px\" \/><\/a>\n\t\t\t<\/div><\/figure>\n\t\t<\/div>\n\n<hr \/>\n<h2 style=\"text-align: center\"><span style=\"color: #0000ff\" data-offset-key=\"cd4f7-0-0\">Zapraszamy na &#8222;Bal ze \u015awi\u0119t\u0105 Joann\u0105&#8221;<\/span><\/h2>\n<p><span data-offset-key=\"cd4f7-0-0\"> 16 lutego 2019 roku. Szczeg\u00f3\u0142y na plakacie: <\/span><\/p>\n<div id='gallery-2' class='gallery galleryid-114 gallery-columns-1 gallery-size-full'><figure class='gallery-item'>\n\t\t\t<div class='gallery-icon landscape'>\n\t\t\t\t<a title=\"001\" href='http:\/\/serenita.pl\/wp-content\/uploads\/2019\/01\/001.jpg'><img width=\"1972\" height=\"1480\" src=\"http:\/\/serenita.pl\/wp-content\/uploads\/2019\/01\/001.jpg\" class=\"attachment-full size-full\" alt=\"\" loading=\"lazy\" srcset=\"http:\/\/serenita.pl\/wp-content\/uploads\/2019\/01\/001.jpg 1972w, http:\/\/serenita.pl\/wp-content\/uploads\/2019\/01\/001-400x300.jpg 400w, http:\/\/serenita.pl\/wp-content\/uploads\/2019\/01\/001-768x576.jpg 768w, http:\/\/serenita.pl\/wp-content\/uploads\/2019\/01\/001-1024x769.jpg 1024w, http:\/\/serenita.pl\/wp-content\/uploads\/2019\/01\/001-360x270.jpg 360w\" sizes=\"(max-width: 1972px) 100vw, 1972px\" \/><\/a>\n\t\t\t<\/div><\/figure>\n\t\t<\/div>\n\n<p style=\"text-align: center\"><strong>Mi\u0119dzynarodowa Konferencja Naukowa &#8211; \u015aw. Joanna Beretta Molla<\/strong><br \/><strong>Komunikacja i Oddzia\u0142ywanie Spo\u0142eczne. Zapraszamy!<\/strong><\/p>\n<div id='gallery-3' class='gallery galleryid-114 gallery-columns-1 gallery-size-full'><figure class='gallery-item'>\n\t\t\t<div class='gallery-icon landscape'>\n\t\t\t\t<a title=\"zaproszenie_beretta5_ok-1\" href='http:\/\/serenita.pl\/wp-content\/uploads\/2018\/11\/zaproszenie_beretta5_ok-1.jpg'><img width=\"3508\" height=\"2480\" src=\"http:\/\/serenita.pl\/wp-content\/uploads\/2018\/11\/zaproszenie_beretta5_ok-1.jpg\" class=\"attachment-full size-full\" alt=\"\" loading=\"lazy\" srcset=\"http:\/\/serenita.pl\/wp-content\/uploads\/2018\/11\/zaproszenie_beretta5_ok-1.jpg 3508w, http:\/\/serenita.pl\/wp-content\/uploads\/2018\/11\/zaproszenie_beretta5_ok-1-400x283.jpg 400w, http:\/\/serenita.pl\/wp-content\/uploads\/2018\/11\/zaproszenie_beretta5_ok-1-768x543.jpg 768w, http:\/\/serenita.pl\/wp-content\/uploads\/2018\/11\/zaproszenie_beretta5_ok-1-1024x724.jpg 1024w, http:\/\/serenita.pl\/wp-content\/uploads\/2018\/11\/zaproszenie_beretta5_ok-1-382x270.jpg 382w\" sizes=\"(max-width: 3508px) 100vw, 3508px\" \/><\/a>\n\t\t\t<\/div><\/figure>\n\t\t<\/div>\n\n<div id='gallery-4' class='gallery galleryid-114 gallery-columns-3 gallery-size-full'><figure class='gallery-item'>\n\t\t\t<div class='gallery-icon landscape'>\n\t\t\t\t<a title=\"zaproszenie_beretta5_ok-2\" href='http:\/\/serenita.pl\/wp-content\/uploads\/2018\/11\/zaproszenie_beretta5_ok-2.jpg'><img width=\"3508\" height=\"2480\" src=\"http:\/\/serenita.pl\/wp-content\/uploads\/2018\/11\/zaproszenie_beretta5_ok-2.jpg\" class=\"attachment-full size-full\" alt=\"\" loading=\"lazy\" srcset=\"http:\/\/serenita.pl\/wp-content\/uploads\/2018\/11\/zaproszenie_beretta5_ok-2.jpg 3508w, http:\/\/serenita.pl\/wp-content\/uploads\/2018\/11\/zaproszenie_beretta5_ok-2-400x283.jpg 400w, http:\/\/serenita.pl\/wp-content\/uploads\/2018\/11\/zaproszenie_beretta5_ok-2-768x543.jpg 768w, http:\/\/serenita.pl\/wp-content\/uploads\/2018\/11\/zaproszenie_beretta5_ok-2-1024x724.jpg 1024w, http:\/\/serenita.pl\/wp-content\/uploads\/2018\/11\/zaproszenie_beretta5_ok-2-382x270.jpg 382w\" sizes=\"(max-width: 3508px) 100vw, 3508px\" \/><\/a>\n\t\t\t<\/div><\/figure><figure class='gallery-item'>\n\t\t\t<div class='gallery-icon landscape'>\n\t\t\t\t<a title=\"zaproszenie_beretta5_ok-3\" href='http:\/\/serenita.pl\/wp-content\/uploads\/2018\/11\/zaproszenie_beretta5_ok-3.jpg'><img width=\"3142\" height=\"2480\" src=\"http:\/\/serenita.pl\/wp-content\/uploads\/2018\/11\/zaproszenie_beretta5_ok-3.jpg\" class=\"attachment-full size-full\" alt=\"\" loading=\"lazy\" srcset=\"http:\/\/serenita.pl\/wp-content\/uploads\/2018\/11\/zaproszenie_beretta5_ok-3.jpg 3142w, http:\/\/serenita.pl\/wp-content\/uploads\/2018\/11\/zaproszenie_beretta5_ok-3-400x316.jpg 400w, http:\/\/serenita.pl\/wp-content\/uploads\/2018\/11\/zaproszenie_beretta5_ok-3-768x606.jpg 768w, http:\/\/serenita.pl\/wp-content\/uploads\/2018\/11\/zaproszenie_beretta5_ok-3-1024x808.jpg 1024w, http:\/\/serenita.pl\/wp-content\/uploads\/2018\/11\/zaproszenie_beretta5_ok-3-342x270.jpg 342w\" sizes=\"(max-width: 3142px) 100vw, 3142px\" \/><\/a>\n\t\t\t<\/div><\/figure><figure class='gallery-item'>\n\t\t\t<div class='gallery-icon landscape'>\n\t\t\t\t<a title=\"zaproszenie_beretta5_ok-4\" href='http:\/\/serenita.pl\/wp-content\/uploads\/2018\/11\/zaproszenie_beretta5_ok-4.jpg'><img width=\"3183\" height=\"2480\" src=\"http:\/\/serenita.pl\/wp-content\/uploads\/2018\/11\/zaproszenie_beretta5_ok-4.jpg\" class=\"attachment-full size-full\" alt=\"\" loading=\"lazy\" srcset=\"http:\/\/serenita.pl\/wp-content\/uploads\/2018\/11\/zaproszenie_beretta5_ok-4.jpg 3183w, http:\/\/serenita.pl\/wp-content\/uploads\/2018\/11\/zaproszenie_beretta5_ok-4-400x312.jpg 400w, http:\/\/serenita.pl\/wp-content\/uploads\/2018\/11\/zaproszenie_beretta5_ok-4-768x598.jpg 768w, http:\/\/serenita.pl\/wp-content\/uploads\/2018\/11\/zaproszenie_beretta5_ok-4-1024x798.jpg 1024w, http:\/\/serenita.pl\/wp-content\/uploads\/2018\/11\/zaproszenie_beretta5_ok-4-347x270.jpg 347w\" sizes=\"(max-width: 3183px) 100vw, 3183px\" \/><\/a>\n\t\t\t<\/div><\/figure>\n\t\t<\/div>\n\n<div id=\"js_25\" class=\"_5pbx userContent _3576\">\n<p style=\"text-align: center\">Przywitanie<br \/>9.00 \u2013 9.10<br \/>ks. dr hab. Robert N\u0119cek<br \/>kierownik Katedry Edukacji Medialnej UPJPII<br \/>S\u0142owo wst\u0119pne<br \/>9.10 \u2013 9.20<br \/>ks. prof. dr hab. Wojciech Zyzak<br \/>Rektor Uniwersytetu Papieskiego Jana Paw\u0142a II<br \/>Ks. prof. nadzw. dr hab. Micha\u0142 Dro\u017cd\u017c<br \/>Dziekan Wydzia\u0142u Nauk Spo\u0142ecznych<br \/>Uniwersytetu Papieskiego Jana Paw\u0142a II w Krakowie<\/p>\n<p style=\"text-align: center\">Sesja 1<br \/>Prowadz\u0105cy i moderator dyskusji<br \/>Ks. dr hab. Robert N\u0119cek<br \/>Kierownik Katedry Edukacji Medialnej UPJPII<br \/>Abp dr Salvatore Pennacchio<br \/>Nuncjusz apostolski w Polsce<br \/>\u015awiadectwo \u015bw. Joanny Beretty Molli<br \/>9.20 \u2013 9.35<br \/>Abp prof. dr hab. Marek J\u0119draszewski<br \/>Metropolita Krakowski<br \/>Chrze\u015bcija\u0144ska koncepcja ma\u0142\u017ce\u0144stwa na przyk\u0142adzie ma\u0142\u017ce\u0144stwa<br \/>\u015bw. Joanny i Piotra Moll\u00f3w<br \/>9.35 \u2013 9.50<br \/>Ks. dr Krzysztof Bia\u0142ow\u0105s<br \/>Postulator Rzymski, Kongregacja ds. \u015awi\u0119tych, Watykan<br \/>\u015aw. Joanna Beretta Molla \u2013 \u017cycie za \u017cycie droga na o\u0142tarzenadzw. dr hab. S\u0142awomir Bukalski<br \/>Kierownik Katedry Nauk o Rodzinie, Uniwersytet Szczeci\u0144ski<br \/>Mi\u0142o\u015b\u0107 ma\u0142\u017ce\u0144ska w \u017cyciu \u015bw. Joanny Beretty Molli.<br \/>Analiza psychologiczno-teologiczna<br \/>10.05 \u2013 10.20<br \/>Dr Agnieszka Guzik<br \/>Katedra Polonistycznej Edukacji Nauczycielskiej<br \/>Wydzia\u0142 Polonistyki, Uniwersytet Jagiello\u0144ski<br \/>\u017bycie to spotkanie. Posta\u0107 \u015bw. Joanny Beretty Molli w \u015bwietle<br \/>pedagogiki personalistycznej<br \/>10.20 \u2013 10.35<br \/>Dr Katarzyna Dr\u0105g, Dr Klaudia Cymanow-Sosin<br \/>Dyrektor Instytutu Dziennikarstwa i Komunikacji Spo\u0142ecznej<br \/>Vice Dyrektor tego\u017c Instytutu<br \/>Obecno\u015b\u0107 i \u015bwiadectwo \u017cycia Joanny B. Molli \u2013 analiza zawarto\u015bci przekaz\u00f3w prasowych na wybranychprzyk\u0142adach<br \/>10.35 \u2013 10.50<br \/>Mgr Joanna Sobczyk-Paj\u0105k<br \/>W\u0142a\u015bcicielka Pracownia Arsarti, Artystka i Fotograf<br \/>Wizerunek wsp\u00f3\u0142czesnego \u015bwi\u0119tego w malarstwie<br \/>form\u0105 komunikacji ze \u015bwiatem<br \/>Coffee time<\/p>\n<p style=\"text-align: center\">Sesja 2<br \/>Prowadz\u0105cy i moderator dyskusji<br \/>Mgr Red. Magdalena Drohomirecka<br \/>Asystent w Katedrze Edukacji Medialnej UPJPII<br \/>11.30 \u2013 11.45<br \/>Ks. dr hab. Robert N\u0119cek<br \/>Kierownik Katedry Edukacji Medialnej<br \/>Uniwersytet Papieski Jana Paw\u0142a II<br \/>Rola empatii w komunikacji ma\u0142\u017ce\u0144skiej na przyk\u0142adzie<br \/>\u015bw. Joanny i Piotra Moll\u00f3w<br \/>11.45 \u2013 12.00<br \/>Dr hab. Dariusz Wadowski<br \/>Katedra Medialnej Komunikacji Spo\u0142ecznej<br \/>Katolicki Uniwersytet Lubelski Jana Paw\u0142a II<br \/>Aksjologiczne aspekty komunikacji medialnej w \u015bwietle przes\u0142ania<br \/>\u015bw. Joanny Beretty Molli<br \/>12.00 \u2013 12.15<br \/>Ks. prof. dr hab. Wojciech Misztal<br \/>Kierownik Katedry Duchowo\u015bci Medi\u00f3w i Relacji Spo\u0142ecznych<br \/>Uniwersytet Papieski Jana Paw\u0142a II<br \/>Przekona\u0107 dzisiaj do wierno\u015bci: casus informacji internetowych<br \/>o \u015bw. Joannie Beretta Molla<br \/>12.15 \u2013 12.30<br \/>Ks. dr Marian Gavenda<br \/>rzecznik prasowy Konferencji Episkopatu S\u0142owacji<br \/>Medium jako komunikacja w prawdziwej wzajemnej relacji.<br \/>Analiza korespondencji listownej mi\u0119dzy Joann\u0105 Berett\u0105 a Piotrem Moll\u0105<br \/>12.30 \u2013 12.45<br \/>Red. Mgr Olimpia G\u00f3rska<br \/>TVP Krak\u00f3w<br \/>Media pro life, media pro choice, a droga i wyb\u00f3r Joanny Beretty Molli<br \/>12.45 \u2013 13.00<br \/>Prof. dr hab. Pavol Dancak<br \/>Kierownik Katedry Filozofii i Religioznawstwa<br \/>Uniwersytet w Preszowie<br \/>Edukacja i kultura \u017cycia w kontek\u015bcie wsp\u00f3\u0142czesnych przemian spo\u0142ecznych<br \/>13.00 \u2013 13.15<br \/>Ks. dr Piotr G\u0105sior<br \/>t\u0142umacz ksi\u0105\u017cek<br \/>Proboszcz parafii Wniebowzi\u0119cia NMP w Zag\u00f3rzu<br \/>\u015aw. Joanna Beretta Molla zachwyca w \u015bwietle<br \/>Mulieris dignitatem Jana Paw\u0142a II<\/p>\n<\/div>\n<hr \/>\n<h3>Dzie\u0144 Skupienia ze \u015awi\u0119t\u0105 Joann\u0105<\/h3>\n<p align=\"justify\"><span style=\"font-family: Times New Roman, serif\"><span style=\"font-size: large\">Dnia 1 grudnia 2018 roku, w ostatni\u0105 sobot\u0119 przed rozpoczynaj\u0105cym si\u0119 Adwentem, mieli\u015bmy okazj\u0119 uczestniczy\u0107 w Dniu Skupienia ze \u015awi\u0119ta Joann\u0105 w parafii <\/span><\/span><span style=\"font-family: Times New Roman, serif\"><span style=\"font-size: large\">pw. Wniebowzi\u0119cia NMP\u00a0w Zag\u00f3rzu k\/Chrzanowa.<\/span><\/span><\/p>\n<p class=\"western\" align=\"justify\"><span style=\"font-size: large\">Spotkanie rozpocz\u0119\u0142a konferencja ks. dra Piotra G\u0105siora zatytu\u0142owana<\/span><span style=\"font-size: large\"> \u201e<\/span><span style=\"font-size: large\">\u0179r\u00f3d\u0142a atrakcyjno\u015bci \u015awi\u0119tej Joanny\u201d. Dzi\u0119ki prowadzeniu ksi\u0119dza Piotra mogli\u015bmy w nowym \u015bwietle zobaczy\u0107 znane nam ju\u017c wydarzenia z \u017cycia naszej Patronki, dlatego \u017cywo dzielili\u015bmy si\u0119 refleksj\u0105 w dw\u00f3ch grupach warsztatowych, w kt\u00f3rych mieli\u015bmy okazj\u0119 pracowa\u0107 po konferencji. <\/span><\/p>\n<p class=\"western\" align=\"justify\"><span style=\"font-size: large\">Po spotkaniach w grupach by\u0142 czas na indywidualne rozmowy i wsp\u00f3lny posi\u0142ek.<\/span><\/p>\n<p class=\"western\" align=\"justify\"><span style=\"font-size: large\">W czasie dnia skupienia zosta\u0142a tak\u017ce przyj\u0119ta do Stowarzyszenia Katarzyna Mr\u00f3z z Krakowa.<\/span><\/p>\n<p align=\"justify\"><span style=\"font-family: Times New Roman, serif\"><span style=\"font-size: large\">Nasze spotkanie zako\u0144czy\u0142o si\u0119 przy stole Eucharystycznym, kt\u00f3ry powinien by\u0107 centrum \u017cycia duchowego ka\u017cdego chrze\u015bcijanina.<\/span><\/span><\/p>\n<div id='gallery-5' class='gallery galleryid-114 gallery-columns-3 gallery-size-full'><figure class='gallery-item'>\n\t\t\t<div class='gallery-icon landscape'>\n\t\t\t\t<a title=\"IMG_1925\" href='http:\/\/serenita.pl\/wp-content\/uploads\/2018\/12\/IMG_1925.jpg'><img width=\"6000\" height=\"4000\" src=\"http:\/\/serenita.pl\/wp-content\/uploads\/2018\/12\/IMG_1925.jpg\" class=\"attachment-full size-full\" alt=\"\" loading=\"lazy\" srcset=\"http:\/\/serenita.pl\/wp-content\/uploads\/2018\/12\/IMG_1925.jpg 6000w, http:\/\/serenita.pl\/wp-content\/uploads\/2018\/12\/IMG_1925-400x267.jpg 400w, http:\/\/serenita.pl\/wp-content\/uploads\/2018\/12\/IMG_1925-768x512.jpg 768w, http:\/\/serenita.pl\/wp-content\/uploads\/2018\/12\/IMG_1925-1024x683.jpg 1024w, http:\/\/serenita.pl\/wp-content\/uploads\/2018\/12\/IMG_1925-405x270.jpg 405w\" sizes=\"(max-width: 6000px) 100vw, 6000px\" \/><\/a>\n\t\t\t<\/div><\/figure><figure class='gallery-item'>\n\t\t\t<div class='gallery-icon landscape'>\n\t\t\t\t<a title=\"IMG_1917\" href='http:\/\/serenita.pl\/wp-content\/uploads\/2018\/12\/IMG_1917.jpg'><img width=\"6000\" height=\"4000\" src=\"http:\/\/serenita.pl\/wp-content\/uploads\/2018\/12\/IMG_1917.jpg\" class=\"attachment-full size-full\" alt=\"\" loading=\"lazy\" srcset=\"http:\/\/serenita.pl\/wp-content\/uploads\/2018\/12\/IMG_1917.jpg 6000w, http:\/\/serenita.pl\/wp-content\/uploads\/2018\/12\/IMG_1917-400x267.jpg 400w, http:\/\/serenita.pl\/wp-content\/uploads\/2018\/12\/IMG_1917-768x512.jpg 768w, http:\/\/serenita.pl\/wp-content\/uploads\/2018\/12\/IMG_1917-1024x683.jpg 1024w, http:\/\/serenita.pl\/wp-content\/uploads\/2018\/12\/IMG_1917-405x270.jpg 405w\" sizes=\"(max-width: 6000px) 100vw, 6000px\" \/><\/a>\n\t\t\t<\/div><\/figure><figure class='gallery-item'>\n\t\t\t<div class='gallery-icon landscape'>\n\t\t\t\t<a title=\"IMG_1924\" href='http:\/\/serenita.pl\/wp-content\/uploads\/2018\/12\/IMG_1924.jpg'><img width=\"6000\" height=\"4000\" src=\"http:\/\/serenita.pl\/wp-content\/uploads\/2018\/12\/IMG_1924.jpg\" class=\"attachment-full size-full\" alt=\"\" loading=\"lazy\" srcset=\"http:\/\/serenita.pl\/wp-content\/uploads\/2018\/12\/IMG_1924.jpg 6000w, http:\/\/serenita.pl\/wp-content\/uploads\/2018\/12\/IMG_1924-400x267.jpg 400w, http:\/\/serenita.pl\/wp-content\/uploads\/2018\/12\/IMG_1924-768x512.jpg 768w, http:\/\/serenita.pl\/wp-content\/uploads\/2018\/12\/IMG_1924-1024x683.jpg 1024w, http:\/\/serenita.pl\/wp-content\/uploads\/2018\/12\/IMG_1924-405x270.jpg 405w\" sizes=\"(max-width: 6000px) 100vw, 6000px\" \/><\/a>\n\t\t\t<\/div><\/figure><figure class='gallery-item'>\n\t\t\t<div class='gallery-icon landscape'>\n\t\t\t\t<a title=\"IMG_1927\" href='http:\/\/serenita.pl\/wp-content\/uploads\/2018\/12\/IMG_1927.jpg'><img width=\"6000\" height=\"4000\" src=\"http:\/\/serenita.pl\/wp-content\/uploads\/2018\/12\/IMG_1927.jpg\" class=\"attachment-full size-full\" alt=\"\" loading=\"lazy\" srcset=\"http:\/\/serenita.pl\/wp-content\/uploads\/2018\/12\/IMG_1927.jpg 6000w, http:\/\/serenita.pl\/wp-content\/uploads\/2018\/12\/IMG_1927-400x267.jpg 400w, http:\/\/serenita.pl\/wp-content\/uploads\/2018\/12\/IMG_1927-768x512.jpg 768w, http:\/\/serenita.pl\/wp-content\/uploads\/2018\/12\/IMG_1927-1024x683.jpg 1024w, http:\/\/serenita.pl\/wp-content\/uploads\/2018\/12\/IMG_1927-405x270.jpg 405w\" sizes=\"(max-width: 6000px) 100vw, 6000px\" \/><\/a>\n\t\t\t<\/div><\/figure><figure class='gallery-item'>\n\t\t\t<div class='gallery-icon landscape'>\n\t\t\t\t<a title=\"IMG_1931\" href='http:\/\/serenita.pl\/wp-content\/uploads\/2018\/12\/IMG_1931.jpg'><img width=\"6000\" height=\"4000\" src=\"http:\/\/serenita.pl\/wp-content\/uploads\/2018\/12\/IMG_1931.jpg\" class=\"attachment-full size-full\" alt=\"\" loading=\"lazy\" srcset=\"http:\/\/serenita.pl\/wp-content\/uploads\/2018\/12\/IMG_1931.jpg 6000w, http:\/\/serenita.pl\/wp-content\/uploads\/2018\/12\/IMG_1931-400x267.jpg 400w, http:\/\/serenita.pl\/wp-content\/uploads\/2018\/12\/IMG_1931-768x512.jpg 768w, http:\/\/serenita.pl\/wp-content\/uploads\/2018\/12\/IMG_1931-1024x683.jpg 1024w, http:\/\/serenita.pl\/wp-content\/uploads\/2018\/12\/IMG_1931-405x270.jpg 405w\" sizes=\"(max-width: 6000px) 100vw, 6000px\" \/><\/a>\n\t\t\t<\/div><\/figure><figure class='gallery-item'>\n\t\t\t<div class='gallery-icon landscape'>\n\t\t\t\t<a title=\"IMG_1930\" href='http:\/\/serenita.pl\/wp-content\/uploads\/2018\/12\/IMG_1930.jpg'><img width=\"6000\" height=\"4000\" src=\"http:\/\/serenita.pl\/wp-content\/uploads\/2018\/12\/IMG_1930.jpg\" class=\"attachment-full size-full\" alt=\"\" loading=\"lazy\" srcset=\"http:\/\/serenita.pl\/wp-content\/uploads\/2018\/12\/IMG_1930.jpg 6000w, http:\/\/serenita.pl\/wp-content\/uploads\/2018\/12\/IMG_1930-400x267.jpg 400w, http:\/\/serenita.pl\/wp-content\/uploads\/2018\/12\/IMG_1930-768x512.jpg 768w, http:\/\/serenita.pl\/wp-content\/uploads\/2018\/12\/IMG_1930-1024x683.jpg 1024w, http:\/\/serenita.pl\/wp-content\/uploads\/2018\/12\/IMG_1930-405x270.jpg 405w\" sizes=\"(max-width: 6000px) 100vw, 6000px\" \/><\/a>\n\t\t\t<\/div><\/figure>\n\t\t<\/div>\n\n<hr \/>\n<h2 align=\"center\"><span style=\"color: #1f497d\">\u201e\u0179r\u00f3d\u0142a atrakcyjno\u015bci \u015awi\u0119tej Joanny<span style=\"font-size: x-large\"><i>\u201d<\/i><\/span><\/span><\/h2>\n<p align=\"center\"><span style=\"color: #0f243e\"><span style=\"font-size: large\">Zapraszamy na otwarty\u00a0<\/span><\/span><span style=\"color: #ff0000\"><span style=\"font-size: large\">Dzie\u0144 Skupienia ze \u015awi\u0119t\u0105 Joann\u0105<\/span><\/span><span style=\"font-size: large\"><br \/><\/span><span style=\"color: #0f243e\"><span style=\"font-size: large\">dnia 1 grudnia 2018 roku\u00a0<\/span><\/span><span style=\"color: #0f243e\"><span style=\"font-family: Calibri, serif\"><span style=\"font-size: large\">(w godz. od 13.00 do 18.00)<br \/><\/span><\/span><\/span><span style=\"color: #0f243e\"><span style=\"font-size: large\">do Parafii pw. Wniebowzi\u0119cia NMP w Zag\u00f3rzu k\/Chrzanowa.<\/span><\/span><\/p>\n<p align=\"center\"><span style=\"color: #0f243e\"><span style=\"font-size: large\">Konferencje wyg\u0142osi ks. dr Piotr G\u0105sior. <\/span><\/span><\/p>\n<p align=\"center\"><span style=\"color: #0f243e\"><span style=\"font-size: large\">W programie: prace w grupach, adoracja, modlitwa indywidualna, Msza \u015awi\u0119ta oraz posi\u0142ek.<\/span><\/span><\/p>\n<p align=\"center\"><span style=\"color: #0f243e\"><span style=\"font-size: large\">Wszystkich zainteresowanych prosimy o zg\u0142oszenie uczestnictwa pod numerem tel. 509\u00a0987\u00a0917<\/span><\/span><\/p>\n<p align=\"center\"><span style=\"color: #0f243e\"><span style=\"font-size: large\"><b>ZAPRASZAMY!!!<\/b><\/span><\/span><\/p>\n<hr \/>\n<h3 class=\"western\">Pierwszy w Polsce szlak \u015bw. Joanny Beretty Molli<\/h3>\n<p class=\"western\"><b>W polskich g\u00f3rach powstaje pierwszy szlak \u015bw. Joanny Beretty Molli. Punktami, kt\u00f3re b\u0119d\u0105 go wyznacza\u0107 stan\u0105 si\u0119 kapliczki dedykowane \u015bw. Joannie. Dot\u0105d powsta\u0142y i zosta\u0142y po\u015bwi\u0119cone trzy z nich. Ostatnia, u podn\u00f3\u017ca Trzech Koron, w zesz\u0142\u0105 sobot\u0119. Dlaczego w naszym kraju pojawiaj\u0105 si\u0119 miejsca dedykowane \u015bwi\u0119tej W\u0142oszce, skoro ona sama nigdy w Polsce nie by\u0142a? Kto za tym stoi? Ludzie. <\/b><\/p>\n<p class=\"western\">Ludzie, kt\u00f3rzy z potrzeby serca, w imi\u0119 przyja\u017ani i przywi\u0105zania albo jako znak wdzi\u0119czno\u015bci pi\u0119\u0107 lat temu postanowili zjednoczy\u0107 si\u0119 i za\u0142o\u017cy\u0107 Stowarzyszenie Przyjaci\u00f3\u0142 \u015bw. Joanny Beretty Molli. Wsp\u00f3lnie podejmuj\u0105 wiele inicjatyw, a w\u015br\u00f3d nich jest w\u0142a\u015bnie tworzenie pierwszego w Polsce g\u00f3rskiego szlaku \u015bw. Joanny Beretty Molli.<\/p>\n<p class=\"western\">&#8211; Chcemy zachwyci\u0107 chodz\u0105cych po g\u00f3rach \u201einn\u0105\u201d turystyk\u0105. Dla \u015bw. Joanny naturalnym \u015brodowiskiem by\u0142y Alpy, gdzie uwielbia\u0142a wypoczywa\u0107. My w tym duchu tworzymy miejsca spotkania z Ni\u0105 w polskich g\u00f3rach, ca\u0142y czas pami\u0119taj\u0105c o Jej zachwycie, kt\u00f3ry niejednokrotnie wyra\u017ca\u0142a w listach do m\u0119\u017ca \u2013 m\u00f3wi ks. dr Piotr G\u0105sior, cz\u0142onek Stowarzyszenia. Kap\u0142an podkre\u015bla, \u017ce chodzi o stworzenie mo\u017cliwo\u015bci, aby gdzie\u015b na szlaku m\u00f3c \u201eprzypadkiem\u201d spotka\u0107 osob\u0119 podobnie my\u015bl\u0105c\u0105, ciekaw\u0105, maj\u0105c\u0105 pasj\u0119 zdobywania szczyt\u00f3w. I te kapliczki to s\u0105 w\u0142a\u015bnie takie nieprzewidziane spotkania. A wsp\u00f3lnych temat\u00f3w ze \u015bw. Joann\u0105 znajdzie si\u0119 du\u017co, wszak by\u0142a \u017con\u0105, matk\u0105, lekarzem i \u017cy\u0142a stosunkowo niedawno. Mo\u017cna porozmawia\u0107 z Ni\u0105 o \u017cyciu, pracy, dzieciach, o ma\u0142\u017ce\u0144stwie i dalekich wyjazdach m\u0119\u017ca, kt\u00f3rych do\u015bwiadcza\u0142a wielokrotnie.<\/p>\n<p class=\"western\">Trzeba wiedzie\u0107, \u017ce poniewa\u017c \u015bw. Joanna nigdy w Polsce nie by\u0142a, miejsca Jej dedykowane w naszych g\u00f3rach nie s\u0105 pami\u0105tk\u0105 Jej obecno\u015bci w danym miejscu. Joanna przyw\u0119drowa\u0142a do Polski du\u017co p\u00f3\u017aniej, ju\u017c jako \u015bwi\u0119ta, zadomowi\u0142a si\u0119 i tak\u017ce w naszym kraju wyprasza wiele \u0142ask dla czcz\u0105cych j\u0105 os\u00f3b. Kapliczki \u015bw. Joanny w naszych g\u00f3rach s\u0105 r\u00f3wnie\u017c, jak t\u0142umaczy ks. G\u0105sior, jednym z przyk\u0142ad\u00f3w nowoczesnego pojmowania tajemnicy \u015bwi\u0119tych obcowania.<\/p>\n<p class=\"western\">Stowarzyszenie Przyjaci\u00f3\u0142 \u015awi\u0119tej Joanny propaguje kult jej osoby w spos\u00f3b nowoczesny, a czasem zaskakuj\u0105cy: nie tylko \u201ena kolanach\u201d, ale poprzez wprowadzanie ludzi w rzeczywisto\u015bci, kt\u00f3rych Joanna tak\u017ce by\u0142a cz\u0119\u015bci\u0105. St\u0105d m.in. g\u00f3rskie kapliczki, bo \u015bwi\u0119ta g\u00f3ry kocha\u0142a i wielokrotnie do nich wraca\u0142a, by w\u0119drowa\u0107, wspina\u0107 si\u0119 czy po prostu poje\u017adzi\u0107 na nartach.<\/p>\n<p class=\"western\">Obecnie w Polsce znajduj\u0105 si\u0119 trzy kapliczki \u015bw. Joanny, kt\u00f3re w przysz\u0142o\u015bci stan\u0105 si\u0119 cz\u0119\u015bci\u0105 pierwszego polskiego szlaku \u015bw. Joanny Beretty Molli. Jedna stan\u0119\u0142a na G\u00f3rze Potaczkowej w Gorcach, druga pod szczytem Gorc, a trzecia u podn\u00f3\u017ca Trzech Koron.<\/p>\n<p class=\"western\">Kapliczka na G\u00f3rze Potaczkowej w swej pierwszej wersji przypominaj\u0105cej urokliw\u0105 latarni\u0119 <span style=\"color: #000000\">wykonana zosta\u0142a przez Piotra Sukiennika i<\/span> po\u015bwi\u0119cona we wrze\u015bniu 2014 roku. Przez kolejny rok cz\u0142onkowie Stowarzyszenia gromadzili \u015brodki finansowe na budow\u0119 w\u0142a\u015bciwej, kamiennej kapliczki na G\u00f3rze Potaczkowej. Dzi\u0119ki hojno\u015bci wielu os\u00f3b rok p\u00f3\u017aniej<span style=\"color: #000000\"> uda\u0142o si\u0119 po\u015bwi\u0119ci\u0107 w\u0142a\u015bciw\u0105 kapliczk\u0119 z kamienia, w centrum kt\u00f3rej znajduje si\u0119 odlew wizerunku \u015bw. Joanny wykonany przez artyst\u0119 rze\u017abiarza Andrzeja Szczepa\u0144ca z Tenczyna. W przedni\u0105 \u015bcian\u0119 wmurowany zosta\u0142 tak\u017ce kamie\u0144 z cytatem z jednego listu \u015bw. Joanny do m\u0119\u017ca: \u201e<\/span><span style=\"color: #000000\">Jak\u017ce si\u0119 nie radowa\u0107 i nie uwielbia\u0107 Boga, kiedy si\u0119 staje na g\u00f3rze pod b\u0142\u0119kitem nieba\u2026\u201d<\/span><span style=\"color: #000000\"> Kamienn\u0105 kapliczk\u0119 wzni\u00f3s\u0142 Jan Smaciarz. Pomagali mu Antoni i Krzysztof Smaciarzowie. Dzi\u015b obok postumentu znajduje si\u0119 kamienna skrzynka, w kt\u00f3rej znajdziemy informacje na temat historii powstania kapliczki. Obok ustawiono tak\u017ce dwa kamienne zydelki, gdzie mo\u017cna przysi\u0105\u015b\u0107 i odpocz\u0105\u0107 po trudach w\u0119dr\u00f3wki. Poniewa\u017c kapliczka stoi nieco na uboczu, sprzyja kontemplacji i spotkaniu ze \u015bwi\u0119t\u0105 w ciszy i otoczeniu pi\u0119knej przyrody. Do kapliczki doj\u015b\u0107 mo\u017cna z Podobina, wspinaj\u0105c si\u0119 pod widoczny z daleka krzy\u017c. Pod nim znajdziemy wskaz\u00f3wk\u0119, w kt\u00f3r\u0105 stron\u0119 kierowa\u0107 si\u0119, by dotrze\u0107 do \u015bw. Joanny.<\/span><\/p>\n<p class=\"western\"><span style=\"color: #000000\">Druga z kapliczek powsta\u0142a w Ochotnicy G\u00f3rnej przy \u017c\u00f3\u0142tym szlaku wiod\u0105cym na Gorc dzi\u0119ki ogromnej \u017cyczliwo\u015bci p. Jana Wo\u0142y\u0144skiego, opiekuj\u0105cego si\u0119 poblisk\u0105 Gorcza\u0144sk\u0105 Chat\u0105 oraz otwarto\u015bci p. Andrzeja Foksa, kt\u00f3ry udost\u0119pni\u0142 miejsce na ten cel. Jest dobrze widoczna zar\u00f3wno dla tych, kt\u00f3rzy zmierzaj\u0105 na szczyt, jak i tych, kt\u00f3rzy ju\u017c ze\u0144 schodz\u0105. Kapliczka jest drewniana z kolorowym wizerunkiem \u015bw. Joanny z dzieckiem. Pod zdj\u0119ciem znajduje si\u0119 konwalia wyci\u0119ta z nierdzewnej stali wykonana przez Mateusza Siedlarczyka. Kwiaty te by\u0142y ulubionymi \u015bw. Joanny. Warto doda\u0107, \u017ce na kapliczce znajdziemy tak\u017ce kod kreskowy QR, kt\u00f3ry po zeskanowaniu od razu przeniesie nas na stron\u0119 Stowarzyszenia Przyjaci\u00f3\u0142 \u015awi\u0119tej Joanny, gdzie przeczytamy wi\u0119cej szczeg\u00f3\u0142\u00f3w dotycz\u0105cych \u015bwi\u0119tej W\u0142oszki oraz dzia\u0142alno\u015bci Stowarzyszenia. U progu tegorocznych wakacji mia\u0142o miejsce uroczyste po\u015bwi\u0119cenie tej kapliczki. <\/span><\/p>\n<p class=\"western\"><span style=\"color: #000000\">Ostatni\u0105 ze wzniesionych dot\u0105d kapliczek jest ta usytuowana oko\u0142o 200 metr\u00f3w za schroniskiem \u201eTrzy Korony\u201d, na rozwidleniu szlak\u00f3w \u017c\u00f3\u0142tego i zielonego. Historia jej powstania zwi\u0105zana jest z \u201e\u0142a\u0144cuszkiem\u201d os\u00f3b, kt\u00f3re otworzy\u0142y si\u0119 na t\u0119 pi\u0119kn\u0105 inicjatyw\u0119 i postanowi\u0142y j\u0105 wesprze\u0107: wspomniany wcze\u015bniej Jan Wo\u0142y\u0144ski zapali\u0142 t\u0105 ide\u0105 Henryka Kozuba mieszka\u0144ca Sromowiec Ni\u017cnych. Ten z kolei porozmawia\u0142 z proboszczem ks. Markiem K\u0105dzielaw\u0105 i so\u0142tysem Adamem Grywalskim, kt\u00f3rzy pozytywnie odnie\u015bli si\u0119 do inicjatywy. So\u0142tys Grywalski przekona\u0142 cz\u0142onk\u00f3w wsp\u00f3lnoty gruntowej nie tylko do u\u017cyczenia pi\u0119knego miejsca z widokiem na Trzy Korony, ale tak\u017ce do wsp\u00f3\u0142uczestnictwa w kosztach zwi\u0105zanych z powstaniem tej kapliczki. Po\u015bwi\u0119cenie kapliczki, kt\u00f3re odby\u0142o si\u0119 20 pa\u017adziernika by\u0142o tak\u017ce okazj\u0105, by uroczy\u015bcie podzi\u0119kowa\u0107 wszystkim zaanga\u017cowanym w t\u0119 spraw\u0119 osobom.<\/span><\/p>\n<p class=\"western\"><span style=\"color: #000000\">Trzeba jednak podkre\u015bli\u0107, \u017ce g\u0142\u00f3wnym inicjatorem powstania kapliczek &#8211; zar\u00f3wno tej w Ochotnicy G\u00f3rnej jak i w Sromowcach Ni\u017cnych jest Piotr Sukiennik cz\u0142onek Stowarzyszenia. To on prowadzi\u0142 pierwsze rozmowy i zara\u017ca\u0142 t\u0105 ide\u0105 wymienione wcze\u015bniej osoby. On tak\u017ce jest nie tylko wykonawc\u0105 obu kapliczek, ale przede wszystkim ich pomys\u0142odawc\u0105 i projektantem.<\/span><\/p>\n<p class=\"western\"><span style=\"color: #000000\">&#8211; Pomys\u0142 na kapliczk\u0119 najpierw rodzi si\u0119 w mojej g\u0142owie, dopiero potem powstaje w naturze.<\/span><\/p>\n<p class=\"western\"><span style=\"color: #000000\">Piotr Sukiennik t\u0142umaczy tak\u017ce, dlaczego ostatnia z kapliczek ma dla niego szczeg\u00f3lne symboliczne znaczenie.<\/span><\/p>\n<p class=\"western\"><span style=\"color: #000000\">&#8211; Charakterystycznym jest, \u017ce znajduje si\u0119 ona na rozwidleniu szlak\u00f3w. \u015aw. Joanna w swym \u017cyciu dokonywa\u0142a nie\u0142atwych wybor\u00f3w szczeg\u00f3lnie je\u015bli chodzi o jej \u017cyciowe powo\u0142anie. To, \u017ce kapliczka stoi na rozwidleniu dr\u00f3g jest symboliczne, bo wed\u0142ug mnie \u015bw. Joanna jest wspania\u0142\u0105 patronk\u0105 tych, kt\u00f3rzy stoj\u0105 na rozdro\u017cu w swym \u017cyciu i nie wiedz\u0105, kt\u00f3r\u0105 drog\u0105 p\u00f3j\u015b\u0107. Jest patronk\u0105 rozeznania, przewodniczk\u0105 w dokonywaniu wybor\u00f3w zgodnie z Bo\u017c\u0105 wol\u0105 \u2013 m\u00f3wi.<\/span><\/p>\n<p class=\"western\"><span style=\"color: #000000\">&#8211; Kult \u015aw. Joanny, kt\u00f3ry propagujemy to zupe\u0142nie inne patrzenie na kontakt ze \u015bwi\u0119tymi. Nie jest on sformalizowany, naznaczony egocentrycznym pragmatyzmem: \u015bwi\u0119ty musi nam si\u0119 do czego\u015b przyda\u0107 wi\u0119c zwracamy si\u0119 do niego, bo b\u0119dziemy mieli z tego jaki\u015b po\u017cytek. Zupe\u0142nie nie tak. Budujemy ze \u015bwi\u0119tym relacj\u0119, poznajemy jego pasje, \u017cycie, odwiedzamy miejsca z nim zwi\u0105zane, po prostu rozmawiamy. Wierzymy, \u017ce z kolei on porozmawia o nas z Bogiem \u2013 podsumowuje ks. Piotr G\u0105sior.<\/span><\/p>\n<p class=\"western\"><span style=\"color: #000000\">Justyna Walicka<\/span><\/p>\n<hr \/>\n<h3>Po\u015bwi\u0119cenie (kolejnej, nowej) kapliczki<\/h3>\n<div id=\"js_ft\" class=\"_5pbx userContent _3576\">\n<p>Dzi\u0119kujemy &#8222;Podhale Region&#8221;, a szczeg\u00f3lnie Panu Tadeuszowi za zainteresowanie dla naszych (Stowarzyszenie Przyjaci\u00f3\u0142 \u015awi\u0119tej Joanny Beretty Molli) duchowych inicjatyw\u00a0<span class=\"_47e3 _5mfr\" title=\"Emotikon smile\"><img loading=\"lazy\" class=\"img\" role=\"presentation\" src=\"https:\/\/static.xx.fbcdn.net\/images\/emoji.php\/v9\/f4c\/1\/16\/1f642.png\" alt=\"\" width=\"16\" height=\"16\" \/><\/span><\/p>\n<\/div>\n<div class=\"_3x-2\">\n<div>\n<div class=\"mtm\">\n<div id=\"u_2t_h\" class=\"_6m2 _1zpr clearfix _dcs _4_w4 _6m4 _5cwb _23bq _2bf7 _64lx _3eqz _20pq _3eqw _2rk1\">\n<div class=\"clearfix _2r3x\">\n<div class=\"_42ef\">\n<div class=\"_3ekx _29_4\">\n<div class=\"_6m3 _--6\">\n<div class=\"_3n1k\">\n<div class=\"mbs _6m6 _2cnj _5s6c\"><a href=\"https:\/\/l.facebook.com\/l.php?u=http%3A%2F%2Fpodhaleregion.pl%2F%E2%80%A6%2F25349-poswiecenie-kapliczki-sw-jo%3Ffbclid%3DIwAR0BG3YHl_9Ee9K2aSqh5WucTUEBV-SpkI1payV_FfWyfoOyMdc7HZ3Nxf0&amp;h=AT1SpPl28vQIDc91WijGwSt86YoIy94RcTwjk80u4BgdPDfoZBhQcUznHKutdzCCaVphQ3nFzfU5nab9efXaplQmXyP3CYXHNTctIVI9uXdKqWrRuNdURtJC0vFL4VuXVwW8uPxRJRX7E4HKQcP78C-gUm7r_M0SYGEXwBLDcbunOGgB06OYgwYNxeWNAXKGBm2v2rGC2q0ZixPMgTTozXoCvcl8nio9tzo9ivSo0zlhY_lRRkPH-roUfRTykdyFoqq5HPxDt-hRH0LbejgTo_pfWUYZCFiLnVNPo9SiVtr84uQZQ9vmkP-1Z8VJUms7tvXAe_3LESFaTE8OQ5dKtRN2OUM5d82uka8qbPWRJd59HxtzD6v7xxn_oS5EIQLZK6Iz-Xc5LjXke8Syz4nKUAxsdsZaqEabrW1s2dvVORVDwVBtaVyOYfLdUKNTX_LOGS-R\" target=\"_blank\" rel=\"noopener nofollow noreferrer\">Podhale Region &#8211; Po\u015bwi\u0119cenie kapliczki \u015bw. Joanny Beretty Molli w Sromowcach Ni\u017cnych<\/a><\/div>\n<div class=\"_6m7 _3bt9\">\u00a0<\/div>\n<\/div>\n<\/div>\n<\/div>\n<\/div>\n<\/div>\n<\/div>\n<\/div>\n<\/div>\n<\/div>\n<hr \/>\n<h3>Zapraszamy w g\u00f3ry!!! Po\u015bwi\u0119cenie (kolejnej, nowej) kapliczki<\/h3>\n<p class=\"western\" lang=\"zxx\" align=\"justify\">Z rado\u015bci\u0105 zawiadamiamy i jednocze\u015bnie zapraszamy wszystkich Czcicieli \u015aw. Joanny, a tak\u017ce tych, kt\u00f3rzy jeszcze Joanny nie znaj\u0105, na po\u015bwi\u0119cenie kolejnej ju\u017c kapliczki dedykowanej \u015awi\u0119tej Joannie. Uroczysto\u015b\u0107 odb\u0119dzie si\u0119 o godzinie 15.00 w dniu 20 pa\u017adziernika 2018 roku w Sromowcach Ni\u017cnych, na rozwidleniu szlak\u00f3w \u017c\u00f3\u0142tego i zielonego, oko\u0142o 200 metr\u00f3w za schroniskiem &#8222;Trzy Korony&#8221;. Do mi\u0142ego zobaczenia&#8230; \ud83d\ude42<\/p>\n<hr \/>\n<h3>Spotkanie Cz\u0142onk\u00f3w i Sympatyk\u00f3w Stowarzyszenia<\/h3>\n<p class=\"western\" lang=\"zxx\" align=\"justify\">Kolejne zebranie walne za\u0142o\u017cycieli Stowarzyszenia ju\u017c za nami. Tradycyjnie rozpocz\u0119li\u015bmy wsp\u00f3ln\u0105 modlitw\u0105 na Mszy \u015awi\u0119tej, po kt\u00f3rej udali\u015bmy si\u0119 do sali przy plebani na drug\u0105 cz\u0119\u015b\u0107 spotkania. Kr\u00f3tka modlitwa \u2013 westchnienie do \u015aw. Joanny wprowadzi\u0142o nas w modlitewny i refleksyjny klimat zebrania, w czasie kt\u00f3rego zosta\u0142y om\u00f3wione zrealizowane cele, bie\u017c\u0105ce kwestie, a tak\u017ce inicjatywy na najbli\u017cszy czas. Przeprowadzone zosta\u0142y wybory Zarz\u0105du i Komisji Rewizyjnej Stowarzyszenia. Sk\u0142adamy serdeczne podzi\u0119kowania tym, kt\u00f3rzy udzielali si\u0119 dot\u0105d na rzecz Stowarzyszenia i tym, kt\u00f3rzy nadal to czyni\u0105 przyczyniaj\u0105c si\u0119 do szerzenia kultu \u015aw. Joanny. O zbli\u017caj\u0105cych si\u0119 inicjatywach i wydarzeniach ju\u017c niebawem&#8230; \ud83d\ude42<\/p>\n<div id='gallery-6' class='gallery galleryid-114 gallery-columns-1 gallery-size-full'><figure class='gallery-item'>\n\t\t\t<div class='gallery-icon landscape'>\n\t\t\t\t<a title=\"44106451_2634348489939344_3009782226268192768_n\" href='http:\/\/serenita.pl\/wp-content\/uploads\/2018\/10\/44106451_2634348489939344_3009782226268192768_n.jpg'><img width=\"960\" height=\"720\" src=\"http:\/\/serenita.pl\/wp-content\/uploads\/2018\/10\/44106451_2634348489939344_3009782226268192768_n.jpg\" class=\"attachment-full size-full\" alt=\"\" loading=\"lazy\" srcset=\"http:\/\/serenita.pl\/wp-content\/uploads\/2018\/10\/44106451_2634348489939344_3009782226268192768_n.jpg 960w, http:\/\/serenita.pl\/wp-content\/uploads\/2018\/10\/44106451_2634348489939344_3009782226268192768_n-400x300.jpg 400w, http:\/\/serenita.pl\/wp-content\/uploads\/2018\/10\/44106451_2634348489939344_3009782226268192768_n-768x576.jpg 768w, http:\/\/serenita.pl\/wp-content\/uploads\/2018\/10\/44106451_2634348489939344_3009782226268192768_n-360x270.jpg 360w\" sizes=\"(max-width: 960px) 100vw, 960px\" \/><\/a>\n\t\t\t<\/div><\/figure>\n\t\t<\/div>\n\n<hr \/>\n<h3><b>Po\u015bwi\u0119cenie pod Gorcem<\/b><\/h3>\n<p lang=\"zxx\" align=\"justify\">Sobotnie popo\u0142udnie 16 czerwca 2018 roku zgromadzi\u0142o nas licznie na \u017c\u00f3\u0142tym szlaku, opodal &#8222;Gorcza\u0144skiej Chaty&#8221; na uroczysto\u015bci po\u015bwi\u0119cenia drugiej g\u00f3rskiej kapliczki dedykowanej \u015awi\u0119tej Joannie. Zebranych powita\u0142a sekretarz Stowarzyszenia Monika Sarniak, dzi\u0119kuj\u0105c wszystkim za przybycie. Wyja\u015bni\u0142a kr\u00f3tko ide\u0119 budowy kapliczek w g\u00f3rach jako realizacj\u0119 jednego z cel\u00f3w statutowych Stowarzyszenia dotycz\u0105cego szerzenia kultu \u015aw. Joanny. Nast\u0119pnie mia\u0142o miejsce oficjalne podzi\u0119kowanie budowniczym kapliczki tj. ks. dr Piotrowi G\u0105siorowi oraz Piotrowi Sukiennikowi, za trud i po\u015bwi\u0119cenie, a tak\u017ce ofiarowanie cennego czasu na budow\u0119 i prace wyko\u0144czeniowe przy kapliczce. Wr\u0119czono podzi\u0119kowania i kwiaty, kt\u00f3re budowniczy od razu ofiarowali Joannie. Piotr Sukiennik w przem\u00f3wieniu zwr\u00f3ci\u0142 uwag\u0119 na fakt, \u017ce rado\u015b\u0107 z robienia czego\u015b dobrego zamienia trud w &#8222;lekko\u015b\u0107&#8221;, przez co ochoczo czyni si\u0119 dobro dla Joanny i tych, kt\u00f3rzy b\u0119d\u0105 spotyka\u0107 si\u0119 z Ni\u0105 w g\u00f3rach. Opowiedzia\u0142 kr\u00f3tko histori\u0119 powstania kapliczki i podzi\u0119kowa\u0142 wszystkim, kt\u00f3rzy si\u0119 do tego przyczynili, szczeg\u00f3lnie Janowi Wo\u0142y\u0144skiemu z Gorcza\u0144skiej Chaty i Andrzejowi Foks z \u017con\u0105 Mari\u0105, kt\u00f3rzy ofiarowali grunt pod kapliczk\u0119 oraz wszystkim ofiarodawcom znanym z nazwiska oraz wielu anonimowym. Ksi\u0105dz Piotr tak\u017ce podkre\u015bli\u0142 swoj\u0105 rado\u015b\u0107 z powodu powstania tej kapliczki, uchylaj\u0105c jednocze\u015bnie r\u0105bka tajemnicy, \u017ce znalezione zosta\u0142o pi\u0119kne miejsce na kolejn\u0105. Fakt ten ju\u017c napawa nas rado\u015bci\u0105 i zaciekawieniem&#8230;<\/p>\n<p lang=\"zxx\" align=\"justify\">Po kr\u00f3tkiej modlitwie, nast\u0105pi\u0142o po\u015bwi\u0119cenie kapliczki i od\u015bpiewanie pie\u015bni do \u015aw. Joanny. Nie zabrak\u0142o wsp\u00f3lnego, pami\u0105tkowego zdj\u0119cia. Dzi\u0119kujemy wszystkim za przybycie: cz\u0142onkom Stowarzyszenia, Rodzinom z Domowego Ko\u015bcio\u0142a wraz z ks. Bogdanem Sarniakiem, miejscowym, a tak\u017ce wypoczywaj\u0105cym w Gorcza\u0144skiej Chacie turystom. Jankowi za niespodziank\u0119 w postaci zaproszenia do Gorcza\u0144skiej Chaty na herbat\u0119 i kaw\u0119 z ciastem, wszystkim za mile sp\u0119dzone chwile przy ognisku z gitar\u0105. Niech Joanna wyprasza dla ka\u017cdego potrzebne \u0142aski.<\/p>\n<div id='gallery-7' class='gallery galleryid-114 gallery-columns-3 gallery-size-full'><figure class='gallery-item'>\n\t\t\t<div class='gallery-icon portrait'>\n\t\t\t\t<a title=\"1\" href='http:\/\/serenita.pl\/wp-content\/uploads\/2018\/06\/1.jpg'><img width=\"537\" height=\"960\" src=\"http:\/\/serenita.pl\/wp-content\/uploads\/2018\/06\/1.jpg\" class=\"attachment-full size-full\" alt=\"\" loading=\"lazy\" srcset=\"http:\/\/serenita.pl\/wp-content\/uploads\/2018\/06\/1.jpg 537w, http:\/\/serenita.pl\/wp-content\/uploads\/2018\/06\/1-224x400.jpg 224w, http:\/\/serenita.pl\/wp-content\/uploads\/2018\/06\/1-151x270.jpg 151w\" sizes=\"(max-width: 537px) 100vw, 537px\" \/><\/a>\n\t\t\t<\/div><\/figure><figure class='gallery-item'>\n\t\t\t<div class='gallery-icon landscape'>\n\t\t\t\t<a title=\"3\" href='http:\/\/serenita.pl\/wp-content\/uploads\/2018\/06\/3.jpg'><img width=\"960\" height=\"720\" src=\"http:\/\/serenita.pl\/wp-content\/uploads\/2018\/06\/3.jpg\" class=\"attachment-full size-full\" alt=\"\" loading=\"lazy\" srcset=\"http:\/\/serenita.pl\/wp-content\/uploads\/2018\/06\/3.jpg 960w, http:\/\/serenita.pl\/wp-content\/uploads\/2018\/06\/3-400x300.jpg 400w, http:\/\/serenita.pl\/wp-content\/uploads\/2018\/06\/3-768x576.jpg 768w, http:\/\/serenita.pl\/wp-content\/uploads\/2018\/06\/3-360x270.jpg 360w\" sizes=\"(max-width: 960px) 100vw, 960px\" \/><\/a>\n\t\t\t<\/div><\/figure><figure class='gallery-item'>\n\t\t\t<div class='gallery-icon portrait'>\n\t\t\t\t<a title=\"5\" href='http:\/\/serenita.pl\/wp-content\/uploads\/2018\/06\/5.jpg'><img width=\"537\" height=\"960\" src=\"http:\/\/serenita.pl\/wp-content\/uploads\/2018\/06\/5.jpg\" class=\"attachment-full size-full\" alt=\"\" loading=\"lazy\" srcset=\"http:\/\/serenita.pl\/wp-content\/uploads\/2018\/06\/5.jpg 537w, http:\/\/serenita.pl\/wp-content\/uploads\/2018\/06\/5-224x400.jpg 224w, http:\/\/serenita.pl\/wp-content\/uploads\/2018\/06\/5-151x270.jpg 151w\" sizes=\"(max-width: 537px) 100vw, 537px\" \/><\/a>\n\t\t\t<\/div><\/figure><figure class='gallery-item'>\n\t\t\t<div class='gallery-icon portrait'>\n\t\t\t\t<a title=\"4\" href='http:\/\/serenita.pl\/wp-content\/uploads\/2018\/06\/4.jpg'><img width=\"537\" height=\"960\" src=\"http:\/\/serenita.pl\/wp-content\/uploads\/2018\/06\/4.jpg\" class=\"attachment-full size-full\" alt=\"\" loading=\"lazy\" srcset=\"http:\/\/serenita.pl\/wp-content\/uploads\/2018\/06\/4.jpg 537w, http:\/\/serenita.pl\/wp-content\/uploads\/2018\/06\/4-224x400.jpg 224w, http:\/\/serenita.pl\/wp-content\/uploads\/2018\/06\/4-151x270.jpg 151w\" sizes=\"(max-width: 537px) 100vw, 537px\" \/><\/a>\n\t\t\t<\/div><\/figure><figure class='gallery-item'>\n\t\t\t<div class='gallery-icon landscape'>\n\t\t\t\t<a title=\"7\" href='http:\/\/serenita.pl\/wp-content\/uploads\/2018\/06\/7.jpg'><img width=\"960\" height=\"720\" src=\"http:\/\/serenita.pl\/wp-content\/uploads\/2018\/06\/7.jpg\" class=\"attachment-full size-full\" alt=\"\" loading=\"lazy\" srcset=\"http:\/\/serenita.pl\/wp-content\/uploads\/2018\/06\/7.jpg 960w, http:\/\/serenita.pl\/wp-content\/uploads\/2018\/06\/7-400x300.jpg 400w, http:\/\/serenita.pl\/wp-content\/uploads\/2018\/06\/7-768x576.jpg 768w, http:\/\/serenita.pl\/wp-content\/uploads\/2018\/06\/7-360x270.jpg 360w\" sizes=\"(max-width: 960px) 100vw, 960px\" \/><\/a>\n\t\t\t<\/div><\/figure><figure class='gallery-item'>\n\t\t\t<div class='gallery-icon landscape'>\n\t\t\t\t<a title=\"6\" href='http:\/\/serenita.pl\/wp-content\/uploads\/2018\/06\/6.jpg'><img width=\"960\" height=\"540\" src=\"http:\/\/serenita.pl\/wp-content\/uploads\/2018\/06\/6.jpg\" class=\"attachment-full size-full\" alt=\"\" loading=\"lazy\" srcset=\"http:\/\/serenita.pl\/wp-content\/uploads\/2018\/06\/6.jpg 960w, http:\/\/serenita.pl\/wp-content\/uploads\/2018\/06\/6-400x225.jpg 400w, http:\/\/serenita.pl\/wp-content\/uploads\/2018\/06\/6-768x432.jpg 768w, http:\/\/serenita.pl\/wp-content\/uploads\/2018\/06\/6-480x270.jpg 480w\" sizes=\"(max-width: 960px) 100vw, 960px\" \/><\/a>\n\t\t\t<\/div><\/figure><figure class='gallery-item'>\n\t\t\t<div class='gallery-icon landscape'>\n\t\t\t\t<a title=\"10\" href='http:\/\/serenita.pl\/wp-content\/uploads\/2018\/06\/10.jpg'><img width=\"960\" height=\"720\" src=\"http:\/\/serenita.pl\/wp-content\/uploads\/2018\/06\/10.jpg\" class=\"attachment-full size-full\" alt=\"\" loading=\"lazy\" srcset=\"http:\/\/serenita.pl\/wp-content\/uploads\/2018\/06\/10.jpg 960w, http:\/\/serenita.pl\/wp-content\/uploads\/2018\/06\/10-400x300.jpg 400w, http:\/\/serenita.pl\/wp-content\/uploads\/2018\/06\/10-768x576.jpg 768w, http:\/\/serenita.pl\/wp-content\/uploads\/2018\/06\/10-360x270.jpg 360w\" sizes=\"(max-width: 960px) 100vw, 960px\" \/><\/a>\n\t\t\t<\/div><\/figure><figure class='gallery-item'>\n\t\t\t<div class='gallery-icon landscape'>\n\t\t\t\t<a title=\"9\" href='http:\/\/serenita.pl\/wp-content\/uploads\/2018\/06\/9.jpg'><img width=\"960\" height=\"720\" src=\"http:\/\/serenita.pl\/wp-content\/uploads\/2018\/06\/9.jpg\" class=\"attachment-full size-full\" alt=\"\" loading=\"lazy\" srcset=\"http:\/\/serenita.pl\/wp-content\/uploads\/2018\/06\/9.jpg 960w, http:\/\/serenita.pl\/wp-content\/uploads\/2018\/06\/9-400x300.jpg 400w, http:\/\/serenita.pl\/wp-content\/uploads\/2018\/06\/9-768x576.jpg 768w, http:\/\/serenita.pl\/wp-content\/uploads\/2018\/06\/9-360x270.jpg 360w\" sizes=\"(max-width: 960px) 100vw, 960px\" \/><\/a>\n\t\t\t<\/div><\/figure><figure class='gallery-item'>\n\t\t\t<div class='gallery-icon landscape'>\n\t\t\t\t<a title=\"13\" href='http:\/\/serenita.pl\/wp-content\/uploads\/2018\/06\/13.jpg'><img width=\"960\" height=\"720\" src=\"http:\/\/serenita.pl\/wp-content\/uploads\/2018\/06\/13.jpg\" class=\"attachment-full size-full\" alt=\"\" loading=\"lazy\" srcset=\"http:\/\/serenita.pl\/wp-content\/uploads\/2018\/06\/13.jpg 960w, http:\/\/serenita.pl\/wp-content\/uploads\/2018\/06\/13-400x300.jpg 400w, http:\/\/serenita.pl\/wp-content\/uploads\/2018\/06\/13-768x576.jpg 768w, http:\/\/serenita.pl\/wp-content\/uploads\/2018\/06\/13-360x270.jpg 360w\" sizes=\"(max-width: 960px) 100vw, 960px\" \/><\/a>\n\t\t\t<\/div><\/figure><figure class='gallery-item'>\n\t\t\t<div class='gallery-icon landscape'>\n\t\t\t\t<a title=\"11\" href='http:\/\/serenita.pl\/wp-content\/uploads\/2018\/06\/11.jpg'><img width=\"960\" height=\"540\" src=\"http:\/\/serenita.pl\/wp-content\/uploads\/2018\/06\/11.jpg\" class=\"attachment-full size-full\" alt=\"\" loading=\"lazy\" srcset=\"http:\/\/serenita.pl\/wp-content\/uploads\/2018\/06\/11.jpg 960w, http:\/\/serenita.pl\/wp-content\/uploads\/2018\/06\/11-400x225.jpg 400w, http:\/\/serenita.pl\/wp-content\/uploads\/2018\/06\/11-768x432.jpg 768w, http:\/\/serenita.pl\/wp-content\/uploads\/2018\/06\/11-480x270.jpg 480w\" sizes=\"(max-width: 960px) 100vw, 960px\" \/><\/a>\n\t\t\t<\/div><\/figure><figure class='gallery-item'>\n\t\t\t<div class='gallery-icon landscape'>\n\t\t\t\t<a title=\"IMG_2252\" href='http:\/\/serenita.pl\/wp-content\/uploads\/2018\/06\/IMG_2252.jpg'><img width=\"2592\" height=\"1944\" src=\"http:\/\/serenita.pl\/wp-content\/uploads\/2018\/06\/IMG_2252.jpg\" class=\"attachment-full size-full\" alt=\"\" loading=\"lazy\" srcset=\"http:\/\/serenita.pl\/wp-content\/uploads\/2018\/06\/IMG_2252.jpg 2592w, http:\/\/serenita.pl\/wp-content\/uploads\/2018\/06\/IMG_2252-400x300.jpg 400w, http:\/\/serenita.pl\/wp-content\/uploads\/2018\/06\/IMG_2252-768x576.jpg 768w, http:\/\/serenita.pl\/wp-content\/uploads\/2018\/06\/IMG_2252-1024x768.jpg 1024w, http:\/\/serenita.pl\/wp-content\/uploads\/2018\/06\/IMG_2252-360x270.jpg 360w\" sizes=\"(max-width: 2592px) 100vw, 2592px\" \/><\/a>\n\t\t\t<\/div><\/figure><figure class='gallery-item'>\n\t\t\t<div class='gallery-icon landscape'>\n\t\t\t\t<a title=\"IMG_2281 (1)\" href='http:\/\/serenita.pl\/wp-content\/uploads\/2018\/06\/IMG_2281-1.jpg'><img width=\"2592\" height=\"1944\" src=\"http:\/\/serenita.pl\/wp-content\/uploads\/2018\/06\/IMG_2281-1.jpg\" class=\"attachment-full size-full\" alt=\"\" loading=\"lazy\" srcset=\"http:\/\/serenita.pl\/wp-content\/uploads\/2018\/06\/IMG_2281-1.jpg 2592w, http:\/\/serenita.pl\/wp-content\/uploads\/2018\/06\/IMG_2281-1-400x300.jpg 400w, http:\/\/serenita.pl\/wp-content\/uploads\/2018\/06\/IMG_2281-1-768x576.jpg 768w, http:\/\/serenita.pl\/wp-content\/uploads\/2018\/06\/IMG_2281-1-1024x768.jpg 1024w, http:\/\/serenita.pl\/wp-content\/uploads\/2018\/06\/IMG_2281-1-360x270.jpg 360w\" sizes=\"(max-width: 2592px) 100vw, 2592px\" \/><\/a>\n\t\t\t<\/div><\/figure><figure class='gallery-item'>\n\t\t\t<div class='gallery-icon landscape'>\n\t\t\t\t<a title=\"IMG_2282\" href='http:\/\/serenita.pl\/wp-content\/uploads\/2018\/06\/IMG_2282.jpg'><img width=\"2592\" height=\"1944\" src=\"http:\/\/serenita.pl\/wp-content\/uploads\/2018\/06\/IMG_2282.jpg\" class=\"attachment-full size-full\" alt=\"\" loading=\"lazy\" srcset=\"http:\/\/serenita.pl\/wp-content\/uploads\/2018\/06\/IMG_2282.jpg 2592w, http:\/\/serenita.pl\/wp-content\/uploads\/2018\/06\/IMG_2282-400x300.jpg 400w, http:\/\/serenita.pl\/wp-content\/uploads\/2018\/06\/IMG_2282-768x576.jpg 768w, http:\/\/serenita.pl\/wp-content\/uploads\/2018\/06\/IMG_2282-1024x768.jpg 1024w, http:\/\/serenita.pl\/wp-content\/uploads\/2018\/06\/IMG_2282-360x270.jpg 360w\" sizes=\"(max-width: 2592px) 100vw, 2592px\" \/><\/a>\n\t\t\t<\/div><\/figure><figure class='gallery-item'>\n\t\t\t<div class='gallery-icon landscape'>\n\t\t\t\t<a title=\"16\" href='http:\/\/serenita.pl\/wp-content\/uploads\/2018\/06\/16.jpg'><img width=\"960\" height=\"540\" src=\"http:\/\/serenita.pl\/wp-content\/uploads\/2018\/06\/16.jpg\" class=\"attachment-full size-full\" alt=\"\" loading=\"lazy\" srcset=\"http:\/\/serenita.pl\/wp-content\/uploads\/2018\/06\/16.jpg 960w, http:\/\/serenita.pl\/wp-content\/uploads\/2018\/06\/16-400x225.jpg 400w, http:\/\/serenita.pl\/wp-content\/uploads\/2018\/06\/16-768x432.jpg 768w, http:\/\/serenita.pl\/wp-content\/uploads\/2018\/06\/16-480x270.jpg 480w\" sizes=\"(max-width: 960px) 100vw, 960px\" \/><\/a>\n\t\t\t<\/div><\/figure><figure class='gallery-item'>\n\t\t\t<div class='gallery-icon portrait'>\n\t\t\t\t<a title=\"23\" href='http:\/\/serenita.pl\/wp-content\/uploads\/2018\/06\/23.jpg'><img width=\"537\" height=\"960\" src=\"http:\/\/serenita.pl\/wp-content\/uploads\/2018\/06\/23.jpg\" class=\"attachment-full size-full\" alt=\"\" loading=\"lazy\" srcset=\"http:\/\/serenita.pl\/wp-content\/uploads\/2018\/06\/23.jpg 537w, http:\/\/serenita.pl\/wp-content\/uploads\/2018\/06\/23-224x400.jpg 224w, http:\/\/serenita.pl\/wp-content\/uploads\/2018\/06\/23-151x270.jpg 151w\" sizes=\"(max-width: 537px) 100vw, 537px\" \/><\/a>\n\t\t\t<\/div><\/figure><figure class='gallery-item'>\n\t\t\t<div class='gallery-icon portrait'>\n\t\t\t\t<a title=\"17\" href='http:\/\/serenita.pl\/wp-content\/uploads\/2018\/06\/17.jpg'><img width=\"537\" height=\"960\" src=\"http:\/\/serenita.pl\/wp-content\/uploads\/2018\/06\/17.jpg\" class=\"attachment-full size-full\" alt=\"\" loading=\"lazy\" srcset=\"http:\/\/serenita.pl\/wp-content\/uploads\/2018\/06\/17.jpg 537w, http:\/\/serenita.pl\/wp-content\/uploads\/2018\/06\/17-224x400.jpg 224w, http:\/\/serenita.pl\/wp-content\/uploads\/2018\/06\/17-151x270.jpg 151w\" sizes=\"(max-width: 537px) 100vw, 537px\" \/><\/a>\n\t\t\t<\/div><\/figure><figure class='gallery-item'>\n\t\t\t<div class='gallery-icon landscape'>\n\t\t\t\t<a title=\"22\" href='http:\/\/serenita.pl\/wp-content\/uploads\/2018\/06\/22.jpg'><img width=\"960\" height=\"540\" src=\"http:\/\/serenita.pl\/wp-content\/uploads\/2018\/06\/22.jpg\" class=\"attachment-full size-full\" alt=\"\" loading=\"lazy\" srcset=\"http:\/\/serenita.pl\/wp-content\/uploads\/2018\/06\/22.jpg 960w, http:\/\/serenita.pl\/wp-content\/uploads\/2018\/06\/22-400x225.jpg 400w, http:\/\/serenita.pl\/wp-content\/uploads\/2018\/06\/22-768x432.jpg 768w, http:\/\/serenita.pl\/wp-content\/uploads\/2018\/06\/22-480x270.jpg 480w\" sizes=\"(max-width: 960px) 100vw, 960px\" \/><\/a>\n\t\t\t<\/div><\/figure><figure class='gallery-item'>\n\t\t\t<div class='gallery-icon portrait'>\n\t\t\t\t<a title=\"35431309_10212198184053292_5554632971434065920_n\" href='http:\/\/serenita.pl\/wp-content\/uploads\/2018\/06\/35431309_10212198184053292_5554632971434065920_n.jpg'><img width=\"718\" height=\"960\" src=\"http:\/\/serenita.pl\/wp-content\/uploads\/2018\/06\/35431309_10212198184053292_5554632971434065920_n.jpg\" class=\"attachment-full size-full\" alt=\"\" loading=\"lazy\" srcset=\"http:\/\/serenita.pl\/wp-content\/uploads\/2018\/06\/35431309_10212198184053292_5554632971434065920_n.jpg 718w, http:\/\/serenita.pl\/wp-content\/uploads\/2018\/06\/35431309_10212198184053292_5554632971434065920_n-299x400.jpg 299w, http:\/\/serenita.pl\/wp-content\/uploads\/2018\/06\/35431309_10212198184053292_5554632971434065920_n-202x270.jpg 202w\" sizes=\"(max-width: 718px) 100vw, 718px\" \/><\/a>\n\t\t\t<\/div><\/figure><figure class='gallery-item'>\n\t\t\t<div class='gallery-icon portrait'>\n\t\t\t\t<a title=\"24\" href='http:\/\/serenita.pl\/wp-content\/uploads\/2018\/06\/24.jpg'><img width=\"537\" height=\"960\" src=\"http:\/\/serenita.pl\/wp-content\/uploads\/2018\/06\/24.jpg\" class=\"attachment-full size-full\" alt=\"\" loading=\"lazy\" srcset=\"http:\/\/serenita.pl\/wp-content\/uploads\/2018\/06\/24.jpg 537w, http:\/\/serenita.pl\/wp-content\/uploads\/2018\/06\/24-224x400.jpg 224w, http:\/\/serenita.pl\/wp-content\/uploads\/2018\/06\/24-151x270.jpg 151w\" sizes=\"(max-width: 537px) 100vw, 537px\" \/><\/a>\n\t\t\t<\/div><\/figure><figure class='gallery-item'>\n\t\t\t<div class='gallery-icon portrait'>\n\t\t\t\t<a title=\"18\" href='http:\/\/serenita.pl\/wp-content\/uploads\/2018\/06\/18.jpg'><img width=\"537\" height=\"960\" src=\"http:\/\/serenita.pl\/wp-content\/uploads\/2018\/06\/18.jpg\" class=\"attachment-full size-full\" alt=\"\" loading=\"lazy\" srcset=\"http:\/\/serenita.pl\/wp-content\/uploads\/2018\/06\/18.jpg 537w, http:\/\/serenita.pl\/wp-content\/uploads\/2018\/06\/18-224x400.jpg 224w, http:\/\/serenita.pl\/wp-content\/uploads\/2018\/06\/18-151x270.jpg 151w\" sizes=\"(max-width: 537px) 100vw, 537px\" \/><\/a>\n\t\t\t<\/div><\/figure><figure class='gallery-item'>\n\t\t\t<div class='gallery-icon landscape'>\n\t\t\t\t<a title=\"35484234_240552443371899_3700218585835110400_n\" href='http:\/\/serenita.pl\/wp-content\/uploads\/2018\/06\/35484234_240552443371899_3700218585835110400_n.jpg'><img width=\"960\" height=\"540\" src=\"http:\/\/serenita.pl\/wp-content\/uploads\/2018\/06\/35484234_240552443371899_3700218585835110400_n.jpg\" class=\"attachment-full size-full\" alt=\"\" loading=\"lazy\" srcset=\"http:\/\/serenita.pl\/wp-content\/uploads\/2018\/06\/35484234_240552443371899_3700218585835110400_n.jpg 960w, http:\/\/serenita.pl\/wp-content\/uploads\/2018\/06\/35484234_240552443371899_3700218585835110400_n-400x225.jpg 400w, http:\/\/serenita.pl\/wp-content\/uploads\/2018\/06\/35484234_240552443371899_3700218585835110400_n-768x432.jpg 768w, http:\/\/serenita.pl\/wp-content\/uploads\/2018\/06\/35484234_240552443371899_3700218585835110400_n-480x270.jpg 480w\" sizes=\"(max-width: 960px) 100vw, 960px\" \/><\/a>\n\t\t\t<\/div><\/figure><figure class='gallery-item'>\n\t\t\t<div class='gallery-icon portrait'>\n\t\t\t\t<a title=\"19\" href='http:\/\/serenita.pl\/wp-content\/uploads\/2018\/06\/19.jpg'><img width=\"537\" height=\"960\" src=\"http:\/\/serenita.pl\/wp-content\/uploads\/2018\/06\/19.jpg\" class=\"attachment-full size-full\" alt=\"\" loading=\"lazy\" srcset=\"http:\/\/serenita.pl\/wp-content\/uploads\/2018\/06\/19.jpg 537w, http:\/\/serenita.pl\/wp-content\/uploads\/2018\/06\/19-224x400.jpg 224w, http:\/\/serenita.pl\/wp-content\/uploads\/2018\/06\/19-151x270.jpg 151w\" sizes=\"(max-width: 537px) 100vw, 537px\" \/><\/a>\n\t\t\t<\/div><\/figure><figure class='gallery-item'>\n\t\t\t<div class='gallery-icon portrait'>\n\t\t\t\t<a title=\"20\" href='http:\/\/serenita.pl\/wp-content\/uploads\/2018\/06\/20.jpg'><img width=\"537\" height=\"960\" src=\"http:\/\/serenita.pl\/wp-content\/uploads\/2018\/06\/20.jpg\" class=\"attachment-full size-full\" alt=\"\" loading=\"lazy\" srcset=\"http:\/\/serenita.pl\/wp-content\/uploads\/2018\/06\/20.jpg 537w, http:\/\/serenita.pl\/wp-content\/uploads\/2018\/06\/20-224x400.jpg 224w, http:\/\/serenita.pl\/wp-content\/uploads\/2018\/06\/20-151x270.jpg 151w\" sizes=\"(max-width: 537px) 100vw, 537px\" \/><\/a>\n\t\t\t<\/div><\/figure><figure class='gallery-item'>\n\t\t\t<div class='gallery-icon portrait'>\n\t\t\t\t<a title=\"21\" href='http:\/\/serenita.pl\/wp-content\/uploads\/2018\/06\/21.jpg'><img width=\"537\" height=\"960\" src=\"http:\/\/serenita.pl\/wp-content\/uploads\/2018\/06\/21.jpg\" class=\"attachment-full size-full\" alt=\"\" loading=\"lazy\" srcset=\"http:\/\/serenita.pl\/wp-content\/uploads\/2018\/06\/21.jpg 537w, http:\/\/serenita.pl\/wp-content\/uploads\/2018\/06\/21-224x400.jpg 224w, http:\/\/serenita.pl\/wp-content\/uploads\/2018\/06\/21-151x270.jpg 151w\" sizes=\"(max-width: 537px) 100vw, 537px\" \/><\/a>\n\t\t\t<\/div><\/figure>\n\t\t<\/div>\n\n<hr \/>\n<h3 class=\"western\" align=\"justify\"><b>Drodzy Czciciele \u015aw. Joanny&#8230;<\/b><\/h3>\n<p lang=\"zxx\" align=\"justify\">\u00a0\u00a0\u00a0\u00a0\u00a0\u00a0\u00a0\u00a0\u00a0\u00a0\u00a0\u00a0\u00a0\u00a0\u00a0 \u00a0<img loading=\"lazy\" src=\"http:\/\/serenita.pl\/wp-content\/uploads\/2018\/03\/21616006_1831938176847050_4624672644644072958_n-150x150.jpg\" alt=\"\" width=\"150\" height=\"150\" \/><\/p>\n<p lang=\"zxx\" align=\"justify\">Z rado\u015bci\u0105 informujemy, \u017ce dnia 16 czerwca 2018 roku o godzinie 15.00 odb\u0119dzie si\u0119 po\u015bwi\u0119cenie drugiej kapliczki dedykowanej \u015aw. Joannie. Miejsce lokalizacji kapliczki znajduje si\u0119 na \u017c\u00f3\u0142tym szlaku w Ochotnicy G\u00f3rnej, na niewielkiej skarpie (835 m. n.p.m.) niedaleko Gorcza\u0144skiej Chaty znanej te\u017c jako &#8222;Hawiarska Koliba&#8221; w przysi\u00f3\u0142ku Jamne 161. Wszystkich zainteresowanych, tak z bliska, jak i z dalsza \u2013 zapraszamy na to wydarzenie. Do zobaczenia ju\u017c niebawem w Gorcach \ud83d\ude42<\/p>\n<hr \/>\n<h3>Mozaika dla Joanny<\/h3>\n<p lang=\"zxx\" align=\"justify\">W dniu 27 kwietnia 2018 r w Zag\u00f3rzu odby\u0142o si\u0119 nasze coroczne spotkanie. Przyj\u0119li\u015bmy w\u00f3wczas do Stowarzyszenia Magdalen\u0119 i S\u0142awomira Stank\u00f3w oraz Cz\u0142onka Honorowego ks dra Andrzeja Caput\u0119. Cieszymy si\u0119 i \u017cyczymy Im, aby przyja\u017a\u0144 ze \u015aw. Joann\u0105 trwa\u0142a i przynosi\u0142a b\u0142ogos\u0142awione owoce.<\/p>\n<p lang=\"zxx\" align=\"justify\">Na spotkaniu odczytane zosta\u0142o sprawozdanie z dzia\u0142alno\u015bci Stowarzyszenia za okres od kwietnia 2017 roku do kwietnia 2018. Przybli\u017cona zosta\u0142a historia powstania mozaiki wraz z wr\u0119cz cudownymi okoliczno\u015bciami towarzysz\u0105cymi. Poruszone zosta\u0142y kwestie dalszej dzia\u0142alno\u015bci Stowarzyszenia oraz sprawy organizacyjne.<\/p>\n<p lang=\"zxx\" align=\"justify\">Po spotkaniu by\u0142 czas na indywidualn\u0105 modlitw\u0119, sakrament pokuty oraz Msz\u0119 \u015aw. koncelebrowan\u0105 z udzia\u0142em ks. Proboszcza dra Piotra G\u0105siora, ks. dra hab. Roberta N\u0119cka i ks. dra Andrzeja Caputy. Po Mszy wraz z mieszka\u0144cami Zag\u00f3rza i przyjezdnymi na te uroczysto\u015b\u0107 przeszli\u015bmy pod dom parafialny, aby uczestniczy\u0107 w uroczystym ods\u0142oni\u0119ciu i po\u015bwi\u0119ceniu mozaiki, kt\u00f3rego dokonali zgromadzenia ksi\u0119\u017ca. Nie zabrak\u0142o pi\u0119knych \u015bpiew\u00f3w ku czci \u015aw. Joanny.<\/p>\n<p lang=\"zxx\" align=\"justify\">Sk\u0142adamy serdecznie podzi\u0119kowania wszystkim ofiarodawcom i wykonawcom mozaiki. Zgromadzonym, scholi, panu organi\u015bcie, stra\u017cakom za pomoc i zapewnienie bezpiecze\u0144stwa w czasie uroczysto\u015bci. Cieszymy si\u0119 przed\u0142u\u017ceniem \u015bwi\u0119towania w rodzinach. Niech Joanna wszystkim wyprasza potrzebne \u0141aski.<\/p>\n<div id='gallery-8' class='gallery galleryid-114 gallery-columns-3 gallery-size-thumbnail'><figure class='gallery-item'>\n\t\t\t<div class='gallery-icon portrait'>\n\t\t\t\t<a title=\"01\" href='http:\/\/serenita.pl\/wp-content\/uploads\/2018\/05\/01.jpg'><img width=\"150\" height=\"150\" src=\"http:\/\/serenita.pl\/wp-content\/uploads\/2018\/05\/01-150x150.jpg\" class=\"attachment-thumbnail size-thumbnail\" alt=\"\" loading=\"lazy\" \/><\/a>\n\t\t\t<\/div><\/figure><figure class='gallery-item'>\n\t\t\t<div class='gallery-icon landscape'>\n\t\t\t\t<a title=\"02\" href='http:\/\/serenita.pl\/wp-content\/uploads\/2018\/05\/02.jpg'><img width=\"150\" height=\"150\" src=\"http:\/\/serenita.pl\/wp-content\/uploads\/2018\/05\/02-150x150.jpg\" class=\"attachment-thumbnail size-thumbnail\" alt=\"\" loading=\"lazy\" \/><\/a>\n\t\t\t<\/div><\/figure><figure class='gallery-item'>\n\t\t\t<div class='gallery-icon landscape'>\n\t\t\t\t<a title=\"03\" href='http:\/\/serenita.pl\/wp-content\/uploads\/2018\/05\/03.jpg'><img width=\"150\" height=\"150\" src=\"http:\/\/serenita.pl\/wp-content\/uploads\/2018\/05\/03-150x150.jpg\" class=\"attachment-thumbnail size-thumbnail\" alt=\"\" loading=\"lazy\" \/><\/a>\n\t\t\t<\/div><\/figure><figure class='gallery-item'>\n\t\t\t<div class='gallery-icon landscape'>\n\t\t\t\t<a title=\"04\" href='http:\/\/serenita.pl\/wp-content\/uploads\/2018\/05\/04.jpg'><img width=\"150\" height=\"150\" src=\"http:\/\/serenita.pl\/wp-content\/uploads\/2018\/05\/04-150x150.jpg\" class=\"attachment-thumbnail size-thumbnail\" alt=\"\" loading=\"lazy\" \/><\/a>\n\t\t\t<\/div><\/figure><figure class='gallery-item'>\n\t\t\t<div class='gallery-icon landscape'>\n\t\t\t\t<a title=\"05\" href='http:\/\/serenita.pl\/wp-content\/uploads\/2018\/05\/05.jpg'><img width=\"150\" height=\"150\" src=\"http:\/\/serenita.pl\/wp-content\/uploads\/2018\/05\/05-150x150.jpg\" class=\"attachment-thumbnail size-thumbnail\" alt=\"\" loading=\"lazy\" \/><\/a>\n\t\t\t<\/div><\/figure><figure class='gallery-item'>\n\t\t\t<div class='gallery-icon landscape'>\n\t\t\t\t<a title=\"06\" href='http:\/\/serenita.pl\/wp-content\/uploads\/2018\/05\/06.jpg'><img width=\"150\" height=\"150\" src=\"http:\/\/serenita.pl\/wp-content\/uploads\/2018\/05\/06-150x150.jpg\" class=\"attachment-thumbnail size-thumbnail\" alt=\"\" loading=\"lazy\" \/><\/a>\n\t\t\t<\/div><\/figure><figure class='gallery-item'>\n\t\t\t<div class='gallery-icon landscape'>\n\t\t\t\t<a title=\"07\" href='http:\/\/serenita.pl\/wp-content\/uploads\/2018\/05\/07.jpg'><img width=\"150\" height=\"150\" src=\"http:\/\/serenita.pl\/wp-content\/uploads\/2018\/05\/07-150x150.jpg\" class=\"attachment-thumbnail size-thumbnail\" alt=\"\" loading=\"lazy\" \/><\/a>\n\t\t\t<\/div><\/figure><figure class='gallery-item'>\n\t\t\t<div class='gallery-icon landscape'>\n\t\t\t\t<a title=\"08\" href='http:\/\/serenita.pl\/wp-content\/uploads\/2018\/05\/08.jpg'><img width=\"150\" height=\"150\" src=\"http:\/\/serenita.pl\/wp-content\/uploads\/2018\/05\/08-150x150.jpg\" class=\"attachment-thumbnail size-thumbnail\" alt=\"\" loading=\"lazy\" \/><\/a>\n\t\t\t<\/div><\/figure><figure class='gallery-item'>\n\t\t\t<div class='gallery-icon landscape'>\n\t\t\t\t<a title=\"09\" href='http:\/\/serenita.pl\/wp-content\/uploads\/2018\/05\/09.jpg'><img width=\"150\" height=\"150\" src=\"http:\/\/serenita.pl\/wp-content\/uploads\/2018\/05\/09-150x150.jpg\" class=\"attachment-thumbnail size-thumbnail\" alt=\"\" loading=\"lazy\" \/><\/a>\n\t\t\t<\/div><\/figure><figure class='gallery-item'>\n\t\t\t<div class='gallery-icon landscape'>\n\t\t\t\t<a title=\"10\" href='http:\/\/serenita.pl\/wp-content\/uploads\/2018\/05\/10.jpg'><img width=\"150\" height=\"150\" src=\"http:\/\/serenita.pl\/wp-content\/uploads\/2018\/05\/10-150x150.jpg\" class=\"attachment-thumbnail size-thumbnail\" alt=\"\" loading=\"lazy\" \/><\/a>\n\t\t\t<\/div><\/figure><figure class='gallery-item'>\n\t\t\t<div class='gallery-icon landscape'>\n\t\t\t\t<a title=\"11\" href='http:\/\/serenita.pl\/wp-content\/uploads\/2018\/05\/11.jpg'><img width=\"150\" height=\"150\" src=\"http:\/\/serenita.pl\/wp-content\/uploads\/2018\/05\/11-150x150.jpg\" class=\"attachment-thumbnail size-thumbnail\" alt=\"\" loading=\"lazy\" \/><\/a>\n\t\t\t<\/div><\/figure><figure class='gallery-item'>\n\t\t\t<div class='gallery-icon landscape'>\n\t\t\t\t<a title=\"12\" href='http:\/\/serenita.pl\/wp-content\/uploads\/2018\/05\/12.jpg'><img width=\"150\" height=\"150\" src=\"http:\/\/serenita.pl\/wp-content\/uploads\/2018\/05\/12-150x150.jpg\" class=\"attachment-thumbnail size-thumbnail\" alt=\"\" loading=\"lazy\" \/><\/a>\n\t\t\t<\/div><\/figure><figure class='gallery-item'>\n\t\t\t<div class='gallery-icon landscape'>\n\t\t\t\t<a title=\"13\" href='http:\/\/serenita.pl\/wp-content\/uploads\/2018\/05\/13.jpg'><img width=\"150\" height=\"150\" src=\"http:\/\/serenita.pl\/wp-content\/uploads\/2018\/05\/13-150x150.jpg\" class=\"attachment-thumbnail size-thumbnail\" alt=\"\" loading=\"lazy\" \/><\/a>\n\t\t\t<\/div><\/figure><figure class='gallery-item'>\n\t\t\t<div class='gallery-icon landscape'>\n\t\t\t\t<a title=\"14\" href='http:\/\/serenita.pl\/wp-content\/uploads\/2018\/05\/14.jpg'><img width=\"150\" height=\"150\" src=\"http:\/\/serenita.pl\/wp-content\/uploads\/2018\/05\/14-150x150.jpg\" class=\"attachment-thumbnail size-thumbnail\" alt=\"\" loading=\"lazy\" \/><\/a>\n\t\t\t<\/div><\/figure><figure class='gallery-item'>\n\t\t\t<div class='gallery-icon portrait'>\n\t\t\t\t<a title=\"15\" href='http:\/\/serenita.pl\/wp-content\/uploads\/2018\/05\/15.jpg'><img width=\"150\" height=\"150\" src=\"http:\/\/serenita.pl\/wp-content\/uploads\/2018\/05\/15-150x150.jpg\" class=\"attachment-thumbnail size-thumbnail\" alt=\"\" loading=\"lazy\" \/><\/a>\n\t\t\t<\/div><\/figure><figure class='gallery-item'>\n\t\t\t<div class='gallery-icon landscape'>\n\t\t\t\t<a title=\"16\" href='http:\/\/serenita.pl\/wp-content\/uploads\/2018\/05\/16.jpg'><img width=\"150\" height=\"150\" src=\"http:\/\/serenita.pl\/wp-content\/uploads\/2018\/05\/16-150x150.jpg\" class=\"attachment-thumbnail size-thumbnail\" alt=\"\" loading=\"lazy\" \/><\/a>\n\t\t\t<\/div><\/figure>\n\t\t<\/div>\n\n<hr \/>\n<h3>Spotkanie Cz\u0142onk\u00f3w i Sympatyk\u00f3w<\/h3>\n<p>Drodzy Cz\u0142onkowie i Sympatycy Stowarzyszenia, zapraszamy na nasze coroczne spotkanie 27 kwietnia 2018 roku do Zag\u00f3rza na godz. 16.00. Po Mszy wieczornej b\u0119dziemy uczestniczy\u0107 w uroczystym ods\u0142oni\u0119ciu i po\u015bwi\u0119ceniu mozaiki \u015aw. Joanny. Prosimy o potwierdzenie przybycia pod numerem tel. 509987917.<\/p>\n<p><img loading=\"lazy\" class=\"aligncenter\" src=\"https:\/\/scontent-waw1-1.xx.fbcdn.net\/v\/t1.15752-9\/30738145_1734072896640532_3285743186525290496_n.jpg?_nc_cat=0&amp;oh=07e02df1763559be96d34773e01e2cd9&amp;oe=5B5F6722\" width=\"550\" height=\"365\" \/><\/p>\n<hr \/>\n<h3>\u00a0<strong>Ju\u017c niebawem<\/strong><\/h3>\n<p>W pi\u0105tek, 27 kwietnia, czyli w wigili\u0119 wspomnienia liturgicznego \u015bw. Joanny Beretty Molli, zaraz po mszy \u015bwi\u0119tej wieczornej w parafii Wniebowzi\u0119cia NMP w Zag\u00f3rzu b\u0119dziemy prze\u017cywa\u0107 uroczyste chwile zwi\u0105zane z po\u015bwi\u0119ceniem i ods\u0142oni\u0119ciem mozaiki wykonanej na cze\u015b\u0107 naszej \u015awi\u0119tej.<\/p>\n<p>Zapraszamy ju\u017c na Eucharysti\u0119 o 18, po kt\u00f3rej zgromadzimy si\u0119 przy skrzy\u017cowaniu ulic Wieczystej i Pi\u0142sudskiego na wprost po\u0142udniowej elewacji domu parafialnego, gdzie zostanie wyeksponowane to wspania\u0142e w\u0142osko-polskie dzie\u0142o.<\/p>\n<p style=\"text-align: center\">\u00a0 \u00a0 \u00a0 \u00a0 \u00a0 \u00a0 \u00a0 \u00a0 \u00a0 \u00a0 \u00a0 \u00a0 \u00a0 \u00a0<img src=\"https:\/\/scontent-waw1-1.xx.fbcdn.net\/v\/t1.0-9\/30714131_2196610613713136_4278038884266278912_n.jpg?_nc_cat=0&amp;oh=cebbec734b589553f49fe892c2b7a1d8&amp;oe=5B73DA96\" alt=\"Zdj\u00c4\u0099cie u\u00c5\u00bcytkownika Stowarzyszenie Przyjaci\u00c3\u00b3\u00c5\u0082 \u00c5\u009awi\u00c4\u0099tej Joanny Beretty Molli.\" \/><\/p>\n<hr \/>\n<h3>Bal ze \u015awi\u0119t\u0105 Joann\u0105<\/h3>\n<p>W 2018 roku 3 lutego odby\u0142 si\u0119 ju\u017c IV Bal ze \u015awi\u0119t\u0105 Joann\u0105. Tradycyjnie zebranych powita\u0142 Prezes Stowarzyszenia Jacek Sarniak, a bal rozpocz\u0105\u0142 si\u0119 wsp\u00f3lnym pami\u0105tkowym zdj\u0119ciem, po kt\u00f3rym uroczy\u015bcie odta\u0144czyli\u015bmy Poloneza z pomoc\u0105 naszych m\u0142odych wodzirej\u00f3w z Krakowa: Rafa\u0142a Wi\u0119ckowskiego i Rafa\u0142a Sowy. Biesiadowanie umila\u0142y nam zabawy i ta\u0144ce integracyjne.<\/p>\n<p>Nie zabarak\u0142o prezentacji multimedialnej, kt\u00f3r\u0105 prowadzili: ks. dr Piotr G\u0105sior i Wiceprezes Stowarzyszenia El\u017cbieta Sowa. Monika Sarniak przybli\u017cy\u0142a inicjatyw\u0119 &#8222;sms za rodz\u0105c\u0105&#8221;, a Piotr Sukiennik opowiedzia\u0142 o nowej kapliczce pod Gorcem. M\u0142odzi ma\u0142\u017conkowie Justyna i Stanis\u0142aw Waliccy podzielili si\u0119 wra\u017ceniami ze swoich &#8222;chrze\u015bcija\u0144skich zar\u0119czyn&#8221;, a Mirkowi Krzyszkowskiemu \u2013 re\u017cyserowi filmu pt. &#8222;\u015awi\u0119ta z s\u0105siedztwa&#8221; (i nie tylko) wszyscy zebrani podzi\u0119kowali wielkimi brawami za nie\u0142atw\u0105 prac\u0119 i po\u015bwi\u0119cenie.<\/p>\n<p>&#8222;Czekoladowy walczyk&#8221; porwa\u0142 ka\u017cdego do ta\u0144ca, a datki z niego b\u0119d\u0105 symbolicznym wk\u0142adem w mozaik\u0119 \u015aw. Joanny, kt\u00f3r\u0105 wkr\u00f3tce b\u0119dzie mo\u017cna ogl\u0105da\u0107 w Zag\u00f3rzu. Jak co roku i tym razem losowo wybrali\u015bmy &#8222;kr\u00f3la&#8221; i &#8222;kr\u00f3low\u0105&#8221; Balu, odby\u0142 si\u0119 r\u00f3wnie\u017c konkurs wiedzy o Joannie.<\/p>\n<p>Bawili\u015bmy si\u0119 wspaniale w niezwykle mi\u0142ej atmosferze, kt\u00f3r\u0105 tworzyli zebrani: wszyscy i ka\u017cdy z osobna. Zapraszamy za rok!!!<\/p>\n<div id='gallery-9' class='gallery galleryid-114 gallery-columns-3 gallery-size-thumbnail'><figure class='gallery-item'>\n\t\t\t<div class='gallery-icon landscape'>\n\t\t\t\t<a title=\"Bal01\" href='http:\/\/serenita.pl\/wp-content\/uploads\/2018\/03\/Bal01-1.jpg'><img width=\"150\" height=\"150\" src=\"http:\/\/serenita.pl\/wp-content\/uploads\/2018\/03\/Bal01-1-150x150.jpg\" class=\"attachment-thumbnail size-thumbnail\" alt=\"\" loading=\"lazy\" \/><\/a>\n\t\t\t<\/div><\/figure><figure class='gallery-item'>\n\t\t\t<div class='gallery-icon landscape'>\n\t\t\t\t<a title=\"Bal02\" href='http:\/\/serenita.pl\/wp-content\/uploads\/2018\/03\/Bal02.jpg'><img width=\"150\" height=\"150\" src=\"http:\/\/serenita.pl\/wp-content\/uploads\/2018\/03\/Bal02-150x150.jpg\" class=\"attachment-thumbnail size-thumbnail\" alt=\"\" loading=\"lazy\" \/><\/a>\n\t\t\t<\/div><\/figure><figure class='gallery-item'>\n\t\t\t<div class='gallery-icon landscape'>\n\t\t\t\t<a title=\"Bal03\" href='http:\/\/serenita.pl\/wp-content\/uploads\/2018\/03\/Bal03.jpg'><img width=\"150\" height=\"150\" src=\"http:\/\/serenita.pl\/wp-content\/uploads\/2018\/03\/Bal03-150x150.jpg\" class=\"attachment-thumbnail size-thumbnail\" alt=\"\" loading=\"lazy\" \/><\/a>\n\t\t\t<\/div><\/figure><figure class='gallery-item'>\n\t\t\t<div class='gallery-icon landscape'>\n\t\t\t\t<a title=\"Bal04\" href='http:\/\/serenita.pl\/wp-content\/uploads\/2018\/03\/Bal04.jpg'><img width=\"150\" height=\"150\" src=\"http:\/\/serenita.pl\/wp-content\/uploads\/2018\/03\/Bal04-150x150.jpg\" class=\"attachment-thumbnail size-thumbnail\" alt=\"\" loading=\"lazy\" \/><\/a>\n\t\t\t<\/div><\/figure><figure class='gallery-item'>\n\t\t\t<div class='gallery-icon landscape'>\n\t\t\t\t<a title=\"Bal05\" href='http:\/\/serenita.pl\/wp-content\/uploads\/2018\/03\/Bal05.jpg'><img width=\"150\" height=\"150\" src=\"http:\/\/serenita.pl\/wp-content\/uploads\/2018\/03\/Bal05-150x150.jpg\" class=\"attachment-thumbnail size-thumbnail\" alt=\"\" loading=\"lazy\" \/><\/a>\n\t\t\t<\/div><\/figure><figure class='gallery-item'>\n\t\t\t<div class='gallery-icon landscape'>\n\t\t\t\t<a title=\"Bal06\" href='http:\/\/serenita.pl\/wp-content\/uploads\/2018\/03\/Bal06.jpg'><img width=\"150\" height=\"150\" src=\"http:\/\/serenita.pl\/wp-content\/uploads\/2018\/03\/Bal06-150x150.jpg\" class=\"attachment-thumbnail size-thumbnail\" alt=\"\" loading=\"lazy\" \/><\/a>\n\t\t\t<\/div><\/figure><figure class='gallery-item'>\n\t\t\t<div class='gallery-icon landscape'>\n\t\t\t\t<a title=\"Bal08\" href='http:\/\/serenita.pl\/wp-content\/uploads\/2018\/03\/Bal08.jpg'><img width=\"150\" height=\"150\" src=\"http:\/\/serenita.pl\/wp-content\/uploads\/2018\/03\/Bal08-150x150.jpg\" class=\"attachment-thumbnail size-thumbnail\" alt=\"\" loading=\"lazy\" \/><\/a>\n\t\t\t<\/div><\/figure><figure class='gallery-item'>\n\t\t\t<div class='gallery-icon landscape'>\n\t\t\t\t<a title=\"Bal09\" href='http:\/\/serenita.pl\/wp-content\/uploads\/2018\/03\/Bal09.jpg'><img width=\"150\" height=\"150\" src=\"http:\/\/serenita.pl\/wp-content\/uploads\/2018\/03\/Bal09-150x150.jpg\" class=\"attachment-thumbnail size-thumbnail\" alt=\"\" loading=\"lazy\" \/><\/a>\n\t\t\t<\/div><\/figure><figure class='gallery-item'>\n\t\t\t<div class='gallery-icon landscape'>\n\t\t\t\t<a title=\"Bal10\" href='http:\/\/serenita.pl\/wp-content\/uploads\/2018\/03\/Bal10.jpg'><img width=\"150\" height=\"150\" src=\"http:\/\/serenita.pl\/wp-content\/uploads\/2018\/03\/Bal10-150x150.jpg\" class=\"attachment-thumbnail size-thumbnail\" alt=\"\" loading=\"lazy\" \/><\/a>\n\t\t\t<\/div><\/figure><figure class='gallery-item'>\n\t\t\t<div class='gallery-icon landscape'>\n\t\t\t\t<a title=\"Bal11\" href='http:\/\/serenita.pl\/wp-content\/uploads\/2018\/03\/Bal11.jpg'><img width=\"150\" height=\"150\" src=\"http:\/\/serenita.pl\/wp-content\/uploads\/2018\/03\/Bal11-150x150.jpg\" class=\"attachment-thumbnail size-thumbnail\" alt=\"\" loading=\"lazy\" \/><\/a>\n\t\t\t<\/div><\/figure><figure class='gallery-item'>\n\t\t\t<div class='gallery-icon landscape'>\n\t\t\t\t<a title=\"Bal12\" href='http:\/\/serenita.pl\/wp-content\/uploads\/2018\/03\/Bal12.jpg'><img width=\"150\" height=\"150\" src=\"http:\/\/serenita.pl\/wp-content\/uploads\/2018\/03\/Bal12-150x150.jpg\" class=\"attachment-thumbnail size-thumbnail\" alt=\"\" loading=\"lazy\" \/><\/a>\n\t\t\t<\/div><\/figure><figure class='gallery-item'>\n\t\t\t<div class='gallery-icon landscape'>\n\t\t\t\t<a title=\"Bal13\" href='http:\/\/serenita.pl\/wp-content\/uploads\/2018\/03\/Bal13.jpg'><img width=\"150\" height=\"150\" src=\"http:\/\/serenita.pl\/wp-content\/uploads\/2018\/03\/Bal13-150x150.jpg\" class=\"attachment-thumbnail size-thumbnail\" alt=\"\" loading=\"lazy\" \/><\/a>\n\t\t\t<\/div><\/figure><figure class='gallery-item'>\n\t\t\t<div class='gallery-icon landscape'>\n\t\t\t\t<a title=\"Bal14\" href='http:\/\/serenita.pl\/wp-content\/uploads\/2018\/03\/Bal14.jpg'><img width=\"150\" height=\"150\" src=\"http:\/\/serenita.pl\/wp-content\/uploads\/2018\/03\/Bal14-150x150.jpg\" class=\"attachment-thumbnail size-thumbnail\" alt=\"\" loading=\"lazy\" \/><\/a>\n\t\t\t<\/div><\/figure><figure class='gallery-item'>\n\t\t\t<div class='gallery-icon landscape'>\n\t\t\t\t<a title=\"Bal15\" href='http:\/\/serenita.pl\/wp-content\/uploads\/2018\/03\/Bal15.jpg'><img width=\"150\" height=\"150\" src=\"http:\/\/serenita.pl\/wp-content\/uploads\/2018\/03\/Bal15-150x150.jpg\" class=\"attachment-thumbnail size-thumbnail\" alt=\"\" loading=\"lazy\" \/><\/a>\n\t\t\t<\/div><\/figure><figure class='gallery-item'>\n\t\t\t<div class='gallery-icon landscape'>\n\t\t\t\t<a title=\"Bal16\" href='http:\/\/serenita.pl\/wp-content\/uploads\/2018\/03\/Bal16.jpg'><img width=\"150\" height=\"150\" src=\"http:\/\/serenita.pl\/wp-content\/uploads\/2018\/03\/Bal16-150x150.jpg\" class=\"attachment-thumbnail size-thumbnail\" alt=\"\" loading=\"lazy\" \/><\/a>\n\t\t\t<\/div><\/figure><figure class='gallery-item'>\n\t\t\t<div class='gallery-icon landscape'>\n\t\t\t\t<a title=\"Bal17\" href='http:\/\/serenita.pl\/wp-content\/uploads\/2018\/03\/Bal17.jpg'><img width=\"150\" height=\"150\" src=\"http:\/\/serenita.pl\/wp-content\/uploads\/2018\/03\/Bal17-150x150.jpg\" class=\"attachment-thumbnail size-thumbnail\" alt=\"\" loading=\"lazy\" \/><\/a>\n\t\t\t<\/div><\/figure><figure class='gallery-item'>\n\t\t\t<div class='gallery-icon landscape'>\n\t\t\t\t<a title=\"Bal18\" href='http:\/\/serenita.pl\/wp-content\/uploads\/2018\/03\/Bal18.jpg'><img width=\"150\" height=\"150\" src=\"http:\/\/serenita.pl\/wp-content\/uploads\/2018\/03\/Bal18-150x150.jpg\" class=\"attachment-thumbnail size-thumbnail\" alt=\"\" loading=\"lazy\" \/><\/a>\n\t\t\t<\/div><\/figure><figure class='gallery-item'>\n\t\t\t<div class='gallery-icon landscape'>\n\t\t\t\t<a title=\"Bal19\" href='http:\/\/serenita.pl\/wp-content\/uploads\/2018\/03\/Bal19.jpg'><img width=\"150\" height=\"150\" src=\"http:\/\/serenita.pl\/wp-content\/uploads\/2018\/03\/Bal19-150x150.jpg\" class=\"attachment-thumbnail size-thumbnail\" alt=\"\" loading=\"lazy\" \/><\/a>\n\t\t\t<\/div><\/figure>\n\t\t<\/div>\n\n<hr \/>\n<h3 style=\"text-align: center\">Bal ze \u015awi\u0119t\u0105 Joann\u0105<\/h3>\n<p style=\"text-align: center\"><strong>Stowarzyszenie Przyjaci\u00f3\u0142 \u015awi\u0119tej Joanny Beretty Molli<\/strong><br \/><strong>zaprasza na \u201eBal ze \u015awi\u0119t\u0105 Joann\u0105\u201d,<\/strong><br \/><strong>kt\u00f3ry odb\u0119dzie si\u0119 dnia 3 lutego 2018 roku<\/strong><br \/><strong>w \u201eRestauracji Ch\u0142opskiej\u201d w Skawinie o godz.19.30<\/strong><\/p>\n<div id='gallery-10' class='gallery galleryid-114 gallery-columns-1 gallery-size-full'><figure class='gallery-item'>\n\t\t\t<div class='gallery-icon landscape'>\n\t\t\t\t<a title=\"Bal 2018x\" href='http:\/\/serenita.pl\/wp-content\/uploads\/2018\/03\/Bal-2018x.png'><img width=\"3000\" height=\"2250\" src=\"http:\/\/serenita.pl\/wp-content\/uploads\/2018\/03\/Bal-2018x.png\" class=\"attachment-full size-full\" alt=\"\" loading=\"lazy\" srcset=\"http:\/\/serenita.pl\/wp-content\/uploads\/2018\/03\/Bal-2018x.png 3000w, http:\/\/serenita.pl\/wp-content\/uploads\/2018\/03\/Bal-2018x-400x300.png 400w, http:\/\/serenita.pl\/wp-content\/uploads\/2018\/03\/Bal-2018x-768x576.png 768w, http:\/\/serenita.pl\/wp-content\/uploads\/2018\/03\/Bal-2018x-1024x768.png 1024w, http:\/\/serenita.pl\/wp-content\/uploads\/2018\/03\/Bal-2018x-360x270.png 360w\" sizes=\"(max-width: 3000px) 100vw, 3000px\" \/><\/a>\n\t\t\t<\/div><\/figure>\n\t\t<\/div>\n\n<hr \/>\n<h3>Wielkopostny Dzie\u0144 Skupienia ze \u015awi\u0119t\u0105 Joann\u0105 dla m\u0142odzie\u017cy \u017ce\u0144skiej<\/h3>\n<p style=\"text-align: left\"><strong>Stowarzyszenie Przyjaci\u00f3\u0142 \u015awi\u0119tej Joanny Beretty Molli<br \/><\/strong><strong>zaprasza na <\/strong><strong>wielkopostny &#8222;Dzie\u0144 Skupienia ze \u015awi\u0119t\u0105 Joann\u0105&#8221; <\/strong><strong>dla m\u0142odzie\u017cy \u017ce\u0144skiej (studiuj\u0105cej i pracuj\u0105cej) <\/strong><strong>w dniu 17 lutego 2018 roku w Zag\u00f3rzu k\/ Chrzanowa.<\/strong><\/p>\n<p><strong>Rozpocz\u0119cie o godz. 10.00. Zako\u0144czenie oko\u0142o godz. 16.00.<\/strong><\/p>\n<p>W programie m.in.:<\/p>\n<p>* cappucino ze \u015awi\u0119t\u0105 Joann\u0105;<\/p>\n<p>* konferencja;<\/p>\n<p>* spotkanie w grupach;<\/p>\n<p>* rozmowy indywidualne;<\/p>\n<p>* mo\u017cliwo\u015b\u0107 udzia\u0142u we Mszy \u015awi\u0119tej o godz. 17.00.<\/p>\n<p>Udzia\u0142 w dniu skupienia jest bezp\u0142atny. Zapisy pod numerem tel. 509 987 917.<\/p>\n<p>Podstawowy i jedyny warunek \u2013 dobra wola \ud83d\ude42<\/p>\n<div id='gallery-11' class='gallery galleryid-114 gallery-columns-2 gallery-size-thumbnail'><figure class='gallery-item'>\n\t\t\t<div class='gallery-icon portrait'>\n\t\t\t\t<a title=\"Joanna02\" href='http:\/\/serenita.pl\/wp-content\/uploads\/2018\/03\/Joanna02.jpg'><img width=\"150\" height=\"150\" src=\"http:\/\/serenita.pl\/wp-content\/uploads\/2018\/03\/Joanna02-150x150.jpg\" class=\"attachment-thumbnail size-thumbnail\" alt=\"\" loading=\"lazy\" \/><\/a>\n\t\t\t<\/div><\/figure><figure class='gallery-item'>\n\t\t\t<div class='gallery-icon portrait'>\n\t\t\t\t<a title=\"Joanna01\" href='http:\/\/serenita.pl\/wp-content\/uploads\/2018\/03\/Joanna01.jpg'><img width=\"150\" height=\"150\" src=\"http:\/\/serenita.pl\/wp-content\/uploads\/2018\/03\/Joanna01-150x150.jpg\" class=\"attachment-thumbnail size-thumbnail\" alt=\"\" loading=\"lazy\" \/><\/a>\n\t\t\t<\/div><\/figure>\n\t\t<\/div>\n\n<hr \/>\n<h3>Dzie\u0144 skupienia ze \u015awi\u0119t\u0105 Joann\u0105<\/h3>\n<div id='gallery-12' class='gallery galleryid-114 gallery-columns-1 gallery-size-full'><figure class='gallery-item'>\n\t\t\t<div class='gallery-icon landscape'>\n\t\t\t\t<a title=\"Joanna2\" href='http:\/\/serenita.pl\/wp-content\/uploads\/2018\/03\/Joanna2.jpg'><img width=\"1200\" height=\"900\" src=\"http:\/\/serenita.pl\/wp-content\/uploads\/2018\/03\/Joanna2.jpg\" class=\"attachment-full size-full\" alt=\"\" loading=\"lazy\" srcset=\"http:\/\/serenita.pl\/wp-content\/uploads\/2018\/03\/Joanna2.jpg 1200w, http:\/\/serenita.pl\/wp-content\/uploads\/2018\/03\/Joanna2-400x300.jpg 400w, http:\/\/serenita.pl\/wp-content\/uploads\/2018\/03\/Joanna2-768x576.jpg 768w, http:\/\/serenita.pl\/wp-content\/uploads\/2018\/03\/Joanna2-1024x768.jpg 1024w, http:\/\/serenita.pl\/wp-content\/uploads\/2018\/03\/Joanna2-360x270.jpg 360w\" sizes=\"(max-width: 1200px) 100vw, 1200px\" \/><\/a>\n\t\t\t<\/div><\/figure>\n\t\t<\/div>\n\n<h1>\u201e<em>Joanna Beretta Molla \u2013 kobieta \u017cywej wiary\u201d<\/em><\/h1>\n<p>Zapraszamy na otwarty<br \/>Dzie\u0144 Skupienia ze \u015awi\u0119t\u0105 Joann\u0105<br \/>dnia 2 grudnia 2017 roku<br \/>(w godz. od 13.00 do 18.00)<br \/>do Parafii pw. Wniebowzi\u0119cia NMP<br \/>w Zag\u00f3rzu k\/Chrzanowa.<\/p>\n<p>Konferencje wyg\u0142osi<br \/>ks. dr Piotr G\u0105sior<\/p>\n<p>W programie: kawa, herbata, konferencja, ciep\u0142y posi\u0142ek, spotkanie w grupach, adoracja, modlitwa indywidualna, mo\u017cliwo\u015b\u0107 spowiedzi oraz Msza \u015awi\u0119ta.<\/p>\n<p>Wszystkich zainteresowanych prosimy o zg\u0142oszenie uczestnictwa pod numerem tel. 602\u00a0722\u00a0946<\/p>\n<p><strong>ZAPRASZAMY!!!<\/strong><\/p>\n<hr \/>\n<h3>Rekolekcje dla ma\u0142\u017ce\u0144stw<\/h3>\n<h3>\u201eZajmijcie si\u0119 mi\u0142o\u015bci\u0105\u201d<\/h3>\n<p>\u201ePrzez te kilka dni zajmijcie si\u0119 swoj\u0105 mi\u0142o\u015bci\u0105.\u201d Tymi s\u0142owami, podczas Eucharystii rozpoczynaj\u0105cej trzeci\u0105 edycj\u0119 rekolekcji ma\u0142\u017ce\u0144skich organizowanych przez Stowarzyszenie Przyjaci\u00f3\u0142 \u015awi\u0119tej Joanny Beretty Molli, przywita\u0142 uczestnik\u00f3w moderator, ks. dr Piotr G\u0105sior. Program tych dni zak\u0142ada\u0142 m.in.: wsp\u00f3ln\u0105 modlitw\u0119, Eucharysti\u0119, homilie, konferencje i jak\u017ce wa\u017cny czas na dialogi ma\u0142\u017ce\u0144skie. Wszystko po to, by stworzy\u0107 warunki sprzyjaj\u0105ce weryfikacji, umacnianiu i piel\u0119gnowaniu mi\u0142o\u015bci mi\u0119dzy m\u0119\u017cem i \u017con\u0105.<\/p>\n<div id='gallery-13' class='gallery galleryid-114 gallery-columns-1 gallery-size-full'><figure class='gallery-item'>\n\t\t\t<div class='gallery-icon landscape'>\n\t\t\t\t<a title=\"Rekolekcje\" href='http:\/\/serenita.pl\/wp-content\/uploads\/2018\/03\/Rekolekcje.jpg'><img width=\"960\" height=\"720\" src=\"http:\/\/serenita.pl\/wp-content\/uploads\/2018\/03\/Rekolekcje.jpg\" class=\"attachment-full size-full\" alt=\"\" loading=\"lazy\" srcset=\"http:\/\/serenita.pl\/wp-content\/uploads\/2018\/03\/Rekolekcje.jpg 960w, http:\/\/serenita.pl\/wp-content\/uploads\/2018\/03\/Rekolekcje-400x300.jpg 400w, http:\/\/serenita.pl\/wp-content\/uploads\/2018\/03\/Rekolekcje-768x576.jpg 768w, http:\/\/serenita.pl\/wp-content\/uploads\/2018\/03\/Rekolekcje-360x270.jpg 360w\" sizes=\"(max-width: 960px) 100vw, 960px\" \/><\/a>\n\t\t\t<\/div><\/figure>\n\t\t<\/div>\n\n<p>Ci, kt\u00f3rzy w tym roku przyjechali do Kro\u015bcienka, mogli zainspirowa\u0107 si\u0119 i zachwyci\u0107 przyk\u0142adem mi\u0142o\u015bci Joanny i Piotra Moll\u00f3w. W\u015br\u00f3d uczestnik\u00f3w znale\u017ali si\u0119 ma\u0142\u017conkowie zar\u00f3wno z dwu, jak i czterdziestoparoletnim sta\u017cem. Jest to najlepszy dow\u00f3d, \u017ce rekolekcje \u201eMi\u0142o\u015b\u0107 piel\u0119gnowana, czyli co to znaczy \u015blubuj\u0119 Ci uczciwo\u015b\u0107 ma\u0142\u017ce\u0144sk\u0105\u201d naprawd\u0119 s\u0105 dla wszystkich.<\/p>\n<p>Bardzo dzi\u0119kujemy prowadz\u0105cym Piotrowi i Basi Sukiennikom oraz ks. Piotrowi G\u0105siorowi za czytelny przekaz poparty w\u0142asnym \u015bwiadectwem i konkretnymi przyk\u0142adami. \u201eR\u00f3wni s\u0142u\u017c\u0105 r\u00f3wnym\u201d. Tak by\u0142o i w tym wypadku. Na pewno Ojciec \u015awi\u0119ty zar\u00f3wno Pawe\u0142 VI, jak i Jan Pawe\u0142 II byliby zadowoleni, \u017ce ich wskaz\u00f3wki s\u0105 wprowadzane w duszpasterstwo i praktyk\u0119 \u017cycia rodzinnego.<\/p>\n<p>Zapraszamy ponownie. By\u0107 mo\u017ce za rok!<\/p>\n<hr \/>\n<h3>Spotkanie Cz\u0142onk\u00f3w i Sympatyk\u00f3w Stowarzyszenia<\/h3>\n<p>Dnia 23 wrze\u015bnia 2017 r. w parafii Wniebowzi\u0119cia NMP w Zag\u00f3rzu ko\u0142o Chrzanowa odby\u0142o si\u0119 spotkanie cz\u0142onk\u00f3w i sympatyk\u00f3w Stowarzyszenia. Tradycyjnie rozpocz\u0119li\u015bmy Msz\u0105 \u015aw., a p\u00f3\u017aniej udali\u015bmy si\u0119 na spotkanie. Po powitaniu wszystkich przez prezesa nast\u0105pi\u0142o uroczyste przyj\u0119cie nowych os\u00f3b na cz\u0142onk\u00f3w: Anny i Dariusza Korgol\u00f3w z Mazur. Raz jeszcze serdecznie witamy i wyra\u017cam rado\u015b\u0107 z Ich obecno\u015bci. Cieszymy si\u0119, \u017ce horyzonty Stowarzyszenia rozszerzaj\u0105 si\u0119 o kolejne osoby i na nowe tereny. Go\u015bcili\u015bmy r\u00f3wnie\u017c na spotkaniu naszych Sympatyk\u00f3w (i nie tylko) z S\u0105cza, Warszawy i Skawiny. W czasie spotkania om\u00f3wione zosta\u0142y wa\u017cne kwestie zwi\u0105zane z\u00a0dzia\u0142alno\u015bci\u0105 Stowarzyszenia, o kt\u00f3rych b\u0119dziemy niebawem informowa\u0107.<\/p>\n<hr \/>\n<h3>Kapliczka pod Gorcem<\/h3>\n<p>I oto ju\u017c jest. Powsta\u0142a druga (pierwsz\u0105 znajdziemy na g\u00f3rze Potaczkowej (746 m.n.p.m.) ko\u0142o Podobina) g\u00f3rska kapliczka dedykowana \u015bw. Joannie. B\u0119dzie stanowi\u0107 kolejne miejsce spotkania ze \u015awi\u0119t\u0105 na zaplanowanym i konsekwentnie realizowanym pierwszym w Polsce g\u00f3rskim szlaku \u015bw. Joanny Beretty Molli.<br \/>O wykonanie ca\u0142o\u015bci zatroszczy\u0142 si\u0119 przede wszystkim Piotr Sukiennik. Zabrawszy potrzebny sprz\u0119t uda\u0142 si\u0119 18 wrze\u015bnia 2017 roku wraz z ks. Piotrem G\u0105siorem na \u017c\u00f3\u0142ty szlak w okolicy Ochotnicy G\u00f3rnej. Po wst\u0119pnej konsultacji z \u2013 co warto podkre\u015bli\u0107 &#8211; bardzo \u017cyczliwymi miejscowymi lud\u017ami obydwaj zadecydowali, \u017ce miejscem lokalizacji b\u0119dzie ostatecznie niewielka skarpa (na wysoko\u015bci 835 m.n.p.m.) opodal Gorcza\u0144skiej Chaty znanej pod dawn\u0105 nazw\u0105 \u201eHawiarskiej Koliby\u201d (por. <a href=\"https:\/\/l.facebook.com\/l.php?u=http%3A%2F%2Fwww.gorczanska.pl%2F&amp;h=ATNVDhJYzvhgtuzWOV1ekMHTzuYOfnFJXVKE4bbupO9AEjTef60gbDIFVknDy2SM9jsxeCEuOhmwqR_z_kDvAcnUXnIVbp-ffKI80A2wUIrz0-m_78WQaXSK6oIOijrJSOR08keduqCDi-igmHluYYe7uVSa4CTzBuC4VEfIVwaeRD2zOofJ5sj9fFXVCaDW0KZTApedK8MoI5pzqGCyZRHqhXeBlqQelo28BTUMgEx-XZnWdi1WgEQlklF2LsXSV_X1cH8G6laRtiA3f5nElV5V6F2xur7WKSo\">www.gorczanska.pl<\/a>) w przysi\u00f3\u0142ku Jamne 161.<br \/>Ustawiona kapliczka zosta\u0142a skierowana frontem w kierunku po\u0142udniowym. Jest doskonale widoczna zar\u00f3wno dla zmierzaj\u0105cych do schroniska, jak i przez turyst\u00f3w schodz\u0105cych z g\u00f3rnych partii szlaku \u017c\u00f3\u0142tego. W zamy\u015ble inicjator\u00f3w kapliczki, czyli Stowarzyszenia Przyjaci\u00f3\u0142 \u015bw. Joanny obok wizerunku Joanny z dzieckiem widniej kod kreskowy QR, kt\u00f3ry pozwala zainteresowanym bez zw\u0142oki przej\u015b\u0107 na stron\u0119 internetow\u0105 <a href=\"http:\/\/www.serenita.pl\/\">www.serenita.pl<\/a> i od razu poczyta\u0107 nieco wi\u0119cej o tej \u015bwi\u0119tej.<br \/>Pod kolorow\u0105 fotografi\u0105 nietrudno zauwa\u017cy\u0107 metalowy symbol konwalii. A to dlatego, \u017ce w\u0142a\u015bnie konwalie by\u0142y ulubionymi kwiatami naszej patronki. By\u0107 mo\u017ce ju\u017c na wiosn\u0119 zakwitn\u0105 tam r\u00f3wnie\u017c \u017cywe okazy posadzonych ro\u015blin. Ale nie czekajmy a\u017c tak d\u0142ugo. Gorce s\u0105 pi\u0119kne tak\u017ce jesieni\u0105 i zim\u0105. A spotkanie przy tej kapliczce i pogaw\u0119dzenie sobie w Chacie przy ciep\u0142ej herbacie to perspektywa, z kt\u00f3rej warto skorzysta\u0107 jeszcze w tym roku.<br \/>Kapliczka zosta\u0142o wst\u0119pnie pob\u0142ogos\u0142awiona. Niechaj s\u0142u\u017cy. I niechaj b\u0119dzie jeszcze jednym \u017cywym \u015bwiadectwem tajemnicy \u015bwi\u0119tych obcowania.<\/p>\n<div id='gallery-14' class='gallery galleryid-114 gallery-columns-3 gallery-size-thumbnail'><figure class='gallery-item'>\n\t\t\t<div class='gallery-icon landscape'>\n\t\t\t\t<a title=\"21686347_1831938970180304_3763840720216070944_n\" href='http:\/\/serenita.pl\/wp-content\/uploads\/2018\/03\/21686347_1831938970180304_3763840720216070944_n.jpg'><img width=\"150\" height=\"150\" src=\"http:\/\/serenita.pl\/wp-content\/uploads\/2018\/03\/21686347_1831938970180304_3763840720216070944_n-150x150.jpg\" class=\"attachment-thumbnail size-thumbnail\" alt=\"\" loading=\"lazy\" \/><\/a>\n\t\t\t<\/div><\/figure><figure class='gallery-item'>\n\t\t\t<div class='gallery-icon landscape'>\n\t\t\t\t<a title=\"21557674_1831939306846937_9035920287101426856_n\" href='http:\/\/serenita.pl\/wp-content\/uploads\/2018\/03\/21557674_1831939306846937_9035920287101426856_n.jpg'><img width=\"150\" height=\"150\" src=\"http:\/\/serenita.pl\/wp-content\/uploads\/2018\/03\/21557674_1831939306846937_9035920287101426856_n-150x150.jpg\" class=\"attachment-thumbnail size-thumbnail\" alt=\"\" loading=\"lazy\" \/><\/a>\n\t\t\t<\/div><\/figure><figure class='gallery-item'>\n\t\t\t<div class='gallery-icon landscape'>\n\t\t\t\t<a title=\"21558872_1831938810180320_3821008419298792841_n\" href='http:\/\/serenita.pl\/wp-content\/uploads\/2018\/03\/21558872_1831938810180320_3821008419298792841_n.jpg'><img width=\"150\" height=\"150\" src=\"http:\/\/serenita.pl\/wp-content\/uploads\/2018\/03\/21558872_1831938810180320_3821008419298792841_n-150x150.jpg\" class=\"attachment-thumbnail size-thumbnail\" alt=\"\" loading=\"lazy\" \/><\/a>\n\t\t\t<\/div><\/figure><figure class='gallery-item'>\n\t\t\t<div class='gallery-icon landscape'>\n\t\t\t\t<a title=\"21616006_1831938176847050_4624672644644072958_n\" href='http:\/\/serenita.pl\/wp-content\/uploads\/2018\/03\/21616006_1831938176847050_4624672644644072958_n.jpg'><img width=\"150\" height=\"150\" src=\"http:\/\/serenita.pl\/wp-content\/uploads\/2018\/03\/21616006_1831938176847050_4624672644644072958_n-150x150.jpg\" class=\"attachment-thumbnail size-thumbnail\" alt=\"\" loading=\"lazy\" \/><\/a>\n\t\t\t<\/div><\/figure><figure class='gallery-item'>\n\t\t\t<div class='gallery-icon landscape'>\n\t\t\t\t<a title=\"21616130_1831939200180281_8325739928277067945_n\" href='http:\/\/serenita.pl\/wp-content\/uploads\/2018\/03\/21616130_1831939200180281_8325739928277067945_n.jpg'><img width=\"150\" height=\"150\" src=\"http:\/\/serenita.pl\/wp-content\/uploads\/2018\/03\/21616130_1831939200180281_8325739928277067945_n-150x150.jpg\" class=\"attachment-thumbnail size-thumbnail\" alt=\"\" loading=\"lazy\" \/><\/a>\n\t\t\t<\/div><\/figure><figure class='gallery-item'>\n\t\t\t<div class='gallery-icon landscape'>\n\t\t\t\t<a title=\"21616157_1831939150180286_1603820057706351056_n\" href='http:\/\/serenita.pl\/wp-content\/uploads\/2018\/03\/21616157_1831939150180286_1603820057706351056_n.jpg'><img width=\"150\" height=\"150\" src=\"http:\/\/serenita.pl\/wp-content\/uploads\/2018\/03\/21616157_1831939150180286_1603820057706351056_n-150x150.jpg\" class=\"attachment-thumbnail size-thumbnail\" alt=\"\" loading=\"lazy\" \/><\/a>\n\t\t\t<\/div><\/figure><figure class='gallery-item'>\n\t\t\t<div class='gallery-icon landscape'>\n\t\t\t\t<a title=\"21617605_1831938563513678_5245930305241592498_n\" href='http:\/\/serenita.pl\/wp-content\/uploads\/2018\/03\/21617605_1831938563513678_5245930305241592498_n.jpg'><img width=\"150\" height=\"150\" src=\"http:\/\/serenita.pl\/wp-content\/uploads\/2018\/03\/21617605_1831938563513678_5245930305241592498_n-150x150.jpg\" class=\"attachment-thumbnail size-thumbnail\" alt=\"\" loading=\"lazy\" \/><\/a>\n\t\t\t<\/div><\/figure><figure class='gallery-item'>\n\t\t\t<div class='gallery-icon landscape'>\n\t\t\t\t<a title=\"21686282_1831939096846958_8274119729652685888_n\" href='http:\/\/serenita.pl\/wp-content\/uploads\/2018\/03\/21686282_1831939096846958_8274119729652685888_n.jpg'><img width=\"150\" height=\"150\" src=\"http:\/\/serenita.pl\/wp-content\/uploads\/2018\/03\/21686282_1831939096846958_8274119729652685888_n-150x150.jpg\" class=\"attachment-thumbnail size-thumbnail\" alt=\"\" loading=\"lazy\" \/><\/a>\n\t\t\t<\/div><\/figure>\n\t\t<\/div>\n\n<p><a href=\"https:\/\/goo.gl\/maps\/GzbzaTYPUsn\" target=\"_blank\" rel=\"noopener noreferrer\">Na mapie<\/a><\/p>\n<hr \/>\n<h3>Kolejne rekolekcje pod patronatem Stowarzyszenia<\/h3>\n<p>Serdecznie zapraszamy na kolejne rekolekcje ma\u0142\u017ce\u0144skie pod patronatem Stowarzyszenia Przyjaci\u00f3\u0142 \u015awi\u0119tej Joanny Beretty Molli w dniach 20-22 pa\u017adziernika 2017 roku. Szczeg\u00f3\u0142y na plakacie.<\/p>\n<div id='gallery-15' class='gallery galleryid-114 gallery-columns-1 gallery-size-full'><figure class='gallery-item'>\n\t\t\t<div class='gallery-icon portrait'>\n\t\t\t\t<a title=\"mi\u0142o\u015bc piel\u0119gnowana strona\" href='http:\/\/serenita.pl\/wp-content\/uploads\/2018\/03\/mi\u0142o\u015bc-piel\u0119gnowana-strona.jpg'><img width=\"1349\" height=\"1909\" src=\"http:\/\/serenita.pl\/wp-content\/uploads\/2018\/03\/mi\u0142o\u015bc-piel\u0119gnowana-strona.jpg\" class=\"attachment-full size-full\" alt=\"\" loading=\"lazy\" srcset=\"http:\/\/serenita.pl\/wp-content\/uploads\/2018\/03\/mi\u0142o\u015bc-piel\u0119gnowana-strona.jpg 1349w, http:\/\/serenita.pl\/wp-content\/uploads\/2018\/03\/mi\u0142o\u015bc-piel\u0119gnowana-strona-283x400.jpg 283w, http:\/\/serenita.pl\/wp-content\/uploads\/2018\/03\/mi\u0142o\u015bc-piel\u0119gnowana-strona-768x1087.jpg 768w, http:\/\/serenita.pl\/wp-content\/uploads\/2018\/03\/mi\u0142o\u015bc-piel\u0119gnowana-strona-724x1024.jpg 724w, http:\/\/serenita.pl\/wp-content\/uploads\/2018\/03\/mi\u0142o\u015bc-piel\u0119gnowana-strona-191x270.jpg 191w\" sizes=\"(max-width: 1349px) 100vw, 1349px\" \/><\/a>\n\t\t\t<\/div><\/figure>\n\t\t<\/div>\n\n<hr \/>\n<h3>\u015awi\u0119ta Joanna w TVP Krak\u00f3w<\/h3>\n<p>Drodzy! Nasz film &#8222;\u015awi\u0119ta z s\u0105siedztwa&#8221; o \u015bw. Joannie z aktualnym telewizyjnym wprowadzeniem (Szko\u0142a \u015bw. Joanny, figurka w Zag\u00f3rzu) b\u0119dzie pokazywany na antenie TVP Krak\u00f3w w programie &#8222;Wol\u0119 dokument&#8221; we wtorek 23 maja 2017 roku o godz. 19.05. Ogl\u0105dajcie koniecznie, zobaczycie nowych ludzi i nowe Dzie\u0142a&#8230;<\/p>\n<div id='gallery-16' class='gallery galleryid-114 gallery-columns-1 gallery-size-full'><figure class='gallery-item'>\n\t\t\t<div class='gallery-icon landscape'>\n\t\t\t\t<a title=\"film\" href='http:\/\/serenita.pl\/wp-content\/uploads\/2018\/03\/film.jpg'><img width=\"497\" height=\"280\" src=\"http:\/\/serenita.pl\/wp-content\/uploads\/2018\/03\/film.jpg\" class=\"attachment-full size-full\" alt=\"\" loading=\"lazy\" srcset=\"http:\/\/serenita.pl\/wp-content\/uploads\/2018\/03\/film.jpg 497w, http:\/\/serenita.pl\/wp-content\/uploads\/2018\/03\/film-400x225.jpg 400w, http:\/\/serenita.pl\/wp-content\/uploads\/2018\/03\/film-479x270.jpg 479w\" sizes=\"(max-width: 497px) 100vw, 497px\" \/><\/a>\n\t\t\t<\/div><\/figure>\n\t\t<\/div>\n\n<hr \/>\n<h3>\u015awi\u0119ta Joanna Beretta Molla w Zag\u00f3rzu<\/h3>\n<p>Od soboty, 29 kwietnia, mo\u017cemy odwiedza\u0107 \u015awi\u0119t\u0105 Joann\u0119 r\u00f3wnie\u017c w Zag\u00f3rzu ko\u0142o Chrzanowa. W\u0142a\u015bnie wtedy zaraz po mszy \u015bwi\u0119tej wieczornej o 18 mia\u0142o miejsce uroczyste po\u015bwi\u0119cenie jej marmurowej figury. Miejscem instalacji jest tzw. &#8222;Zau\u0142ek \u015awi\u0119tej Joanny&#8221;, kt\u00f3ry znajduje si\u0119 przed domem parafialnym przy ulicy Pi\u0142sudskiego.<\/p>\n<p>Pomys\u0142odawc\u0105 tego\u017c wydarzenia jest tamtejszy proboszcz ks. dr Piotr G\u0105sior, kt\u00f3ry inspirowa\u0142 si\u0119 konkretn\u0105 scen\u0105 z \u017cycia Joanny i jej m\u0119\u017ca Piotra udokumentowan\u0105 na jednej z ich rodzinnych fotografii. Fundatorami figury s\u0105 cz\u0142onkowie Og\u00f3lnopolskiego Stowarzyszenia Przyjaci\u00f3\u0142 \u015awi\u0119tej Joanny Beretty Molli. Dzie\u0142o wysz\u0142o spod d\u0142uta artysty rze\u017abiarza Micha\u0142a Wi\u015bniosa z\u00a0Czu\u0142\u00f3wka.\u00a0A kamienny cok\u00f3\u0142 wznie\u015bli Zag\u00f3rzanie: Leszek Kozio\u0142, Wies\u0142aw Telenga i\u00a0Damian Chlaszek<\/p>\n<p>Przebieg uroczysto\u015bci:<\/p>\n<p>Po powitaniu zebranych przez gospodarza miejsca s\u0142owo zabra\u0142 Jacek Sarniak \u2013 Prezes Stowarzyszenia Przyjaci\u00f3\u0142 \u015awi\u0119tej Joanny. Nast\u0119pnie zosta\u0142a wyja\u015bniona idea samej figury. Samego ods\u0142oni\u0119cia figury Joanny z dzieckiem na r\u0119ku dokona\u0142a r\u00f3wnie\u017c Joanna trzymaj\u0105ca w\u0142asne dzieci\u0105tko. By\u0142a to naprawd\u0119 bardzo wymowna i pe\u0142na emocji chwila, kt\u00f3rej towarzyszy\u0142 \u015bpiew pana organisty Romana S\u0142awe\u0144skiego, parafian i przyjezdnych go\u015bci. Modlitw\u0119 b\u0142ogos\u0142awie\u0144stwa odm\u00f3wi\u0142 dziekan dekanatu Babice ks. dr Jan Piwowarczyk. Po jego pi\u0119knym przem\u00f3wieniu swoimi refleksjami z tworzenia rze\u017aby podzieli\u0142 si\u0119 sam jej tw\u00f3rca. Na koniec, zanim jeszcze zgromadzeni zacz\u0119li robi\u0107 sobie pami\u0105tkowe zdj\u0119cia, schola parafialna &#8222;Konwalijki&#8221; pod przewodnictwem animatorki muzycznej Wiktorii Kosowskiej z wyczuwalnym wzruszeniem i entuzjazmem od\u015bpiewa\u0142a hymn na cz\u0119\u015b\u0107 swojej patronki &#8222;Ciao Gianna&#8221;.<\/p>\n<div id='gallery-17' class='gallery galleryid-114 gallery-columns-3 gallery-size-full'><figure class='gallery-item'>\n\t\t\t<div class='gallery-icon landscape'>\n\t\t\t\t<a title=\"01_DSC05724\" href='http:\/\/serenita.pl\/wp-content\/uploads\/2018\/03\/01_DSC05724.jpg'><img width=\"640\" height=\"393\" src=\"http:\/\/serenita.pl\/wp-content\/uploads\/2018\/03\/01_DSC05724.jpg\" class=\"attachment-full size-full\" alt=\"\" loading=\"lazy\" srcset=\"http:\/\/serenita.pl\/wp-content\/uploads\/2018\/03\/01_DSC05724.jpg 640w, http:\/\/serenita.pl\/wp-content\/uploads\/2018\/03\/01_DSC05724-400x246.jpg 400w, http:\/\/serenita.pl\/wp-content\/uploads\/2018\/03\/01_DSC05724-440x270.jpg 440w\" sizes=\"(max-width: 640px) 100vw, 640px\" \/><\/a>\n\t\t\t<\/div><\/figure><figure class='gallery-item'>\n\t\t\t<div class='gallery-icon landscape'>\n\t\t\t\t<a title=\"01_prezentacja1a\" href='http:\/\/serenita.pl\/wp-content\/uploads\/2018\/03\/01_prezentacja1a.jpg'><img width=\"1164\" height=\"582\" src=\"http:\/\/serenita.pl\/wp-content\/uploads\/2018\/03\/01_prezentacja1a.jpg\" class=\"attachment-full size-full\" alt=\"\" loading=\"lazy\" srcset=\"http:\/\/serenita.pl\/wp-content\/uploads\/2018\/03\/01_prezentacja1a.jpg 1164w, http:\/\/serenita.pl\/wp-content\/uploads\/2018\/03\/01_prezentacja1a-400x200.jpg 400w, http:\/\/serenita.pl\/wp-content\/uploads\/2018\/03\/01_prezentacja1a-768x384.jpg 768w, http:\/\/serenita.pl\/wp-content\/uploads\/2018\/03\/01_prezentacja1a-1024x512.jpg 1024w, http:\/\/serenita.pl\/wp-content\/uploads\/2018\/03\/01_prezentacja1a-540x270.jpg 540w\" sizes=\"(max-width: 1164px) 100vw, 1164px\" \/><\/a>\n\t\t\t<\/div><\/figure><figure class='gallery-item'>\n\t\t\t<div class='gallery-icon landscape'>\n\t\t\t\t<a title=\"03_Image0011\" href='http:\/\/serenita.pl\/wp-content\/uploads\/2018\/03\/03_Image0011.jpg'><img width=\"1165\" height=\"674\" src=\"http:\/\/serenita.pl\/wp-content\/uploads\/2018\/03\/03_Image0011.jpg\" class=\"attachment-full size-full\" alt=\"\" loading=\"lazy\" srcset=\"http:\/\/serenita.pl\/wp-content\/uploads\/2018\/03\/03_Image0011.jpg 1165w, http:\/\/serenita.pl\/wp-content\/uploads\/2018\/03\/03_Image0011-400x231.jpg 400w, http:\/\/serenita.pl\/wp-content\/uploads\/2018\/03\/03_Image0011-768x444.jpg 768w, http:\/\/serenita.pl\/wp-content\/uploads\/2018\/03\/03_Image0011-1024x592.jpg 1024w, http:\/\/serenita.pl\/wp-content\/uploads\/2018\/03\/03_Image0011-467x270.jpg 467w\" sizes=\"(max-width: 1165px) 100vw, 1165px\" \/><\/a>\n\t\t\t<\/div><\/figure><figure class='gallery-item'>\n\t\t\t<div class='gallery-icon landscape'>\n\t\t\t\t<a title=\"04_Image0013\" href='http:\/\/serenita.pl\/wp-content\/uploads\/2018\/03\/04_Image0013.jpg'><img width=\"1170\" height=\"741\" src=\"http:\/\/serenita.pl\/wp-content\/uploads\/2018\/03\/04_Image0013.jpg\" class=\"attachment-full size-full\" alt=\"\" loading=\"lazy\" srcset=\"http:\/\/serenita.pl\/wp-content\/uploads\/2018\/03\/04_Image0013.jpg 1170w, http:\/\/serenita.pl\/wp-content\/uploads\/2018\/03\/04_Image0013-400x253.jpg 400w, http:\/\/serenita.pl\/wp-content\/uploads\/2018\/03\/04_Image0013-768x486.jpg 768w, http:\/\/serenita.pl\/wp-content\/uploads\/2018\/03\/04_Image0013-1024x649.jpg 1024w, http:\/\/serenita.pl\/wp-content\/uploads\/2018\/03\/04_Image0013-426x270.jpg 426w\" sizes=\"(max-width: 1170px) 100vw, 1170px\" \/><\/a>\n\t\t\t<\/div><\/figure><figure class='gallery-item'>\n\t\t\t<div class='gallery-icon landscape'>\n\t\t\t\t<a title=\"05_Image0005\" href='http:\/\/serenita.pl\/wp-content\/uploads\/2018\/03\/05_Image0005.jpg'><img width=\"1199\" height=\"677\" src=\"http:\/\/serenita.pl\/wp-content\/uploads\/2018\/03\/05_Image0005.jpg\" class=\"attachment-full size-full\" alt=\"\" loading=\"lazy\" srcset=\"http:\/\/serenita.pl\/wp-content\/uploads\/2018\/03\/05_Image0005.jpg 1199w, http:\/\/serenita.pl\/wp-content\/uploads\/2018\/03\/05_Image0005-400x226.jpg 400w, http:\/\/serenita.pl\/wp-content\/uploads\/2018\/03\/05_Image0005-768x434.jpg 768w, http:\/\/serenita.pl\/wp-content\/uploads\/2018\/03\/05_Image0005-1024x578.jpg 1024w, http:\/\/serenita.pl\/wp-content\/uploads\/2018\/03\/05_Image0005-478x270.jpg 478w\" sizes=\"(max-width: 1199px) 100vw, 1199px\" \/><\/a>\n\t\t\t<\/div><\/figure><figure class='gallery-item'>\n\t\t\t<div class='gallery-icon landscape'>\n\t\t\t\t<a title=\"06_DSC05750\" href='http:\/\/serenita.pl\/wp-content\/uploads\/2018\/03\/06_DSC05750.jpg'><img width=\"800\" height=\"450\" src=\"http:\/\/serenita.pl\/wp-content\/uploads\/2018\/03\/06_DSC05750.jpg\" class=\"attachment-full size-full\" alt=\"\" loading=\"lazy\" srcset=\"http:\/\/serenita.pl\/wp-content\/uploads\/2018\/03\/06_DSC05750.jpg 800w, http:\/\/serenita.pl\/wp-content\/uploads\/2018\/03\/06_DSC05750-400x225.jpg 400w, http:\/\/serenita.pl\/wp-content\/uploads\/2018\/03\/06_DSC05750-768x432.jpg 768w, http:\/\/serenita.pl\/wp-content\/uploads\/2018\/03\/06_DSC05750-480x270.jpg 480w\" sizes=\"(max-width: 800px) 100vw, 800px\" \/><\/a>\n\t\t\t<\/div><\/figure><figure class='gallery-item'>\n\t\t\t<div class='gallery-icon landscape'>\n\t\t\t\t<a title=\"07_Image0010\" href='http:\/\/serenita.pl\/wp-content\/uploads\/2018\/03\/07_Image0010.jpg'><img width=\"1200\" height=\"730\" src=\"http:\/\/serenita.pl\/wp-content\/uploads\/2018\/03\/07_Image0010.jpg\" class=\"attachment-full size-full\" alt=\"\" loading=\"lazy\" srcset=\"http:\/\/serenita.pl\/wp-content\/uploads\/2018\/03\/07_Image0010.jpg 1200w, http:\/\/serenita.pl\/wp-content\/uploads\/2018\/03\/07_Image0010-400x243.jpg 400w, http:\/\/serenita.pl\/wp-content\/uploads\/2018\/03\/07_Image0010-768x467.jpg 768w, http:\/\/serenita.pl\/wp-content\/uploads\/2018\/03\/07_Image0010-1024x623.jpg 1024w, http:\/\/serenita.pl\/wp-content\/uploads\/2018\/03\/07_Image0010-444x270.jpg 444w\" sizes=\"(max-width: 1200px) 100vw, 1200px\" \/><\/a>\n\t\t\t<\/div><\/figure><figure class='gallery-item'>\n\t\t\t<div class='gallery-icon landscape'>\n\t\t\t\t<a title=\"08_Image0045\" href='http:\/\/serenita.pl\/wp-content\/uploads\/2018\/03\/08_Image0045.jpg'><img width=\"1200\" height=\"800\" src=\"http:\/\/serenita.pl\/wp-content\/uploads\/2018\/03\/08_Image0045.jpg\" class=\"attachment-full size-full\" alt=\"\" loading=\"lazy\" srcset=\"http:\/\/serenita.pl\/wp-content\/uploads\/2018\/03\/08_Image0045.jpg 1200w, http:\/\/serenita.pl\/wp-content\/uploads\/2018\/03\/08_Image0045-400x267.jpg 400w, http:\/\/serenita.pl\/wp-content\/uploads\/2018\/03\/08_Image0045-768x512.jpg 768w, http:\/\/serenita.pl\/wp-content\/uploads\/2018\/03\/08_Image0045-1024x683.jpg 1024w, http:\/\/serenita.pl\/wp-content\/uploads\/2018\/03\/08_Image0045-405x270.jpg 405w\" sizes=\"(max-width: 1200px) 100vw, 1200px\" \/><\/a>\n\t\t\t<\/div><\/figure><figure class='gallery-item'>\n\t\t\t<div class='gallery-icon landscape'>\n\t\t\t\t<a title=\"09_Image0019-1\" href='http:\/\/serenita.pl\/wp-content\/uploads\/2018\/03\/09_Image0019-1.jpg'><img width=\"1199\" height=\"800\" src=\"http:\/\/serenita.pl\/wp-content\/uploads\/2018\/03\/09_Image0019-1.jpg\" class=\"attachment-full size-full\" alt=\"\" loading=\"lazy\" srcset=\"http:\/\/serenita.pl\/wp-content\/uploads\/2018\/03\/09_Image0019-1.jpg 1199w, http:\/\/serenita.pl\/wp-content\/uploads\/2018\/03\/09_Image0019-1-400x267.jpg 400w, http:\/\/serenita.pl\/wp-content\/uploads\/2018\/03\/09_Image0019-1-768x512.jpg 768w, http:\/\/serenita.pl\/wp-content\/uploads\/2018\/03\/09_Image0019-1-1024x683.jpg 1024w, http:\/\/serenita.pl\/wp-content\/uploads\/2018\/03\/09_Image0019-1-405x270.jpg 405w\" sizes=\"(max-width: 1199px) 100vw, 1199px\" \/><\/a>\n\t\t\t<\/div><\/figure><figure class='gallery-item'>\n\t\t\t<div class='gallery-icon portrait'>\n\t\t\t\t<a title=\"10_Image0043\" href='http:\/\/serenita.pl\/wp-content\/uploads\/2018\/03\/10_Image0043.jpg'><img width=\"787\" height=\"800\" src=\"http:\/\/serenita.pl\/wp-content\/uploads\/2018\/03\/10_Image0043.jpg\" class=\"attachment-full size-full\" alt=\"\" loading=\"lazy\" srcset=\"http:\/\/serenita.pl\/wp-content\/uploads\/2018\/03\/10_Image0043.jpg 787w, http:\/\/serenita.pl\/wp-content\/uploads\/2018\/03\/10_Image0043-394x400.jpg 394w, http:\/\/serenita.pl\/wp-content\/uploads\/2018\/03\/10_Image0043-768x781.jpg 768w, http:\/\/serenita.pl\/wp-content\/uploads\/2018\/03\/10_Image0043-266x270.jpg 266w\" sizes=\"(max-width: 787px) 100vw, 787px\" \/><\/a>\n\t\t\t<\/div><\/figure><figure class='gallery-item'>\n\t\t\t<div class='gallery-icon portrait'>\n\t\t\t\t<a title=\"11_Image0040\" href='http:\/\/serenita.pl\/wp-content\/uploads\/2018\/03\/11_Image0040.jpg'><img width=\"798\" height=\"800\" src=\"http:\/\/serenita.pl\/wp-content\/uploads\/2018\/03\/11_Image0040.jpg\" class=\"attachment-full size-full\" alt=\"\" loading=\"lazy\" srcset=\"http:\/\/serenita.pl\/wp-content\/uploads\/2018\/03\/11_Image0040.jpg 798w, http:\/\/serenita.pl\/wp-content\/uploads\/2018\/03\/11_Image0040-150x150.jpg 150w, http:\/\/serenita.pl\/wp-content\/uploads\/2018\/03\/11_Image0040-400x400.jpg 400w, http:\/\/serenita.pl\/wp-content\/uploads\/2018\/03\/11_Image0040-768x770.jpg 768w, http:\/\/serenita.pl\/wp-content\/uploads\/2018\/03\/11_Image0040-269x270.jpg 269w\" sizes=\"(max-width: 798px) 100vw, 798px\" \/><\/a>\n\t\t\t<\/div><\/figure><figure class='gallery-item'>\n\t\t\t<div class='gallery-icon landscape'>\n\t\t\t\t<a title=\"12_Image0019\" href='http:\/\/serenita.pl\/wp-content\/uploads\/2018\/03\/12_Image0019.jpg'><img width=\"1178\" height=\"735\" src=\"http:\/\/serenita.pl\/wp-content\/uploads\/2018\/03\/12_Image0019.jpg\" class=\"attachment-full size-full\" alt=\"\" loading=\"lazy\" srcset=\"http:\/\/serenita.pl\/wp-content\/uploads\/2018\/03\/12_Image0019.jpg 1178w, http:\/\/serenita.pl\/wp-content\/uploads\/2018\/03\/12_Image0019-400x250.jpg 400w, http:\/\/serenita.pl\/wp-content\/uploads\/2018\/03\/12_Image0019-768x479.jpg 768w, http:\/\/serenita.pl\/wp-content\/uploads\/2018\/03\/12_Image0019-1024x639.jpg 1024w, http:\/\/serenita.pl\/wp-content\/uploads\/2018\/03\/12_Image0019-433x270.jpg 433w\" sizes=\"(max-width: 1178px) 100vw, 1178px\" \/><\/a>\n\t\t\t<\/div><\/figure><figure class='gallery-item'>\n\t\t\t<div class='gallery-icon landscape'>\n\t\t\t\t<a title=\"13_do aktualno\u015bci\" href='http:\/\/serenita.pl\/wp-content\/uploads\/2018\/03\/13_do-aktualno\u015bci.jpg'><img width=\"3368\" height=\"2552\" src=\"http:\/\/serenita.pl\/wp-content\/uploads\/2018\/03\/13_do-aktualno\u015bci.jpg\" class=\"attachment-full size-full\" alt=\"\" loading=\"lazy\" srcset=\"http:\/\/serenita.pl\/wp-content\/uploads\/2018\/03\/13_do-aktualno\u015bci.jpg 3368w, http:\/\/serenita.pl\/wp-content\/uploads\/2018\/03\/13_do-aktualno\u015bci-400x303.jpg 400w, http:\/\/serenita.pl\/wp-content\/uploads\/2018\/03\/13_do-aktualno\u015bci-768x582.jpg 768w, http:\/\/serenita.pl\/wp-content\/uploads\/2018\/03\/13_do-aktualno\u015bci-1024x776.jpg 1024w, http:\/\/serenita.pl\/wp-content\/uploads\/2018\/03\/13_do-aktualno\u015bci-356x270.jpg 356w\" sizes=\"(max-width: 3368px) 100vw, 3368px\" \/><\/a>\n\t\t\t<\/div><\/figure>\n\t\t<\/div>\n\n<hr \/>\n<h3>Wielkie \u015awi\u0119to<\/h3>\n<p>W sam dzie\u0144 wspomnienia liturgicznego \u015bw. Joanny abp. Marek J\u0119draszewski dokona\u0142 uroczystego po\u015bwi\u0119cenia Szko\u0142y Katolickiej w Krakowie imieniem \u015bw. Joanny Beretty Molli. Pob\u0142ogos\u0142awione zosta\u0142y r\u00f3wnie\u017c obrazy, kt\u00f3re zawisn\u0105 w salach uczniowskich oraz sztandar szko\u0142y. Po Eucharystii, specjalnym wyst\u0119pie s\u0142owno-muzycznym, od\u015bpiewaniu hymnu szko\u0142y i pi\u0119knej piosenki o u\u015bmiechu na wz\u00f3r \u015awi\u0119tej rozpocz\u0105\u0142 si\u0119 czas wsp\u00f3lnej biesiady. Nie mog\u0142o r\u00f3wnie\u017c zabrakn\u0105\u0107 tortu z herbem szko\u0142y.<\/p>\n<p>Gratulujemy ca\u0142ej Spo\u0142eczno\u015bci Szkolnej! Cieszymy si\u0119 wraz z Wami! Jeste\u015bmy przekonani, \u017ce Joanna zawsze o Was zadba. Ona naprawd\u0119 kocha\u0142a dzieci i potrafi\u0142a im m\u0105drze s\u0142u\u017cy\u0107.<\/p>\n<div id='gallery-18' class='gallery galleryid-114 gallery-columns-3 gallery-size-full'><figure class='gallery-item'>\n\t\t\t<div class='gallery-icon landscape'>\n\t\t\t\t<a title=\"28042017100\" href='http:\/\/serenita.pl\/wp-content\/uploads\/2018\/03\/28042017100.jpg'><img width=\"2048\" height=\"1536\" src=\"http:\/\/serenita.pl\/wp-content\/uploads\/2018\/03\/28042017100.jpg\" class=\"attachment-full size-full\" alt=\"\" loading=\"lazy\" srcset=\"http:\/\/serenita.pl\/wp-content\/uploads\/2018\/03\/28042017100.jpg 2048w, http:\/\/serenita.pl\/wp-content\/uploads\/2018\/03\/28042017100-400x300.jpg 400w, http:\/\/serenita.pl\/wp-content\/uploads\/2018\/03\/28042017100-768x576.jpg 768w, http:\/\/serenita.pl\/wp-content\/uploads\/2018\/03\/28042017100-1024x768.jpg 1024w, http:\/\/serenita.pl\/wp-content\/uploads\/2018\/03\/28042017100-360x270.jpg 360w\" sizes=\"(max-width: 2048px) 100vw, 2048px\" \/><\/a>\n\t\t\t<\/div><\/figure><figure class='gallery-item'>\n\t\t\t<div class='gallery-icon landscape'>\n\t\t\t\t<a title=\"28042017103\" href='http:\/\/serenita.pl\/wp-content\/uploads\/2018\/03\/28042017103.jpg'><img width=\"2048\" height=\"1536\" src=\"http:\/\/serenita.pl\/wp-content\/uploads\/2018\/03\/28042017103.jpg\" class=\"attachment-full size-full\" alt=\"\" loading=\"lazy\" srcset=\"http:\/\/serenita.pl\/wp-content\/uploads\/2018\/03\/28042017103.jpg 2048w, http:\/\/serenita.pl\/wp-content\/uploads\/2018\/03\/28042017103-400x300.jpg 400w, http:\/\/serenita.pl\/wp-content\/uploads\/2018\/03\/28042017103-768x576.jpg 768w, http:\/\/serenita.pl\/wp-content\/uploads\/2018\/03\/28042017103-1024x768.jpg 1024w, http:\/\/serenita.pl\/wp-content\/uploads\/2018\/03\/28042017103-360x270.jpg 360w\" sizes=\"(max-width: 2048px) 100vw, 2048px\" \/><\/a>\n\t\t\t<\/div><\/figure><figure class='gallery-item'>\n\t\t\t<div class='gallery-icon portrait'>\n\t\t\t\t<a title=\"28042017115\" href='http:\/\/serenita.pl\/wp-content\/uploads\/2018\/03\/28042017115.jpg'><img width=\"1046\" height=\"1536\" src=\"http:\/\/serenita.pl\/wp-content\/uploads\/2018\/03\/28042017115.jpg\" class=\"attachment-full size-full\" alt=\"\" loading=\"lazy\" srcset=\"http:\/\/serenita.pl\/wp-content\/uploads\/2018\/03\/28042017115.jpg 1046w, http:\/\/serenita.pl\/wp-content\/uploads\/2018\/03\/28042017115-272x400.jpg 272w, http:\/\/serenita.pl\/wp-content\/uploads\/2018\/03\/28042017115-768x1128.jpg 768w, http:\/\/serenita.pl\/wp-content\/uploads\/2018\/03\/28042017115-697x1024.jpg 697w, http:\/\/serenita.pl\/wp-content\/uploads\/2018\/03\/28042017115-184x270.jpg 184w\" sizes=\"(max-width: 1046px) 100vw, 1046px\" \/><\/a>\n\t\t\t<\/div><\/figure><figure class='gallery-item'>\n\t\t\t<div class='gallery-icon portrait'>\n\t\t\t\t<a title=\"28042017116\" href='http:\/\/serenita.pl\/wp-content\/uploads\/2018\/03\/28042017116.jpg'><img width=\"1536\" height=\"2048\" src=\"http:\/\/serenita.pl\/wp-content\/uploads\/2018\/03\/28042017116.jpg\" class=\"attachment-full size-full\" alt=\"\" loading=\"lazy\" srcset=\"http:\/\/serenita.pl\/wp-content\/uploads\/2018\/03\/28042017116.jpg 1536w, http:\/\/serenita.pl\/wp-content\/uploads\/2018\/03\/28042017116-300x400.jpg 300w, http:\/\/serenita.pl\/wp-content\/uploads\/2018\/03\/28042017116-768x1024.jpg 768w, http:\/\/serenita.pl\/wp-content\/uploads\/2018\/03\/28042017116-203x270.jpg 203w\" sizes=\"(max-width: 1536px) 100vw, 1536px\" \/><\/a>\n\t\t\t<\/div><\/figure><figure class='gallery-item'>\n\t\t\t<div class='gallery-icon portrait'>\n\t\t\t\t<a title=\"28042017118\" href='http:\/\/serenita.pl\/wp-content\/uploads\/2018\/03\/28042017118.jpg'><img width=\"1536\" height=\"2048\" src=\"http:\/\/serenita.pl\/wp-content\/uploads\/2018\/03\/28042017118.jpg\" class=\"attachment-full size-full\" alt=\"\" loading=\"lazy\" srcset=\"http:\/\/serenita.pl\/wp-content\/uploads\/2018\/03\/28042017118.jpg 1536w, http:\/\/serenita.pl\/wp-content\/uploads\/2018\/03\/28042017118-300x400.jpg 300w, http:\/\/serenita.pl\/wp-content\/uploads\/2018\/03\/28042017118-768x1024.jpg 768w, http:\/\/serenita.pl\/wp-content\/uploads\/2018\/03\/28042017118-203x270.jpg 203w\" sizes=\"(max-width: 1536px) 100vw, 1536px\" \/><\/a>\n\t\t\t<\/div><\/figure><figure class='gallery-item'>\n\t\t\t<div class='gallery-icon portrait'>\n\t\t\t\t<a title=\"28042017119\" href='http:\/\/serenita.pl\/wp-content\/uploads\/2018\/03\/28042017119.jpg'><img width=\"1536\" height=\"2048\" src=\"http:\/\/serenita.pl\/wp-content\/uploads\/2018\/03\/28042017119.jpg\" class=\"attachment-full size-full\" alt=\"\" loading=\"lazy\" srcset=\"http:\/\/serenita.pl\/wp-content\/uploads\/2018\/03\/28042017119.jpg 1536w, http:\/\/serenita.pl\/wp-content\/uploads\/2018\/03\/28042017119-300x400.jpg 300w, http:\/\/serenita.pl\/wp-content\/uploads\/2018\/03\/28042017119-768x1024.jpg 768w, http:\/\/serenita.pl\/wp-content\/uploads\/2018\/03\/28042017119-203x270.jpg 203w\" sizes=\"(max-width: 1536px) 100vw, 1536px\" \/><\/a>\n\t\t\t<\/div><\/figure>\n\t\t<\/div>\n\n<hr \/>\n<h3>Spotkanie Cz\u0142onk\u00f3w i Sympatyk\u00f3w Stowarzyszenia<\/h3>\n<p>Drodzy Przyjaciele \u015awi\u0119tej Joanny!<\/p>\n<p>Przypominamy, \u017ce dnia 29 kwietnia 2017 r. w parafii p.w. Wniebowzi\u0119cia NMP w Zag\u00f3rzu (ul. Marsza\u0142ka J\u00f3zefa Pi\u0142sudskiego 147, 32-555 Zag\u00f3rze) odb\u0119dzie si\u0119 spotkanie Cz\u0142onk\u00f3w i Sympatyk\u00f3w Stowarzyszenia. Rozpoczynamy udzia\u0142em we Mszy \u015awi\u0119tej o godzinie 18.00, po kt\u00f3rej nast\u0105pi uroczyste ods\u0142oni\u0119cie i po\u015bwi\u0119cenie figury \u015aw. Joanny w &#8222;Zau\u0142ku \u015aw. Joanny&#8221;. Po po\u015bwi\u0119ceniu tradycyjne &#8222;spotkanie przy kawie&#8221; z om\u00f3wieniem wa\u017cnych kwestii dotycz\u0105cych dzia\u0142alno\u015bci Stowarzyszenia. Zapraszamy\u2026<\/p>\n<div id='gallery-19' class='gallery galleryid-114 gallery-columns-1 gallery-size-full'><figure class='gallery-item'>\n\t\t\t<div class='gallery-icon landscape'>\n\t\t\t\t<a title=\"Szkola\" href='http:\/\/serenita.pl\/wp-content\/uploads\/2018\/03\/Szkola.jpg'><img width=\"960\" height=\"639\" src=\"http:\/\/serenita.pl\/wp-content\/uploads\/2018\/03\/Szkola.jpg\" class=\"attachment-full size-full\" alt=\"\" loading=\"lazy\" srcset=\"http:\/\/serenita.pl\/wp-content\/uploads\/2018\/03\/Szkola.jpg 960w, http:\/\/serenita.pl\/wp-content\/uploads\/2018\/03\/Szkola-400x266.jpg 400w, http:\/\/serenita.pl\/wp-content\/uploads\/2018\/03\/Szkola-768x511.jpg 768w, http:\/\/serenita.pl\/wp-content\/uploads\/2018\/03\/Szkola-406x270.jpg 406w\" sizes=\"(max-width: 960px) 100vw, 960px\" \/><\/a>\n\t\t\t<\/div><\/figure>\n\t\t<\/div>\n\n<hr \/>\n<h3>Uroczyste nadanie Katolickiej Szkole Podstawowej imienia \u015awi\u0119tej Joanny Beretty Molli<\/h3>\n<p>Z\u00a0 rado\u015bci\u0105 informujemy, \u017ce w dniu liturgicznego wspomnienia \u015awi\u0119tej Joanny Beretty Molli tj. 28 kwietnia 2017 r. w Krakowie przy ulicy Stelmach\u00f3w 137, odb\u0119dzie si\u0119 uroczysto\u015b\u0107 nadania istniej\u0105cej tam\u017ce Szkole Podstawowej imienia \u015awi\u0119tej Joanny Beretty Molli oraz po\u015bwi\u0119cenia sztandaru szko\u0142y. Wydarzenie rozpocznie si\u0119 Msz\u0105 \u015awi\u0119t\u0105 w ko\u015bciele p.w. Redemptor Hominis o godz. 16.00 przy tej samej ulicy Stelmach\u00f3w 137.<\/p>\n<p>Cieszymy si\u0119 tym Bo\u017cym dzie\u0142em i \u017cyczymy Dyrekcji, Nauczycielom, Pracownikom szko\u0142y, Rodzicom oraz wszystkim Uczniom, by \u015awi\u0119ta Joanna czuwa\u0142a i wyprasza\u0142a potrzebne \u0141aski.<\/p>\n<div id='gallery-20' class='gallery galleryid-114 gallery-columns-1 gallery-size-full'><figure class='gallery-item'>\n\t\t\t<div class='gallery-icon landscape'>\n\t\t\t\t<a title=\"Parafia\" href='http:\/\/serenita.pl\/wp-content\/uploads\/2018\/03\/Parafia.jpg'><img width=\"640\" height=\"480\" src=\"http:\/\/serenita.pl\/wp-content\/uploads\/2018\/03\/Parafia.jpg\" class=\"attachment-full size-full\" alt=\"\" loading=\"lazy\" srcset=\"http:\/\/serenita.pl\/wp-content\/uploads\/2018\/03\/Parafia.jpg 640w, http:\/\/serenita.pl\/wp-content\/uploads\/2018\/03\/Parafia-400x300.jpg 400w, http:\/\/serenita.pl\/wp-content\/uploads\/2018\/03\/Parafia-360x270.jpg 360w\" sizes=\"(max-width: 640px) 100vw, 640px\" \/><\/a>\n\t\t\t<\/div><\/figure>\n\t\t<\/div>\n\n<hr \/>\n<h3>28 kwietnia &#8211; dniem liturgicznego wspomnienia \u015awi\u0119tej Joanny<\/h3>\n<p>\u201eDoskonalmy w sobie mi\u0142osierdzie, wzmacniaj\u0105c w naszej duszy \u0142ask\u0119. Jest ona \u017ar\u00f3d\u0142em Eucharystii, Sakramentu Mi\u0142o\u015bci\u201d. (\u015aw. Joanna; Konferencja Akcji Katolickiej \u2013 List do m\u0142odzie\u017cy)<\/p>\n<p>Drodzy czciciele \u015aw. Joanny!<\/p>\n<p>Zach\u0119camy do indywidualnego w\u0142\u0105czenia si\u0119 w prze\u017cycie tego dnia. Mo\u017cna to uczyni\u0107 poprzez nowenn\u0119 (tekst m.in. w zak\u0142adce: pomocne publikacje \u2013 modlitwy za wstawiennictwem \u015aw. Joanny), triduum, Msz\u0119 \u015awi\u0119t\u0105 w dniu 28 kwietnia, uczczenie relikwii, wycieczk\u0119 w g\u00f3ry, np. na Potaczkow\u0105 i na wiele innych sposob\u00f3w, kt\u00f3re zrodz\u0105 si\u0119 w nas jako swoista forma \u015bwi\u0119towania.<\/p>\n<p>Wszystkim, kt\u00f3rym \u015awi\u0119ta Joanna jest bliska, tym kt\u00f3rzy J\u0105 czcz\u0105 i kochaj\u0105 \u017cyczymy wszelkich \u0141ask Bo\u017cych. Niech Ona Was prowadzi!<\/p>\n<hr \/>\n<h3>Bal se \u015bwi\u0119t\u0105 Joann\u0105<\/h3>\n<p>Ju\u017c po raz trzeci bawili\u015bmy si\u0119 na balu: \u201eFesta con Santa Gianna\u201d. Zabaw\u0119 otwarli cz\u0142onkowie Zarz\u0105du Stowarzyszenia: Jacek Sarniak, El\u017cbieta Sowa i ks.dr Piotr G\u0105sior witaj\u0105c zebranych i \u017cycz\u0105c dobrego wieczoru. Nie zabrak\u0142o uroczystego poloneza i wsp\u00f3lnego, pami\u0105tkowego zdj\u0119cia. Wspania\u0142\u0105 atmosfer\u0119 tworzyli wszyscy zebrani, a wodzirejowie Edyta i Grzegorz Babscy jak zwykle zadbali o nasze nastroje i w\u0142oskie przeboje. Ciekawe konkursy przeplatane ta\u0144cem, dobrym jedzeniem i jak si\u0119 okaza\u0142o poetyckimi i wokalnymi zdolno\u015bciami wielu uczestnik\u00f3w uatrakcyjni\u0142y nasze \u015bwi\u0119towanie. Wszystkim dzi\u0119kujemy za obecno\u015b\u0107, wsp\u00f3lnie sp\u0119dzone chwile i niezapomniane wra\u017cenia. Zapraszamy za rok\u2026<\/p>\n<div id='gallery-21' class='gallery galleryid-114 gallery-columns-3 gallery-size-thumbnail'><figure class='gallery-item'>\n\t\t\t<div class='gallery-icon landscape'>\n\t\t\t\t<a title=\"01\" href='http:\/\/serenita.pl\/wp-content\/uploads\/2018\/03\/01.jpg'><img width=\"150\" height=\"150\" src=\"http:\/\/serenita.pl\/wp-content\/uploads\/2018\/03\/01-150x150.jpg\" class=\"attachment-thumbnail size-thumbnail\" alt=\"\" loading=\"lazy\" \/><\/a>\n\t\t\t<\/div><\/figure><figure class='gallery-item'>\n\t\t\t<div class='gallery-icon landscape'>\n\t\t\t\t<a title=\"02\" href='http:\/\/serenita.pl\/wp-content\/uploads\/2018\/03\/02.jpg'><img width=\"150\" height=\"150\" src=\"http:\/\/serenita.pl\/wp-content\/uploads\/2018\/03\/02-150x150.jpg\" class=\"attachment-thumbnail size-thumbnail\" alt=\"\" loading=\"lazy\" \/><\/a>\n\t\t\t<\/div><\/figure><figure class='gallery-item'>\n\t\t\t<div class='gallery-icon landscape'>\n\t\t\t\t<a title=\"03\" href='http:\/\/serenita.pl\/wp-content\/uploads\/2018\/03\/03.jpg'><img width=\"150\" height=\"150\" src=\"http:\/\/serenita.pl\/wp-content\/uploads\/2018\/03\/03-150x150.jpg\" class=\"attachment-thumbnail size-thumbnail\" alt=\"\" loading=\"lazy\" \/><\/a>\n\t\t\t<\/div><\/figure><figure class='gallery-item'>\n\t\t\t<div class='gallery-icon landscape'>\n\t\t\t\t<a title=\"04\" href='http:\/\/serenita.pl\/wp-content\/uploads\/2018\/03\/04.jpg'><img width=\"150\" height=\"150\" src=\"http:\/\/serenita.pl\/wp-content\/uploads\/2018\/03\/04-150x150.jpg\" class=\"attachment-thumbnail size-thumbnail\" alt=\"\" loading=\"lazy\" \/><\/a>\n\t\t\t<\/div><\/figure><figure class='gallery-item'>\n\t\t\t<div class='gallery-icon landscape'>\n\t\t\t\t<a title=\"05\" href='http:\/\/serenita.pl\/wp-content\/uploads\/2018\/03\/05.jpg'><img width=\"150\" height=\"150\" src=\"http:\/\/serenita.pl\/wp-content\/uploads\/2018\/03\/05-150x150.jpg\" class=\"attachment-thumbnail size-thumbnail\" alt=\"\" loading=\"lazy\" \/><\/a>\n\t\t\t<\/div><\/figure><figure class='gallery-item'>\n\t\t\t<div class='gallery-icon landscape'>\n\t\t\t\t<a title=\"06\" href='http:\/\/serenita.pl\/wp-content\/uploads\/2018\/03\/06.jpg'><img width=\"150\" height=\"150\" src=\"http:\/\/serenita.pl\/wp-content\/uploads\/2018\/03\/06-150x150.jpg\" class=\"attachment-thumbnail size-thumbnail\" alt=\"\" loading=\"lazy\" \/><\/a>\n\t\t\t<\/div><\/figure><figure class='gallery-item'>\n\t\t\t<div class='gallery-icon landscape'>\n\t\t\t\t<a title=\"07\" href='http:\/\/serenita.pl\/wp-content\/uploads\/2018\/03\/07.jpg'><img width=\"150\" height=\"150\" src=\"http:\/\/serenita.pl\/wp-content\/uploads\/2018\/03\/07-150x150.jpg\" class=\"attachment-thumbnail size-thumbnail\" alt=\"\" loading=\"lazy\" \/><\/a>\n\t\t\t<\/div><\/figure><figure class='gallery-item'>\n\t\t\t<div class='gallery-icon landscape'>\n\t\t\t\t<a title=\"08\" href='http:\/\/serenita.pl\/wp-content\/uploads\/2018\/03\/08.jpg'><img width=\"150\" height=\"150\" src=\"http:\/\/serenita.pl\/wp-content\/uploads\/2018\/03\/08-150x150.jpg\" class=\"attachment-thumbnail size-thumbnail\" alt=\"\" loading=\"lazy\" \/><\/a>\n\t\t\t<\/div><\/figure><figure class='gallery-item'>\n\t\t\t<div class='gallery-icon landscape'>\n\t\t\t\t<a title=\"09\" href='http:\/\/serenita.pl\/wp-content\/uploads\/2018\/03\/09.jpg'><img width=\"150\" height=\"150\" src=\"http:\/\/serenita.pl\/wp-content\/uploads\/2018\/03\/09-150x150.jpg\" class=\"attachment-thumbnail size-thumbnail\" alt=\"\" loading=\"lazy\" \/><\/a>\n\t\t\t<\/div><\/figure><figure class='gallery-item'>\n\t\t\t<div class='gallery-icon landscape'>\n\t\t\t\t<a title=\"10\" href='http:\/\/serenita.pl\/wp-content\/uploads\/2018\/03\/10.jpg'><img width=\"150\" height=\"150\" src=\"http:\/\/serenita.pl\/wp-content\/uploads\/2018\/03\/10-150x150.jpg\" class=\"attachment-thumbnail size-thumbnail\" alt=\"\" loading=\"lazy\" \/><\/a>\n\t\t\t<\/div><\/figure><figure class='gallery-item'>\n\t\t\t<div class='gallery-icon landscape'>\n\t\t\t\t<a title=\"11\" href='http:\/\/serenita.pl\/wp-content\/uploads\/2018\/03\/11.jpg'><img width=\"150\" height=\"150\" src=\"http:\/\/serenita.pl\/wp-content\/uploads\/2018\/03\/11-150x150.jpg\" class=\"attachment-thumbnail size-thumbnail\" alt=\"\" loading=\"lazy\" \/><\/a>\n\t\t\t<\/div><\/figure><figure class='gallery-item'>\n\t\t\t<div class='gallery-icon landscape'>\n\t\t\t\t<a title=\"12\" href='http:\/\/serenita.pl\/wp-content\/uploads\/2018\/03\/12.jpg'><img width=\"150\" height=\"150\" src=\"http:\/\/serenita.pl\/wp-content\/uploads\/2018\/03\/12-150x150.jpg\" class=\"attachment-thumbnail size-thumbnail\" alt=\"\" loading=\"lazy\" \/><\/a>\n\t\t\t<\/div><\/figure>\n\t\t<\/div>\n\n<hr \/>\n<h3>Bal ze \u015awi\u0119t\u0105 Joann\u0105<\/h3>\n<div id='gallery-22' class='gallery galleryid-114 gallery-columns-1 gallery-size-full'><figure class='gallery-item'>\n\t\t\t<div class='gallery-icon portrait'>\n\t\t\t\t<a title=\"Sierpie\u0144\" href='http:\/\/serenita.pl\/wp-content\/uploads\/2018\/03\/Sierpie\u0144.jpg'><img width=\"590\" height=\"598\" src=\"http:\/\/serenita.pl\/wp-content\/uploads\/2018\/03\/Sierpie\u0144.jpg\" class=\"attachment-full size-full\" alt=\"\" loading=\"lazy\" srcset=\"http:\/\/serenita.pl\/wp-content\/uploads\/2018\/03\/Sierpie\u0144.jpg 590w, http:\/\/serenita.pl\/wp-content\/uploads\/2018\/03\/Sierpie\u0144-395x400.jpg 395w, http:\/\/serenita.pl\/wp-content\/uploads\/2018\/03\/Sierpie\u0144-266x270.jpg 266w\" sizes=\"(max-width: 590px) 100vw, 590px\" \/><\/a>\n\t\t\t<\/div><\/figure>\n\t\t<\/div>\n\n<p><strong>Stowarzyszenie Przyjaci\u00f3\u0142 \u015awi\u0119tej Joanny Beretty Molli<\/strong> zaprasza na <strong>&#8222;Bal ze \u015awi\u0119t\u0105 Joann\u0105&#8221;<\/strong>, kt\u00f3ry\u00a0odb\u0119dzie si\u0119 dnia 18 lutego 2017 roku\u00a0w Karczmie \u201eRusnak\u00f3wka\u201d w Spytkowicach o godz. 19.30.\u00a0Koszt: 230 z\u0142 od pary\u00a0lub 115 z\u0142 od osoby.\u00a0Zabawa jest bezalkoholowa,\u00a0prowadzona przez profesjonalnych wodzirej\u00f3w<\/p>\n<p><strong><em>Klimaty w\u0142oskie \u2013 zapewnione!!!<\/em><\/strong><\/p>\n<p>Zapisy pod numerami tel.: 602 722 946 oraz 509 987\u00a0917<\/p>\n<hr \/>\n<h3>Dzie\u0144 skupienia ze \u015awi\u0119t\u0105 Joann\u0105<\/h3>\n<p><strong>\u201e\u015awi\u0119ta Joanna &#8211; kobieta pi\u0119knej mi\u0142o\u015bci\u201d<\/strong> \u2013 to temat tegorocznego dnia skupienia, kt\u00f3ry mia\u0142 miejsce 26 listopada 2016 roku przy\u00a0parafii pw. Wniebowzi\u0119cia NMP\u00a0w Zag\u00f3rzu k\/Chrzanowa. Uczestnicy spotkania wys\u0142uchali najpierw konferencji ks. dra Piotra G\u0105siora. Nast\u0119pnie w tzw. cz\u0119\u015bci warsztatowej pracowali w dw\u00f3ch grupach: m\u0119skiej i \u017ce\u0144skiej, dzi\u0119ki czemu wnioski i analiza prac okaza\u0142a si\u0119 niezwykle refleksyjna, a nawet zaskakuj\u0105ca. Nie zabrak\u0142o r\u00f3wnie\u017c ubogacaj\u0105cych rozm\u00f3w i \u015bwiadectw a tak\u017ce czego\u015b smacznego \u201ena z\u0105b\u201d. Punktem kulminacyjnym by\u0142a Msza \u015awi\u0119ta poprzedzona cich\u0105, indywidualn\u0105 modlitw\u0105 adoracyjn\u0105 oraz mo\u017cliwo\u015bci\u0105 skorzystania z adwentowej spowiedzi. Dzie\u0144 skupienia zaowocowa\u0142 u wielu\u00a0 &#8211; w\u0142a\u015bnie na wz\u00f3r \u015bwi\u0119tej Joanny &#8211; podj\u0119ciem pracy nad sob\u0105 mi\u0119dzy innymi na czas\u00a0 bie\u017c\u0105cego Adwentu.<\/p>\n<div id='gallery-23' class='gallery galleryid-114 gallery-columns-3 gallery-size-thumbnail'><figure class='gallery-item'>\n\t\t\t<div class='gallery-icon portrait'>\n\t\t\t\t<a title=\"DSC_0286\" href='http:\/\/serenita.pl\/wp-content\/uploads\/2018\/03\/DSC_0286.jpg'><img width=\"150\" height=\"150\" src=\"http:\/\/serenita.pl\/wp-content\/uploads\/2018\/03\/DSC_0286-150x150.jpg\" class=\"attachment-thumbnail size-thumbnail\" alt=\"\" loading=\"lazy\" \/><\/a>\n\t\t\t<\/div><\/figure><figure class='gallery-item'>\n\t\t\t<div class='gallery-icon portrait'>\n\t\t\t\t<a title=\"DSC_0283\" href='http:\/\/serenita.pl\/wp-content\/uploads\/2018\/03\/DSC_0283.jpg'><img width=\"150\" height=\"150\" src=\"http:\/\/serenita.pl\/wp-content\/uploads\/2018\/03\/DSC_0283-150x150.jpg\" class=\"attachment-thumbnail size-thumbnail\" alt=\"\" loading=\"lazy\" \/><\/a>\n\t\t\t<\/div><\/figure><figure class='gallery-item'>\n\t\t\t<div class='gallery-icon landscape'>\n\t\t\t\t<a title=\"DSC_0284\" href='http:\/\/serenita.pl\/wp-content\/uploads\/2018\/03\/DSC_0284.jpg'><img width=\"150\" height=\"150\" src=\"http:\/\/serenita.pl\/wp-content\/uploads\/2018\/03\/DSC_0284-150x150.jpg\" class=\"attachment-thumbnail size-thumbnail\" alt=\"\" loading=\"lazy\" \/><\/a>\n\t\t\t<\/div><\/figure><figure class='gallery-item'>\n\t\t\t<div class='gallery-icon portrait'>\n\t\t\t\t<a title=\"DSC_0285\" href='http:\/\/serenita.pl\/wp-content\/uploads\/2018\/03\/DSC_0285.jpg'><img width=\"150\" height=\"150\" src=\"http:\/\/serenita.pl\/wp-content\/uploads\/2018\/03\/DSC_0285-150x150.jpg\" class=\"attachment-thumbnail size-thumbnail\" alt=\"\" loading=\"lazy\" \/><\/a>\n\t\t\t<\/div><\/figure>\n\t\t<\/div>\n\n<hr \/>\n<h3>B\u0142ogos\u0142awiony czas rekolekcji<\/h3>\n<p>Ju\u017c po raz drugi pod patronatem Stowarzyszenia w pa\u017adziernikowy weekend (tj. 21-23.10.2016 r.) odby\u0142y si\u0119 rekolekcje dla ma\u0142\u017conk\u00f3w. Tym razem skierowane by\u0142y nie tylko do m\u0142odych ma\u0142\u017ce\u0144stw. Tematem rekolekcji r\u00f3wnie\u017c w tym roku by\u0142a: \u201eMi\u0142o\u015b\u0107 piel\u0119gnowana, czyli co to znaczy \u015blubuj\u0119 Ci uczciwo\u015b\u0107 ma\u0142\u017ce\u0144sk\u0105\u201d. Prowadz\u0105cy tj. Barbara i Piotr Sukiennikowie oraz ks. dr Piotr G\u0105sior zapewnili wszystkim uczestnikom fachow\u0105 opiek\u0119 duchow\u0105. Czas rekolekcji pozwoli\u0142 wielu na zatrzymanie si\u0119 i spojrzenie na swoje ma\u0142\u017ce\u0144stwo na nowo. By\u0142 to zarazem czas wyciszenia, nowych postanowie\u0144, umocnienia i odnowienia wi\u0119zi ma\u0142\u017ce\u0144skich. Z pewno\u015bci\u0105 rekolekcje b\u0119d\u0105 w przysz\u0142o\u015bci kontynuowane, dlatego ju\u017c teraz zapraszamy ch\u0119tnych w pa\u017adzierniku przysz\u0142ego roku.<\/p>\n<div id='gallery-24' class='gallery galleryid-114 gallery-columns-3 gallery-size-thumbnail'><figure class='gallery-item'>\n\t\t\t<div class='gallery-icon landscape'>\n\t\t\t\t<a title=\"DSC_0310\" href='http:\/\/serenita.pl\/wp-content\/uploads\/2018\/03\/DSC_0310.jpg'><img width=\"150\" height=\"150\" src=\"http:\/\/serenita.pl\/wp-content\/uploads\/2018\/03\/DSC_0310-150x150.jpg\" class=\"attachment-thumbnail size-thumbnail\" alt=\"\" loading=\"lazy\" \/><\/a>\n\t\t\t<\/div><\/figure><figure class='gallery-item'>\n\t\t\t<div class='gallery-icon portrait'>\n\t\t\t\t<a title=\"DSC_0306\" href='http:\/\/serenita.pl\/wp-content\/uploads\/2018\/03\/DSC_0306.jpg'><img width=\"150\" height=\"150\" src=\"http:\/\/serenita.pl\/wp-content\/uploads\/2018\/03\/DSC_0306-150x150.jpg\" class=\"attachment-thumbnail size-thumbnail\" alt=\"\" loading=\"lazy\" \/><\/a>\n\t\t\t<\/div><\/figure><figure class='gallery-item'>\n\t\t\t<div class='gallery-icon portrait'>\n\t\t\t\t<a title=\"DSC_0308\" href='http:\/\/serenita.pl\/wp-content\/uploads\/2018\/03\/DSC_0308.jpg'><img width=\"150\" height=\"150\" src=\"http:\/\/serenita.pl\/wp-content\/uploads\/2018\/03\/DSC_0308-150x150.jpg\" class=\"attachment-thumbnail size-thumbnail\" alt=\"\" loading=\"lazy\" \/><\/a>\n\t\t\t<\/div><\/figure>\n\t\t<\/div>\n\n<hr \/>\n<h3>\u0141adnie, coraz \u0142adniej<\/h3>\n<p>Tu\u017c przed pierwsz\u0105 rocznic\u0105 po\u015bwi\u0119cenia kapliczki i wspomnieniem urodzin \u015aw. Joanny, przy kapliczce na G\u00f3rze Potaczkowej zosta\u0142a zamontowana kamienna skrzynka z informacj\u0105 o historii powstania kapliczki. Niebawem znajdzie si\u0119 tam r\u00f3wnie\u017c ksi\u0105\u017ceczka z d\u0142ugopisem, do kt\u00f3rej b\u0119dzie mo\u017cna wpisywa\u0107 intencje, podzi\u0119kowania, my\u015bli czy modlitwy. Serdecznie dzi\u0119kujemy Leszkowi Sowie za wykonanie skrzynki oraz monta\u017c przy wsp\u00f3\u0142pracy Piotra Sukiennika i ks. Piotra G\u0105siora. Obok kapliczki zosta\u0142y posadzone kwiaty, w\u015br\u00f3d kt\u00f3rych znalaz\u0142y si\u0119 m.in. ulubione przez Joann\u0119 konwalie. Dzi\u0119kujemy Anieli Mazurkiewicz za ofiarowanie kwiat\u00f3w oraz Annie Stasik i Monice Sarniak z c\u00f3reczk\u0105 Asi\u0105 za posadzenie kwiat\u00f3w oraz prace piel\u0119gnacyjne wok\u00f3\u0142 kapliczki.<\/p>\n<p>Niechaj Joanna czuwaj\u0105ca w Gorcach wyprasza wszystkim odwiedzaj\u0105cym J\u0105 potrzebne \u0142aski!<\/p>\n<div id='gallery-25' class='gallery galleryid-114 gallery-columns-3 gallery-size-thumbnail'><figure class='gallery-item'>\n\t\t\t<div class='gallery-icon portrait'>\n\t\t\t\t<a title=\"DSC_0289\" href='http:\/\/serenita.pl\/wp-content\/uploads\/2018\/03\/DSC_0289.jpg'><img width=\"150\" height=\"150\" src=\"http:\/\/serenita.pl\/wp-content\/uploads\/2018\/03\/DSC_0289-150x150.jpg\" class=\"attachment-thumbnail size-thumbnail\" alt=\"\" loading=\"lazy\" \/><\/a>\n\t\t\t<\/div><\/figure><figure class='gallery-item'>\n\t\t\t<div class='gallery-icon portrait'>\n\t\t\t\t<a title=\"DSC_0291\" href='http:\/\/serenita.pl\/wp-content\/uploads\/2018\/03\/DSC_0291.jpg'><img width=\"150\" height=\"150\" src=\"http:\/\/serenita.pl\/wp-content\/uploads\/2018\/03\/DSC_0291-150x150.jpg\" class=\"attachment-thumbnail size-thumbnail\" alt=\"\" loading=\"lazy\" \/><\/a>\n\t\t\t<\/div><\/figure><figure class='gallery-item'>\n\t\t\t<div class='gallery-icon portrait'>\n\t\t\t\t<a title=\"DSC_0292\" href='http:\/\/serenita.pl\/wp-content\/uploads\/2018\/03\/DSC_0292.jpg'><img width=\"150\" height=\"150\" src=\"http:\/\/serenita.pl\/wp-content\/uploads\/2018\/03\/DSC_0292-150x150.jpg\" class=\"attachment-thumbnail size-thumbnail\" alt=\"\" loading=\"lazy\" \/><\/a>\n\t\t\t<\/div><\/figure><figure class='gallery-item'>\n\t\t\t<div class='gallery-icon portrait'>\n\t\t\t\t<a title=\"DSC_0293\" href='http:\/\/serenita.pl\/wp-content\/uploads\/2018\/03\/DSC_0293.jpg'><img width=\"150\" height=\"150\" src=\"http:\/\/serenita.pl\/wp-content\/uploads\/2018\/03\/DSC_0293-150x150.jpg\" class=\"attachment-thumbnail size-thumbnail\" alt=\"\" loading=\"lazy\" \/><\/a>\n\t\t\t<\/div><\/figure><figure class='gallery-item'>\n\t\t\t<div class='gallery-icon portrait'>\n\t\t\t\t<a title=\"DSC_0296\" href='http:\/\/serenita.pl\/wp-content\/uploads\/2018\/03\/DSC_0296.jpg'><img width=\"150\" height=\"150\" src=\"http:\/\/serenita.pl\/wp-content\/uploads\/2018\/03\/DSC_0296-150x150.jpg\" class=\"attachment-thumbnail size-thumbnail\" alt=\"\" loading=\"lazy\" \/><\/a>\n\t\t\t<\/div><\/figure><figure class='gallery-item'>\n\t\t\t<div class='gallery-icon portrait'>\n\t\t\t\t<a title=\"DSC_0299\" href='http:\/\/serenita.pl\/wp-content\/uploads\/2018\/03\/DSC_0299.jpg'><img width=\"150\" height=\"150\" src=\"http:\/\/serenita.pl\/wp-content\/uploads\/2018\/03\/DSC_0299-150x150.jpg\" class=\"attachment-thumbnail size-thumbnail\" alt=\"\" loading=\"lazy\" \/><\/a>\n\t\t\t<\/div><\/figure><figure class='gallery-item'>\n\t\t\t<div class='gallery-icon landscape'>\n\t\t\t\t<a title=\"DSCF8286\" href='http:\/\/serenita.pl\/wp-content\/uploads\/2018\/03\/DSCF8286.jpg'><img width=\"150\" height=\"150\" src=\"http:\/\/serenita.pl\/wp-content\/uploads\/2018\/03\/DSCF8286-150x150.jpg\" class=\"attachment-thumbnail size-thumbnail\" alt=\"\" loading=\"lazy\" \/><\/a>\n\t\t\t<\/div><\/figure><figure class='gallery-item'>\n\t\t\t<div class='gallery-icon landscape'>\n\t\t\t\t<a title=\"DSCF8292\" href='http:\/\/serenita.pl\/wp-content\/uploads\/2018\/03\/DSCF8292.jpg'><img width=\"150\" height=\"150\" src=\"http:\/\/serenita.pl\/wp-content\/uploads\/2018\/03\/DSCF8292-150x150.jpg\" class=\"attachment-thumbnail size-thumbnail\" alt=\"\" loading=\"lazy\" \/><\/a>\n\t\t\t<\/div><\/figure><figure class='gallery-item'>\n\t\t\t<div class='gallery-icon landscape'>\n\t\t\t\t<a title=\"DSCF8296\" href='http:\/\/serenita.pl\/wp-content\/uploads\/2018\/03\/DSCF8296.jpg'><img width=\"150\" height=\"150\" src=\"http:\/\/serenita.pl\/wp-content\/uploads\/2018\/03\/DSCF8296-150x150.jpg\" class=\"attachment-thumbnail size-thumbnail\" alt=\"\" loading=\"lazy\" \/><\/a>\n\t\t\t<\/div><\/figure><figure class='gallery-item'>\n\t\t\t<div class='gallery-icon landscape'>\n\t\t\t\t<a title=\"DSCF8297\" href='http:\/\/serenita.pl\/wp-content\/uploads\/2018\/03\/DSCF8297.jpg'><img width=\"150\" height=\"150\" src=\"http:\/\/serenita.pl\/wp-content\/uploads\/2018\/03\/DSCF8297-150x150.jpg\" class=\"attachment-thumbnail size-thumbnail\" alt=\"\" loading=\"lazy\" \/><\/a>\n\t\t\t<\/div><\/figure><figure class='gallery-item'>\n\t\t\t<div class='gallery-icon landscape'>\n\t\t\t\t<a title=\"DSCF8299\" href='http:\/\/serenita.pl\/wp-content\/uploads\/2018\/03\/DSCF8299.jpg'><img width=\"150\" height=\"150\" src=\"http:\/\/serenita.pl\/wp-content\/uploads\/2018\/03\/DSCF8299-150x150.jpg\" class=\"attachment-thumbnail size-thumbnail\" alt=\"\" loading=\"lazy\" \/><\/a>\n\t\t\t<\/div><\/figure><figure class='gallery-item'>\n\t\t\t<div class='gallery-icon landscape'>\n\t\t\t\t<a title=\"DSCF8301\" href='http:\/\/serenita.pl\/wp-content\/uploads\/2018\/03\/DSCF8301.jpg'><img width=\"150\" height=\"150\" src=\"http:\/\/serenita.pl\/wp-content\/uploads\/2018\/03\/DSCF8301-150x150.jpg\" class=\"attachment-thumbnail size-thumbnail\" alt=\"\" loading=\"lazy\" \/><\/a>\n\t\t\t<\/div><\/figure><figure class='gallery-item'>\n\t\t\t<div class='gallery-icon landscape'>\n\t\t\t\t<a title=\"DSCF8302\" href='http:\/\/serenita.pl\/wp-content\/uploads\/2018\/03\/DSCF8302.jpg'><img width=\"150\" height=\"150\" src=\"http:\/\/serenita.pl\/wp-content\/uploads\/2018\/03\/DSCF8302-150x150.jpg\" class=\"attachment-thumbnail size-thumbnail\" alt=\"\" loading=\"lazy\" \/><\/a>\n\t\t\t<\/div><\/figure><figure class='gallery-item'>\n\t\t\t<div class='gallery-icon landscape'>\n\t\t\t\t<a title=\"mms_img-5382066350\" href='http:\/\/serenita.pl\/wp-content\/uploads\/2018\/03\/mms_img-5382066350.jpg'><img width=\"150\" height=\"150\" src=\"http:\/\/serenita.pl\/wp-content\/uploads\/2018\/03\/mms_img-5382066350-150x150.jpg\" class=\"attachment-thumbnail size-thumbnail\" alt=\"\" loading=\"lazy\" \/><\/a>\n\t\t\t<\/div><\/figure>\n\t\t<\/div>\n\n<p><a href=\"https:\/\/goo.gl\/maps\/zAUVJBY8gqw\" target=\"_blank\" rel=\"noopener noreferrer\">Na mapie<\/a><\/p>\n<hr \/>\n<h3>Spotkanie cz\u0142onk\u00f3w za\u0142o\u017cycieli Stowarzyszenia<\/h3>\n<p>Sobotni wiecz\u00f3r zgromadzi\u0142 nas w nowym miejscu tj. w Zag\u00f3rzu w parafii pw. Wniebowzi\u0119cia NMP ko\u0142o Chrzanowa. Nasze spotkanie rozpocz\u0119\u0142o si\u0119 Msz\u0105 \u015awi\u0119t\u0105 o godzinie 18.00, w czasie kt\u00f3rej modlili\u015bmy si\u0119 wraz z Parafianami tego\u017c miejsca. Nast\u0119pnie odby\u0142o si\u0119 spotkanie z om\u00f3wieniem spraw bie\u017c\u0105cych, kontynuacji rozpocz\u0119tych dzia\u0142a\u0144 i nowych inicjatyw. Ju\u017c teraz zapraszamy na pa\u017adziernikowe rekolekcje dla ma\u0142\u017ce\u0144stw w Kro\u015bcienku, kt\u00f3re serdecznie polecamy. O nowo\u015bciach i dalszych dzia\u0142aniach b\u0119dziemy na bie\u017c\u0105co informowa\u0107. Niech \u015awi\u0119ta Joanna wyprasza ka\u017cdemu potrzebne \u0142aski, wspiera dzie\u0142o Stowarzyszenia i wszystkich Jej czcicieli.<\/p>\n<div id='gallery-26' class='gallery galleryid-114 gallery-columns-1 gallery-size-full'><figure class='gallery-item'>\n\t\t\t<div class='gallery-icon landscape'>\n\t\t\t\t<a title=\"Zebranie_20160917_204914\" href='http:\/\/serenita.pl\/wp-content\/uploads\/2018\/03\/Zebranie_20160917_204914-1.jpg'><img width=\"2942\" height=\"1836\" src=\"http:\/\/serenita.pl\/wp-content\/uploads\/2018\/03\/Zebranie_20160917_204914-1.jpg\" class=\"attachment-full size-full\" alt=\"\" loading=\"lazy\" srcset=\"http:\/\/serenita.pl\/wp-content\/uploads\/2018\/03\/Zebranie_20160917_204914-1.jpg 2942w, http:\/\/serenita.pl\/wp-content\/uploads\/2018\/03\/Zebranie_20160917_204914-1-400x250.jpg 400w, http:\/\/serenita.pl\/wp-content\/uploads\/2018\/03\/Zebranie_20160917_204914-1-768x479.jpg 768w, http:\/\/serenita.pl\/wp-content\/uploads\/2018\/03\/Zebranie_20160917_204914-1-1024x639.jpg 1024w, http:\/\/serenita.pl\/wp-content\/uploads\/2018\/03\/Zebranie_20160917_204914-1-433x270.jpg 433w\" sizes=\"(max-width: 2942px) 100vw, 2942px\" \/><\/a>\n\t\t\t<\/div><\/figure>\n\t\t<\/div>\n\n<hr \/>\n<h3>Mi\u0142o\u015b\u0107 piel\u0119gnowana,<\/h3>\n<p><strong>czyli co to znaczy \u201e\u015blubuj\u0119 Ci uczciwo\u015b\u0107 ma\u0142\u017ce\u0144sk\u0105\u201d?<\/strong><\/p>\n<div id='gallery-27' class='gallery galleryid-114 gallery-columns-1 gallery-size-full'><figure class='gallery-item'>\n\t\t\t<div class='gallery-icon landscape'>\n\t\t\t\t<a title=\"ma\u0142\u017conkowie\" href='http:\/\/serenita.pl\/wp-content\/uploads\/2018\/03\/ma\u0142\u017conkowie.jpg'><img width=\"900\" height=\"664\" src=\"http:\/\/serenita.pl\/wp-content\/uploads\/2018\/03\/ma\u0142\u017conkowie.jpg\" class=\"attachment-full size-full\" alt=\"\" loading=\"lazy\" srcset=\"http:\/\/serenita.pl\/wp-content\/uploads\/2018\/03\/ma\u0142\u017conkowie.jpg 900w, http:\/\/serenita.pl\/wp-content\/uploads\/2018\/03\/ma\u0142\u017conkowie-400x295.jpg 400w, http:\/\/serenita.pl\/wp-content\/uploads\/2018\/03\/ma\u0142\u017conkowie-768x567.jpg 768w, http:\/\/serenita.pl\/wp-content\/uploads\/2018\/03\/ma\u0142\u017conkowie-366x270.jpg 366w\" sizes=\"(max-width: 900px) 100vw, 900px\" \/><\/a>\n\t\t\t<\/div><\/figure>\n\t\t<\/div>\n\n<p>Ju\u017c wkr\u00f3tce pod patronatem <strong>Stowarzyszenia Przyjaci\u00f3\u0142 \u015awi\u0119tej Joanny Beretty Molli<\/strong> zostan\u0105 przeprowadzone rekolekcje dla ma\u0142\u017conk\u00f3w.<\/p>\n<p>Za prowadzenie konferencji i opiek\u0119 duchow\u0105 odpowiadaj\u0105: <strong>Barbara i Piotr Sukiennikowie<\/strong> \u2013 doradcy \u017cycia rodzinnego archidiecezji krakowskiej oraz <strong>ks. dr Piotr G\u0105sior<\/strong>.<br \/><strong>Termin rekolekcji:<\/strong><br \/>21\u201323 pa\u017adziernika 2016 r. (przyjazd do godz. 18.00, a zako\u0144czenie niedzielnym obiadem ok. godz. 13.00)<br \/><strong>Miejsce \u0107wicze\u0144 duchowych:<\/strong><br \/>Centralny Dom Rekolekcyjny DK w Kro\u015bcienku nad Dunajcem przy ul. Jagiello\u0144skiej 100.<br \/><strong>Dane do wp\u0142aty:<\/strong><br \/>Instytut Niepokalanej Matki Ko\u015bcio\u0142a,<br \/>ul. Blachnickiego 25, 34-450 Kro\u015bcienko<br \/>Nr rachunku: 61 8817 0000 2001 0020 3964 0001<br \/>z dopiskiem: <strong>Mi\u0142o\u015b\u0107 piel\u0119gnowana<\/strong><br \/><strong>Uwagi:<\/strong><br \/>Na rekolekcjach nie jest przewidziana opieka nad dzie\u0107mi, cho\u0107 jest mo\u017cliwo\u015b\u0107 ustalenia indywidualnej formy obecno\u015bci dziecka w domu rekolekcyjnym.<br \/>O rezerwacji udzia\u0142u w niniejszym skupieniu zadecyduje kolejno\u015b\u0107 zg\u0142osze\u0144 i wp\u0142ata ustalonej zaliczki.<br \/>Pozosta\u0142e informacje i kontakt pod numerem telefonu 667 290 542<br \/>mail: <a href=\"mailto:bpsukiennik@poczta.onet.pl\">bpsukiennik@poczta.onet.pl<\/a><br \/><strong>JESTE\u015aCIE OCZEKIWANI!<\/strong><\/p>\n<hr \/>\n<h3>Weekend u Joanny<\/h3>\n<p>Dni od 29 kwietnia do 3 maja dla grupy osiemnastu os\u00f3b, w tym Nauczycieli z tworz\u0105cej si\u0119 Szko\u0142y Podstawowej na terenie parafii Redemptor Hominis oraz cz\u0142onk\u00f3w Stowarzyszenia, to czas niezapomnianego weekendu sp\u0119dzonego u Joanny. Pielgrzymka odwiedzi\u0142a miejsca zwi\u0105zane z \u017cyciem i dzia\u0142alno\u015bci\u0105 \u015awi\u0119tej. O uczestnik\u00f3w dbali: Ks. dr Piotr G\u0105sior i P. Jacek Sarniak. Modlitwa, konferencje i nade wszystko \u201eblisko\u015b\u0107\u201d Joanny oraz Jej \u017cyj\u0105cych do dzi\u015b \u015bwiadk\u00f3w, pozwoli\u0142y do\u015bwiadczy\u0107 wielu pi\u0119knych chwil, a charakter wsp\u00f3lnotowy pielgrzymki \u2013 otworzy\u0107 si\u0119 na dzia\u0142anie \u0141aski.<\/p>\n<p>Wdzi\u0119czni Panu Bogu i ludziom za ten wielki dar owocnego pielgrzymowania, powtarzamy raz jeszcze: \u201e\u015awi\u0119ta Joanno prowad\u017a tam, gdzie jest rado\u015b\u0107, gdzie jest Pan\u2026\u201d<\/p>\n<div id='gallery-28' class='gallery galleryid-114 gallery-columns-3 gallery-size-thumbnail'><figure class='gallery-item'>\n\t\t\t<div class='gallery-icon landscape'>\n\t\t\t\t<a title=\"01\" href='http:\/\/serenita.pl\/wp-content\/uploads\/2018\/03\/01-1.jpg'><img width=\"150\" height=\"150\" src=\"http:\/\/serenita.pl\/wp-content\/uploads\/2018\/03\/01-1-150x150.jpg\" class=\"attachment-thumbnail size-thumbnail\" alt=\"\" loading=\"lazy\" \/><\/a>\n\t\t\t<\/div><\/figure><figure class='gallery-item'>\n\t\t\t<div class='gallery-icon landscape'>\n\t\t\t\t<a title=\"02\" href='http:\/\/serenita.pl\/wp-content\/uploads\/2018\/03\/02-1.jpg'><img width=\"150\" height=\"150\" src=\"http:\/\/serenita.pl\/wp-content\/uploads\/2018\/03\/02-1-150x150.jpg\" class=\"attachment-thumbnail size-thumbnail\" alt=\"\" loading=\"lazy\" \/><\/a>\n\t\t\t<\/div><\/figure><figure class='gallery-item'>\n\t\t\t<div class='gallery-icon landscape'>\n\t\t\t\t<a title=\"03\" href='http:\/\/serenita.pl\/wp-content\/uploads\/2018\/03\/03-1.jpg'><img width=\"150\" height=\"150\" src=\"http:\/\/serenita.pl\/wp-content\/uploads\/2018\/03\/03-1-150x150.jpg\" class=\"attachment-thumbnail size-thumbnail\" alt=\"\" loading=\"lazy\" \/><\/a>\n\t\t\t<\/div><\/figure><figure class='gallery-item'>\n\t\t\t<div class='gallery-icon portrait'>\n\t\t\t\t<a title=\"04\" href='http:\/\/serenita.pl\/wp-content\/uploads\/2018\/03\/04-1.jpg'><img width=\"150\" height=\"150\" src=\"http:\/\/serenita.pl\/wp-content\/uploads\/2018\/03\/04-1-150x150.jpg\" class=\"attachment-thumbnail size-thumbnail\" alt=\"\" loading=\"lazy\" \/><\/a>\n\t\t\t<\/div><\/figure><figure class='gallery-item'>\n\t\t\t<div class='gallery-icon portrait'>\n\t\t\t\t<a title=\"05\" href='http:\/\/serenita.pl\/wp-content\/uploads\/2018\/03\/05-1.jpg'><img width=\"150\" height=\"150\" src=\"http:\/\/serenita.pl\/wp-content\/uploads\/2018\/03\/05-1-150x150.jpg\" class=\"attachment-thumbnail size-thumbnail\" alt=\"\" loading=\"lazy\" \/><\/a>\n\t\t\t<\/div><\/figure><figure class='gallery-item'>\n\t\t\t<div class='gallery-icon portrait'>\n\t\t\t\t<a title=\"06\" href='http:\/\/serenita.pl\/wp-content\/uploads\/2018\/03\/06-1.jpg'><img width=\"150\" height=\"150\" src=\"http:\/\/serenita.pl\/wp-content\/uploads\/2018\/03\/06-1-150x150.jpg\" class=\"attachment-thumbnail size-thumbnail\" alt=\"\" loading=\"lazy\" \/><\/a>\n\t\t\t<\/div><\/figure><figure class='gallery-item'>\n\t\t\t<div class='gallery-icon landscape'>\n\t\t\t\t<a title=\"07\" href='http:\/\/serenita.pl\/wp-content\/uploads\/2018\/03\/07-1.jpg'><img width=\"150\" height=\"150\" src=\"http:\/\/serenita.pl\/wp-content\/uploads\/2018\/03\/07-1-150x150.jpg\" class=\"attachment-thumbnail size-thumbnail\" alt=\"\" loading=\"lazy\" \/><\/a>\n\t\t\t<\/div><\/figure>\n\t\t<\/div>\n\n<p><a href=\"https:\/\/goo.gl\/maps\/UpqKeFhmDKu\" target=\"_blank\" rel=\"noopener noreferrer\">Na mapie<\/a><\/p>\n<hr \/>\n<h3>Pielgrzymka \u015bladami \u015bwi\u0119tej Joanny<\/h3>\n<div id='gallery-29' class='gallery galleryid-114 gallery-columns-1 gallery-size-full'><figure class='gallery-item'>\n\t\t\t<div class='gallery-icon landscape'>\n\t\t\t\t<a title=\"Image03\" href='http:\/\/serenita.pl\/wp-content\/uploads\/2018\/03\/Image03.jpg'><img width=\"600\" height=\"338\" src=\"http:\/\/serenita.pl\/wp-content\/uploads\/2018\/03\/Image03.jpg\" class=\"attachment-full size-full\" alt=\"\" loading=\"lazy\" srcset=\"http:\/\/serenita.pl\/wp-content\/uploads\/2018\/03\/Image03.jpg 600w, http:\/\/serenita.pl\/wp-content\/uploads\/2018\/03\/Image03-400x225.jpg 400w, http:\/\/serenita.pl\/wp-content\/uploads\/2018\/03\/Image03-479x270.jpg 479w\" sizes=\"(max-width: 600px) 100vw, 600px\" \/><\/a>\n\t\t\t<\/div><\/figure>\n\t\t<\/div>\n\n<p>W dniach od 29 kwietnia do 3 maja 2016 roku cz\u0142onkowie Stowarzyszenia wraz z Nauczycielami\u00a0 jednej z krakowskich szk\u00f3\u0142 wyruszyli na Pielgrzymk\u0119 \u015aladami \u015awi\u0119tej Joanny Beretty Molli. Pielgrzymi byli w miejscach zwi\u0105zanych z \u017cyciem, dzia\u0142alno\u015bci\u0105 i modlitw\u0105 Joanny, czyli: w Ponte Nuovo, Magenta, Mesero. Odbyli podr\u00f3\u017c do Sacro Monte di Varallo, nad jezioro Maggiore i do Corbetta. Przedstawili \u015awi\u0119tej Joannie intencje, kt\u00f3re s\u0105 nam zg\u0142aszane.<\/p>\n<p>Obejmujemy modlitw\u0105 Pielgrzym\u00f3w \u017cycz\u0105c im b\u0142ogos\u0142awionego czasu i owocnych prze\u017cy\u0107 z pobytu u Joanny.<\/p>\n<hr \/>\n<h3>28 kwietnia \u2013 liturgiczne wspomnienie \u015bw. Joanny<\/h3>\n<p>\u201e\u2026 Zawsze uczono mnie, \u017ce sekretem szcz\u0119\u015bcia jest \u017cycie ka\u017cd\u0105 chwil\u0105 i dzi\u0119kowanie Panu Jezusowi za wszystko, co z swej dobroci zsy\u0142a nam dzie\u0144 po dniu. Dlatego W G\u00d3R\u0118 SERCA i b\u0105d\u017amy szcz\u0119\u015bliwi!\u201d (1.VII.1955 r.)<\/p>\n<div id='gallery-30' class='gallery galleryid-114 gallery-columns-1 gallery-size-full'><figure class='gallery-item'>\n\t\t\t<div class='gallery-icon landscape'>\n\t\t\t\t<a title=\"Image27\" href='http:\/\/serenita.pl\/wp-content\/uploads\/2018\/03\/Image27.jpg'><img width=\"1375\" height=\"1076\" src=\"http:\/\/serenita.pl\/wp-content\/uploads\/2018\/03\/Image27.jpg\" class=\"attachment-full size-full\" alt=\"\" loading=\"lazy\" srcset=\"http:\/\/serenita.pl\/wp-content\/uploads\/2018\/03\/Image27.jpg 1375w, http:\/\/serenita.pl\/wp-content\/uploads\/2018\/03\/Image27-400x313.jpg 400w, http:\/\/serenita.pl\/wp-content\/uploads\/2018\/03\/Image27-768x601.jpg 768w, http:\/\/serenita.pl\/wp-content\/uploads\/2018\/03\/Image27-1024x801.jpg 1024w, http:\/\/serenita.pl\/wp-content\/uploads\/2018\/03\/Image27-345x270.jpg 345w\" sizes=\"(max-width: 1375px) 100vw, 1375px\" \/><\/a>\n\t\t\t<\/div><\/figure>\n\t\t<\/div>\n\n<p>Zach\u0119camy do indywidualnego w\u0142\u0105czenia si\u0119 w prze\u017cycie dnia narodzin dla nieba Joanny Beretty Molli. Mo\u017cna to uczyni\u0107 poprzez nowenn\u0119, triduum, Msz\u0119 \u015awi\u0119t\u0105 w dniu 28 kwietnia, uczczenie relikwii, wycieczk\u0119 w g\u00f3ry i na wiele innych sposob\u00f3w, kt\u00f3re zrodz\u0105 si\u0119 w nas jako swoista forma \u015bwi\u0119towania.<\/p>\n<p>Wszystkim, kt\u00f3rym w jakikolwiek spos\u00f3b patronuje \u015awi\u0119ta Joanna, tym kt\u00f3rzy J\u0105 czcz\u0105 i kochaj\u0105 \u017cyczymy wszelkich \u0141ask Bo\u017cych. Niech Joanna prowadzi!<\/p>\n<hr \/>\n<h3>Spotkanie cz\u0142onk\u00f3w i sympatyk\u00f3w Stowarzyszenia<br \/>16 kwietnia 2016 r.<\/h3>\n<p>Dnia 16 kwietnia odby\u0142o si\u0119 kolejne spotkanie cz\u0142onk\u00f3w i sympatyk\u00f3w Stowarzyszenia. Tym razem zaproszeni zostali\u015bmy do krakowskiej parafii Redemptor Hominis (Chrystusa Odkupiciela Cz\u0142owieka). Zgromadzi\u0142a nas Msza \u015awi\u0119ta w kaplicy, w\u0142\u0105czaj\u0105c czynnie w liturgi\u0119 s\u0142owa. Nast\u0119pnie udali\u015bmy si\u0119 na spotkanie przy kawie, kt\u00f3re rozpocz\u0119li\u015bmy uroczystym gestem z\u0142o\u017cenia \u017cycze\u0144 Ks. dr Piotrowi G\u0105siorowi z okazji jubileuszu 25 lat Kap\u0142a\u0144stwa. Kolejnym mi\u0142ym akcentem by\u0142o przyj\u0119cie do Stowarzyszenia P. Leszka Sowy &#8211; Sympatyka, kt\u00f3ry zdecydowa\u0142 si\u0119 zosta\u0107 cz\u0142onkiem Stowarzyszenia.\u00a0 Rado\u015b\u0107 wsp\u00f3lnego spotkania, przeplata\u0142y sprawy organizacyjne takie jak sprawozdanie za okres dzia\u0142alno\u015bci: od kwietnia 2015 do kwietnia 2016 roku (tu nie zabrak\u0142o r\u00f3wnie\u017c wspomnienia \u015bp. Jana Smaciarza \u2013 jednego z budowniczych kapliczki, kt\u00f3ry odszed\u0142 w ostatnich dniach) oraz aktualne kwestie i inicjatywy do realizacji m.in. nowa strona Internetowa, dzie\u0144 skupienia, rekolekcje dla ma\u0142\u017ce\u0144stw, pielgrzymka czy po\u015bwi\u0119cenie szko\u0142y im. \u015awi\u0119tej Joanny. O inicjatywach i podejmowanych dzia\u0142aniach informowa\u0107 b\u0119dziemy na bie\u017c\u0105co przez nasz\u0105 stroni\u0119, a tak\u017ce fb.<\/p>\n<div id='gallery-31' class='gallery galleryid-114 gallery-columns-3 gallery-size-thumbnail'><figure class='gallery-item'>\n\t\t\t<div class='gallery-icon landscape'>\n\t\t\t\t<a title=\"00\" href='http:\/\/serenita.pl\/wp-content\/uploads\/2018\/03\/00.jpg'><img width=\"150\" height=\"150\" src=\"http:\/\/serenita.pl\/wp-content\/uploads\/2018\/03\/00-150x150.jpg\" class=\"attachment-thumbnail size-thumbnail\" alt=\"\" loading=\"lazy\" \/><\/a>\n\t\t\t<\/div><\/figure><figure class='gallery-item'>\n\t\t\t<div class='gallery-icon portrait'>\n\t\t\t\t<a title=\"01\" href='http:\/\/serenita.pl\/wp-content\/uploads\/2018\/03\/01-2.jpg'><img width=\"150\" height=\"150\" src=\"http:\/\/serenita.pl\/wp-content\/uploads\/2018\/03\/01-2-150x150.jpg\" class=\"attachment-thumbnail size-thumbnail\" alt=\"\" loading=\"lazy\" \/><\/a>\n\t\t\t<\/div><\/figure><figure class='gallery-item'>\n\t\t\t<div class='gallery-icon portrait'>\n\t\t\t\t<a title=\"02\" href='http:\/\/serenita.pl\/wp-content\/uploads\/2018\/03\/02-2.jpg'><img width=\"150\" height=\"150\" src=\"http:\/\/serenita.pl\/wp-content\/uploads\/2018\/03\/02-2-150x150.jpg\" class=\"attachment-thumbnail size-thumbnail\" alt=\"\" loading=\"lazy\" \/><\/a>\n\t\t\t<\/div><\/figure><figure class='gallery-item'>\n\t\t\t<div class='gallery-icon landscape'>\n\t\t\t\t<a title=\"03\" href='http:\/\/serenita.pl\/wp-content\/uploads\/2018\/03\/03-2.jpg'><img width=\"150\" height=\"150\" src=\"http:\/\/serenita.pl\/wp-content\/uploads\/2018\/03\/03-2-150x150.jpg\" class=\"attachment-thumbnail size-thumbnail\" alt=\"\" loading=\"lazy\" \/><\/a>\n\t\t\t<\/div><\/figure><figure class='gallery-item'>\n\t\t\t<div class='gallery-icon portrait'>\n\t\t\t\t<a title=\"04\" href='http:\/\/serenita.pl\/wp-content\/uploads\/2018\/03\/04-2.jpg'><img width=\"150\" height=\"150\" src=\"http:\/\/serenita.pl\/wp-content\/uploads\/2018\/03\/04-2-150x150.jpg\" class=\"attachment-thumbnail size-thumbnail\" alt=\"\" loading=\"lazy\" \/><\/a>\n\t\t\t<\/div><\/figure><figure class='gallery-item'>\n\t\t\t<div class='gallery-icon landscape'>\n\t\t\t\t<a title=\"05\" href='http:\/\/serenita.pl\/wp-content\/uploads\/2018\/03\/05-2.jpg'><img width=\"150\" height=\"150\" src=\"http:\/\/serenita.pl\/wp-content\/uploads\/2018\/03\/05-2-150x150.jpg\" class=\"attachment-thumbnail size-thumbnail\" alt=\"\" loading=\"lazy\" \/><\/a>\n\t\t\t<\/div><\/figure><figure class='gallery-item'>\n\t\t\t<div class='gallery-icon landscape'>\n\t\t\t\t<a title=\"06\" href='http:\/\/serenita.pl\/wp-content\/uploads\/2018\/03\/06-2.jpg'><img width=\"150\" height=\"150\" src=\"http:\/\/serenita.pl\/wp-content\/uploads\/2018\/03\/06-2-150x150.jpg\" class=\"attachment-thumbnail size-thumbnail\" alt=\"\" loading=\"lazy\" \/><\/a>\n\t\t\t<\/div><\/figure>\n\t\t<\/div>\n\n<hr \/>\n<h3>Bal karnawa\u0142owy z \u015bw. Joann\u0105<\/h3>\n<p>\u015awi\u0119ta Joanna ju\u017c po raz drugi zgromadzi\u0142a nas licznie na balu \u201eFesta con Santa Gianna\u201d. Bezalkoholow\u0105 zabaw\u0119 prowadzili profesjonalni wodzirejowie Pa\u0144stwo Edyta i Grzegorz Babscy. Bal rozpocz\u0105\u0142 si\u0119 powitaniem, kt\u00f3re wyg\u0142osili: Pani El\u017cbieta Sowa (wice prezes Stowarzyszenia) i Pan Jacek Sarniak (prezes), a tak\u017ce wykonaniem wsp\u00f3lnej, pami\u0105tkowej fotografii.<\/p>\n<p>Bawili\u015bmy si\u0119 w klimatach w\u0142oskich. Nie zabrak\u0142o niespodzianek w formie r\u00f3\u017c i kotylion\u00f3w z\u00a0 upominkami oraz losowego wyboru kr\u00f3la i kr\u00f3lowej balu. W czasie trwania zabawy wszyscy uczestnicy obejrzeli prezentacj\u0119 multimedialn\u0105 dotycz\u0105ca dzia\u0142alno\u015bci Stowarzyszenia, kt\u00f3r\u0105 poprowadzili kolejno: Pani Monika Sarniak, Pan Piotr Sukiennik i Ks. dr Piotr G\u0105sior. Wy\u015bwietlony zosta\u0142 r\u00f3wnie\u017c filmik z po\u015bwi\u0119cenia kapliczki, zrealizowany przez re\u017cysera i fotografa Pana Miros\u0142awa Krzyszkowskiego.<\/p>\n<p>Czas balu up\u0142yn\u0105\u0142 niezwykle szybko, we wspania\u0142ej atmosferze rado\u015bci i wesela. Szkoda, \u017ce nast\u0119pny dopiero za rok J Jednak ju\u017c dzi\u015b zapraszamy wszystkich, kt\u00f3rzy byli i tych, kt\u00f3rzy nie mieli jeszcze okazji \u015bwi\u0119towa\u0107 z Joann\u0105\u2026<\/p>\n<div id='gallery-32' class='gallery galleryid-114 gallery-columns-3 gallery-size-thumbnail'><figure class='gallery-item'>\n\t\t\t<div class='gallery-icon landscape'>\n\t\t\t\t<a title=\"01\" href='http:\/\/serenita.pl\/wp-content\/uploads\/2018\/03\/01-3.jpg'><img width=\"150\" height=\"150\" src=\"http:\/\/serenita.pl\/wp-content\/uploads\/2018\/03\/01-3-150x150.jpg\" class=\"attachment-thumbnail size-thumbnail\" alt=\"\" loading=\"lazy\" \/><\/a>\n\t\t\t<\/div><\/figure><figure class='gallery-item'>\n\t\t\t<div class='gallery-icon landscape'>\n\t\t\t\t<a title=\"02\" href='http:\/\/serenita.pl\/wp-content\/uploads\/2018\/03\/02-3.jpg'><img width=\"150\" height=\"150\" src=\"http:\/\/serenita.pl\/wp-content\/uploads\/2018\/03\/02-3-150x150.jpg\" class=\"attachment-thumbnail size-thumbnail\" alt=\"\" loading=\"lazy\" \/><\/a>\n\t\t\t<\/div><\/figure><figure class='gallery-item'>\n\t\t\t<div class='gallery-icon landscape'>\n\t\t\t\t<a title=\"03\" href='http:\/\/serenita.pl\/wp-content\/uploads\/2018\/03\/03-3.jpg'><img width=\"150\" height=\"150\" src=\"http:\/\/serenita.pl\/wp-content\/uploads\/2018\/03\/03-3-150x150.jpg\" class=\"attachment-thumbnail size-thumbnail\" alt=\"\" loading=\"lazy\" \/><\/a>\n\t\t\t<\/div><\/figure><figure class='gallery-item'>\n\t\t\t<div class='gallery-icon landscape'>\n\t\t\t\t<a title=\"03a\" href='http:\/\/serenita.pl\/wp-content\/uploads\/2018\/03\/03a.jpg'><img width=\"150\" height=\"150\" src=\"http:\/\/serenita.pl\/wp-content\/uploads\/2018\/03\/03a-150x150.jpg\" class=\"attachment-thumbnail size-thumbnail\" alt=\"\" loading=\"lazy\" \/><\/a>\n\t\t\t<\/div><\/figure><figure class='gallery-item'>\n\t\t\t<div class='gallery-icon landscape'>\n\t\t\t\t<a title=\"04\" href='http:\/\/serenita.pl\/wp-content\/uploads\/2018\/03\/04-3.jpg'><img width=\"150\" height=\"150\" src=\"http:\/\/serenita.pl\/wp-content\/uploads\/2018\/03\/04-3-150x150.jpg\" class=\"attachment-thumbnail size-thumbnail\" alt=\"\" loading=\"lazy\" \/><\/a>\n\t\t\t<\/div><\/figure><figure class='gallery-item'>\n\t\t\t<div class='gallery-icon landscape'>\n\t\t\t\t<a title=\"05\" href='http:\/\/serenita.pl\/wp-content\/uploads\/2018\/03\/05-3.jpg'><img width=\"150\" height=\"150\" src=\"http:\/\/serenita.pl\/wp-content\/uploads\/2018\/03\/05-3-150x150.jpg\" class=\"attachment-thumbnail size-thumbnail\" alt=\"\" loading=\"lazy\" \/><\/a>\n\t\t\t<\/div><\/figure><figure class='gallery-item'>\n\t\t\t<div class='gallery-icon landscape'>\n\t\t\t\t<a title=\"06\" href='http:\/\/serenita.pl\/wp-content\/uploads\/2018\/03\/06-3.jpg'><img width=\"150\" height=\"150\" src=\"http:\/\/serenita.pl\/wp-content\/uploads\/2018\/03\/06-3-150x150.jpg\" class=\"attachment-thumbnail size-thumbnail\" alt=\"\" loading=\"lazy\" \/><\/a>\n\t\t\t<\/div><\/figure><figure class='gallery-item'>\n\t\t\t<div class='gallery-icon landscape'>\n\t\t\t\t<a title=\"07\" href='http:\/\/serenita.pl\/wp-content\/uploads\/2018\/03\/07-2.jpg'><img width=\"150\" height=\"150\" src=\"http:\/\/serenita.pl\/wp-content\/uploads\/2018\/03\/07-2-150x150.jpg\" class=\"attachment-thumbnail size-thumbnail\" alt=\"\" loading=\"lazy\" \/><\/a>\n\t\t\t<\/div><\/figure><figure class='gallery-item'>\n\t\t\t<div class='gallery-icon landscape'>\n\t\t\t\t<a title=\"08\" href='http:\/\/serenita.pl\/wp-content\/uploads\/2018\/03\/08-1.jpg'><img width=\"150\" height=\"150\" src=\"http:\/\/serenita.pl\/wp-content\/uploads\/2018\/03\/08-1-150x150.jpg\" class=\"attachment-thumbnail size-thumbnail\" alt=\"\" loading=\"lazy\" \/><\/a>\n\t\t\t<\/div><\/figure><figure class='gallery-item'>\n\t\t\t<div class='gallery-icon landscape'>\n\t\t\t\t<a title=\"09\" href='http:\/\/serenita.pl\/wp-content\/uploads\/2018\/03\/09-1.jpg'><img width=\"150\" height=\"150\" src=\"http:\/\/serenita.pl\/wp-content\/uploads\/2018\/03\/09-1-150x150.jpg\" class=\"attachment-thumbnail size-thumbnail\" alt=\"\" loading=\"lazy\" \/><\/a>\n\t\t\t<\/div><\/figure><figure class='gallery-item'>\n\t\t\t<div class='gallery-icon landscape'>\n\t\t\t\t<a title=\"10\" href='http:\/\/serenita.pl\/wp-content\/uploads\/2018\/03\/10-1.jpg'><img width=\"150\" height=\"150\" src=\"http:\/\/serenita.pl\/wp-content\/uploads\/2018\/03\/10-1-150x150.jpg\" class=\"attachment-thumbnail size-thumbnail\" alt=\"\" loading=\"lazy\" \/><\/a>\n\t\t\t<\/div><\/figure><figure class='gallery-item'>\n\t\t\t<div class='gallery-icon landscape'>\n\t\t\t\t<a title=\"11\" href='http:\/\/serenita.pl\/wp-content\/uploads\/2018\/03\/11-1.jpg'><img width=\"150\" height=\"150\" src=\"http:\/\/serenita.pl\/wp-content\/uploads\/2018\/03\/11-1-150x150.jpg\" class=\"attachment-thumbnail size-thumbnail\" alt=\"\" loading=\"lazy\" \/><\/a>\n\t\t\t<\/div><\/figure><figure class='gallery-item'>\n\t\t\t<div class='gallery-icon landscape'>\n\t\t\t\t<a title=\"12\" href='http:\/\/serenita.pl\/wp-content\/uploads\/2018\/03\/12-1.jpg'><img width=\"150\" height=\"150\" src=\"http:\/\/serenita.pl\/wp-content\/uploads\/2018\/03\/12-1-150x150.jpg\" class=\"attachment-thumbnail size-thumbnail\" alt=\"\" loading=\"lazy\" \/><\/a>\n\t\t\t<\/div><\/figure><figure class='gallery-item'>\n\t\t\t<div class='gallery-icon landscape'>\n\t\t\t\t<a title=\"13\" href='http:\/\/serenita.pl\/wp-content\/uploads\/2018\/03\/13.jpg'><img width=\"150\" height=\"150\" src=\"http:\/\/serenita.pl\/wp-content\/uploads\/2018\/03\/13-150x150.jpg\" class=\"attachment-thumbnail size-thumbnail\" alt=\"\" loading=\"lazy\" \/><\/a>\n\t\t\t<\/div><\/figure><figure class='gallery-item'>\n\t\t\t<div class='gallery-icon landscape'>\n\t\t\t\t<a title=\"14\" href='http:\/\/serenita.pl\/wp-content\/uploads\/2018\/03\/14.jpg'><img width=\"150\" height=\"150\" src=\"http:\/\/serenita.pl\/wp-content\/uploads\/2018\/03\/14-150x150.jpg\" class=\"attachment-thumbnail size-thumbnail\" alt=\"\" loading=\"lazy\" \/><\/a>\n\t\t\t<\/div><\/figure><figure class='gallery-item'>\n\t\t\t<div class='gallery-icon landscape'>\n\t\t\t\t<a title=\"15\" href='http:\/\/serenita.pl\/wp-content\/uploads\/2018\/03\/15.jpg'><img width=\"150\" height=\"150\" src=\"http:\/\/serenita.pl\/wp-content\/uploads\/2018\/03\/15-150x150.jpg\" class=\"attachment-thumbnail size-thumbnail\" alt=\"\" loading=\"lazy\" \/><\/a>\n\t\t\t<\/div><\/figure><figure class='gallery-item'>\n\t\t\t<div class='gallery-icon landscape'>\n\t\t\t\t<a title=\"16\" href='http:\/\/serenita.pl\/wp-content\/uploads\/2018\/03\/16.jpg'><img width=\"150\" height=\"150\" src=\"http:\/\/serenita.pl\/wp-content\/uploads\/2018\/03\/16-150x150.jpg\" class=\"attachment-thumbnail size-thumbnail\" alt=\"\" loading=\"lazy\" \/><\/a>\n\t\t\t<\/div><\/figure><figure class='gallery-item'>\n\t\t\t<div class='gallery-icon landscape'>\n\t\t\t\t<a title=\"17\" href='http:\/\/serenita.pl\/wp-content\/uploads\/2018\/03\/17.jpg'><img width=\"150\" height=\"150\" src=\"http:\/\/serenita.pl\/wp-content\/uploads\/2018\/03\/17-150x150.jpg\" class=\"attachment-thumbnail size-thumbnail\" alt=\"\" loading=\"lazy\" \/><\/a>\n\t\t\t<\/div><\/figure><figure class='gallery-item'>\n\t\t\t<div class='gallery-icon landscape'>\n\t\t\t\t<a title=\"18\" href='http:\/\/serenita.pl\/wp-content\/uploads\/2018\/03\/18.jpg'><img width=\"150\" height=\"150\" src=\"http:\/\/serenita.pl\/wp-content\/uploads\/2018\/03\/18-150x150.jpg\" class=\"attachment-thumbnail size-thumbnail\" alt=\"\" loading=\"lazy\" \/><\/a>\n\t\t\t<\/div><\/figure><figure class='gallery-item'>\n\t\t\t<div class='gallery-icon landscape'>\n\t\t\t\t<a title=\"19\" href='http:\/\/serenita.pl\/wp-content\/uploads\/2018\/03\/19.jpg'><img width=\"150\" height=\"150\" src=\"http:\/\/serenita.pl\/wp-content\/uploads\/2018\/03\/19-150x150.jpg\" class=\"attachment-thumbnail size-thumbnail\" alt=\"\" loading=\"lazy\" \/><\/a>\n\t\t\t<\/div><\/figure><figure class='gallery-item'>\n\t\t\t<div class='gallery-icon landscape'>\n\t\t\t\t<a title=\"20\" href='http:\/\/serenita.pl\/wp-content\/uploads\/2018\/03\/20.jpg'><img width=\"150\" height=\"150\" src=\"http:\/\/serenita.pl\/wp-content\/uploads\/2018\/03\/20-150x150.jpg\" class=\"attachment-thumbnail size-thumbnail\" alt=\"\" loading=\"lazy\" \/><\/a>\n\t\t\t<\/div><\/figure><figure class='gallery-item'>\n\t\t\t<div class='gallery-icon landscape'>\n\t\t\t\t<a title=\"21\" href='http:\/\/serenita.pl\/wp-content\/uploads\/2018\/03\/21.jpg'><img width=\"150\" height=\"150\" src=\"http:\/\/serenita.pl\/wp-content\/uploads\/2018\/03\/21-150x150.jpg\" class=\"attachment-thumbnail size-thumbnail\" alt=\"\" loading=\"lazy\" \/><\/a>\n\t\t\t<\/div><\/figure><figure class='gallery-item'>\n\t\t\t<div class='gallery-icon landscape'>\n\t\t\t\t<a title=\"22\" href='http:\/\/serenita.pl\/wp-content\/uploads\/2018\/03\/22.jpg'><img width=\"150\" height=\"150\" src=\"http:\/\/serenita.pl\/wp-content\/uploads\/2018\/03\/22-150x150.jpg\" class=\"attachment-thumbnail size-thumbnail\" alt=\"\" loading=\"lazy\" \/><\/a>\n\t\t\t<\/div><\/figure><figure class='gallery-item'>\n\t\t\t<div class='gallery-icon landscape'>\n\t\t\t\t<a title=\"23\" href='http:\/\/serenita.pl\/wp-content\/uploads\/2018\/03\/23.jpg'><img width=\"150\" height=\"150\" src=\"http:\/\/serenita.pl\/wp-content\/uploads\/2018\/03\/23-150x150.jpg\" class=\"attachment-thumbnail size-thumbnail\" alt=\"\" loading=\"lazy\" \/><\/a>\n\t\t\t<\/div><\/figure><figure class='gallery-item'>\n\t\t\t<div class='gallery-icon landscape'>\n\t\t\t\t<a title=\"24\" href='http:\/\/serenita.pl\/wp-content\/uploads\/2018\/03\/24.jpg'><img width=\"150\" height=\"150\" src=\"http:\/\/serenita.pl\/wp-content\/uploads\/2018\/03\/24-150x150.jpg\" class=\"attachment-thumbnail size-thumbnail\" alt=\"\" loading=\"lazy\" \/><\/a>\n\t\t\t<\/div><\/figure><figure class='gallery-item'>\n\t\t\t<div class='gallery-icon landscape'>\n\t\t\t\t<a title=\"25\" href='http:\/\/serenita.pl\/wp-content\/uploads\/2018\/03\/25.jpg'><img width=\"150\" height=\"150\" src=\"http:\/\/serenita.pl\/wp-content\/uploads\/2018\/03\/25-150x150.jpg\" class=\"attachment-thumbnail size-thumbnail\" alt=\"\" loading=\"lazy\" \/><\/a>\n\t\t\t<\/div><\/figure><figure class='gallery-item'>\n\t\t\t<div class='gallery-icon landscape'>\n\t\t\t\t<a title=\"26\" href='http:\/\/serenita.pl\/wp-content\/uploads\/2018\/03\/26.jpg'><img width=\"150\" height=\"150\" src=\"http:\/\/serenita.pl\/wp-content\/uploads\/2018\/03\/26-150x150.jpg\" class=\"attachment-thumbnail size-thumbnail\" alt=\"\" loading=\"lazy\" \/><\/a>\n\t\t\t<\/div><\/figure><figure class='gallery-item'>\n\t\t\t<div class='gallery-icon landscape'>\n\t\t\t\t<a title=\"27\" href='http:\/\/serenita.pl\/wp-content\/uploads\/2018\/03\/27.jpg'><img width=\"150\" height=\"150\" src=\"http:\/\/serenita.pl\/wp-content\/uploads\/2018\/03\/27-150x150.jpg\" class=\"attachment-thumbnail size-thumbnail\" alt=\"\" loading=\"lazy\" \/><\/a>\n\t\t\t<\/div><\/figure><figure class='gallery-item'>\n\t\t\t<div class='gallery-icon landscape'>\n\t\t\t\t<a title=\"28\" href='http:\/\/serenita.pl\/wp-content\/uploads\/2018\/03\/28.jpg'><img width=\"150\" height=\"150\" src=\"http:\/\/serenita.pl\/wp-content\/uploads\/2018\/03\/28-150x150.jpg\" class=\"attachment-thumbnail size-thumbnail\" alt=\"\" loading=\"lazy\" \/><\/a>\n\t\t\t<\/div><\/figure><figure class='gallery-item'>\n\t\t\t<div class='gallery-icon landscape'>\n\t\t\t\t<a title=\"29\" href='http:\/\/serenita.pl\/wp-content\/uploads\/2018\/03\/29.jpg'><img width=\"150\" height=\"150\" src=\"http:\/\/serenita.pl\/wp-content\/uploads\/2018\/03\/29-150x150.jpg\" class=\"attachment-thumbnail size-thumbnail\" alt=\"\" loading=\"lazy\" \/><\/a>\n\t\t\t<\/div><\/figure>\n\t\t<\/div>\n\n<hr \/>\n<h3>\u201eJoanna Beretta Molla \u2013 kobieta chrze\u015bcija\u0144skiej nadziei\u201d<br \/>28 listopada 2015 r.<\/h3>\n<p>Ten temat towarzyszy\u0142 nam w czasie pierwszego dnia skupienia ze \u015awi\u0119t\u0105 Joann\u0105, kt\u00f3re mia\u0142o miejsce w dniu 28 listopada 2015 roku. W konferencji, kt\u00f3r\u0105 wyg\u0142osi\u0142 ks. dr Piotr G\u0105sior nasze my\u015bli zosta\u0142y skupione najpierw wok\u00f3\u0142 \u017ar\u00f3de\u0142 nadziei u Joanny a nast\u0119pnie przejaw\u00f3w tej cnoty w jej codziennym \u017cyciu. Cz\u0119\u015b\u0107 warsztatowa ubogaci\u0142a nas o wiele nowych refleksji i wniosk\u00f3w do dalszego \u017cycia osobistego i rodzinnego. Rozmowy i \u015bwiadectwa by\u0142y niezwykle buduj\u0105ce, a wsp\u00f3lna modlitwa i spotkanie z Jezusem w Eucharystii da\u0142y si\u0142y do podejmowania nowych postanowie\u0144, szczeg\u00f3lnie teraz u progu Adwentu.<\/p>\n<hr \/>\n<h3>B\u0142ogos\u0142awiony czas rekolekcji<br \/>16-18 pa\u017adziernika 2015 r.<\/h3>\n<p>W dniach od 16 do 18 pa\u017adziernika br. w Kro\u015bcienku nad Dunajcem, odby\u0142y si\u0119 rekolekcje dla ma\u0142\u017ce\u0144stw m\u0142odych sta\u017cem. Patronat nad tym wydarzeniem obj\u0119\u0142o Stowarzyszenie Przyjaci\u00f3\u0142 \u015awi\u0119tej Joanny, a rozwa\u017cania rekolekcyjne prowadzili ks. dr Piotr G\u0105sior oraz Pa\u0144stwo Barbara i Piotr Sukiennikowie. Czas sp\u0119dzony ze sob\u0105 przed Panem Bogiem procentuje, o czym mo\u017cna przeczyta\u0107 w zak\u0142adce: \u201e\u015awiadectwa\u201d. Mi\u0142ej lektury i owocnych refleksji!<\/p>\n<hr \/>\n<h3>Po\u015bwi\u0119cenie kapliczki \u015bw. Joanny na G\u00f3rze Potaczkowej<\/h3>\n<p><strong>Jak\u017ce si\u0119 nie radowa\u0107 i nie uwielbia\u0107 Boga, kiedy si\u0119 staje na g\u00f3rze pod b\u0142\u0119kitem nieba&#8230;<\/strong><br \/>[z listu Joanny do Piotra]<\/p>\n<p>To w\u0142a\u015bnie motto towarzyszy\u0142o nam w czasie po\u015bwi\u0119cenia kapliczki \u015aw. Joanny w dniu 4 pa\u017adziernika 2015 r. Uroczysto\u015b\u0107 zgromadzi\u0142a wiele os\u00f3b: m.in. ksi\u0119\u017cy, budowniczych kapliczki, sponsor\u00f3w, cz\u0142onk\u00f3w i sympatyk\u00f3w Stowarzyszenia, okolicznych mieszka\u0144c\u00f3w oraz go\u015bci, kt\u00f3rzy swoja obecno\u015bci\u0105 u\u015bwietnili to wydarzenie. Przed po\u015bwi\u0119ceniem mia\u0142o miejsce wr\u0119czenie podzi\u0119kowa\u0144 w formie pami\u0105tkowych dyplom\u00f3w oraz zapoznanie z ide\u0105 i histori\u0105 powstawania kapliczki (wkr\u00f3tce podamy wi\u0119cej szczeg\u00f3\u0142\u00f3w). Nie zabrak\u0142o r\u00f3wnie\u017c wsp\u00f3lnej modlitwy, po\u015bwi\u0119cenia dewocjonali\u00f3w i radosnego \u015bpiewu. Po uroczysto\u015bci wykonano pami\u0105tkowe zdj\u0119cie. Odby\u0142o si\u0119 r\u00f3wnie\u017c ognisko z pieczeniem kie\u0142basek. Po raz kolejny da\u0142o si\u0119 odczu\u0107 fakt, \u017ce Joanna potrafi do siebie przyci\u0105ga\u0107 oraz integruje nawzajem swoich czcicieli.<\/p>\n<p><strong>Nowy wygl\u0105d kapliczki<\/strong><\/p>\n<p>Z prawdziw\u0105 rado\u015bci\u0105 chcemy poinformowa\u0107, \u017ce dzi\u0119ki ofiarno\u015bci wielu os\u00f3b mo\u017cliwa by\u0142a modernizacja kapliczki \u015awi\u0119tej Joanny na G\u00f3rze Potaczkowej w Podobinie ko\u0142o Mszany Dolnej. Poczynione prace ugruntowa\u0142y na fundamencie betonowym trzymetrow\u0105 kamienn\u0105 kapliczk\u0119. Wizerunek \u015awi\u0119tej w p\u0142askorze\u017abie jest ten sam. Na kapliczce znalaz\u0142y miejsce: wykuta r\u0119cznie dedykacja i dwie kamienne p\u00f3\u0142eczki na kwiaty i \u015bwiece. Teren wok\u00f3\u0142 zosta\u0142 wy\u0142o\u017cony p\u0142askimi kamieniami.<\/p>\n<p>Obok kapliczki niebawem znajdzie si\u0119 r\u00f3wnie\u017c skrzynka na \u201elisty\u201d b\u0105d\u017a wpisy pami\u0105tkowe, czy te\u017c intencje modlitewne. Ka\u017cdy, kto odwiedzi \u015aw. Joann\u0119 w g\u00f3rach b\u0119dzie m\u00f3g\u0142 zostawi\u0107 po sobie \u015blad w formie wpisu. Zach\u0119camy do \u201espotkania\u201d naszej \u015awi\u0119tej w tych urokliwych g\u00f3rach.<\/p>\n<div id='gallery-33' class='gallery galleryid-114 gallery-columns-3 gallery-size-thumbnail'><figure class='gallery-item'>\n\t\t\t<div class='gallery-icon portrait'>\n\t\t\t\t<a title=\"01\" href='http:\/\/serenita.pl\/wp-content\/uploads\/2018\/03\/01-4.jpg'><img width=\"150\" height=\"150\" src=\"http:\/\/serenita.pl\/wp-content\/uploads\/2018\/03\/01-4-150x150.jpg\" class=\"attachment-thumbnail size-thumbnail\" alt=\"\" loading=\"lazy\" \/><\/a>\n\t\t\t<\/div><\/figure><figure class='gallery-item'>\n\t\t\t<div class='gallery-icon landscape'>\n\t\t\t\t<a title=\"02\" href='http:\/\/serenita.pl\/wp-content\/uploads\/2018\/03\/02-4.jpg'><img width=\"150\" height=\"150\" src=\"http:\/\/serenita.pl\/wp-content\/uploads\/2018\/03\/02-4-150x150.jpg\" class=\"attachment-thumbnail size-thumbnail\" alt=\"\" loading=\"lazy\" \/><\/a>\n\t\t\t<\/div><\/figure><figure class='gallery-item'>\n\t\t\t<div class='gallery-icon landscape'>\n\t\t\t\t<a title=\"03\" href='http:\/\/serenita.pl\/wp-content\/uploads\/2018\/03\/03-4.jpg'><img width=\"150\" height=\"150\" src=\"http:\/\/serenita.pl\/wp-content\/uploads\/2018\/03\/03-4-150x150.jpg\" class=\"attachment-thumbnail size-thumbnail\" alt=\"\" loading=\"lazy\" \/><\/a>\n\t\t\t<\/div><\/figure><figure class='gallery-item'>\n\t\t\t<div class='gallery-icon landscape'>\n\t\t\t\t<a title=\"04\" href='http:\/\/serenita.pl\/wp-content\/uploads\/2018\/03\/04-4.jpg'><img width=\"150\" height=\"150\" src=\"http:\/\/serenita.pl\/wp-content\/uploads\/2018\/03\/04-4-150x150.jpg\" class=\"attachment-thumbnail size-thumbnail\" alt=\"\" loading=\"lazy\" \/><\/a>\n\t\t\t<\/div><\/figure><figure class='gallery-item'>\n\t\t\t<div class='gallery-icon landscape'>\n\t\t\t\t<a title=\"05\" href='http:\/\/serenita.pl\/wp-content\/uploads\/2018\/03\/05-4.jpg'><img width=\"150\" height=\"150\" src=\"http:\/\/serenita.pl\/wp-content\/uploads\/2018\/03\/05-4-150x150.jpg\" class=\"attachment-thumbnail size-thumbnail\" alt=\"\" loading=\"lazy\" \/><\/a>\n\t\t\t<\/div><\/figure><figure class='gallery-item'>\n\t\t\t<div class='gallery-icon landscape'>\n\t\t\t\t<a title=\"06\" href='http:\/\/serenita.pl\/wp-content\/uploads\/2018\/03\/06-4.jpg'><img width=\"150\" height=\"150\" src=\"http:\/\/serenita.pl\/wp-content\/uploads\/2018\/03\/06-4-150x150.jpg\" class=\"attachment-thumbnail size-thumbnail\" alt=\"\" loading=\"lazy\" \/><\/a>\n\t\t\t<\/div><\/figure><figure class='gallery-item'>\n\t\t\t<div class='gallery-icon landscape'>\n\t\t\t\t<a title=\"07\" href='http:\/\/serenita.pl\/wp-content\/uploads\/2018\/03\/07-3.jpg'><img width=\"150\" height=\"150\" src=\"http:\/\/serenita.pl\/wp-content\/uploads\/2018\/03\/07-3-150x150.jpg\" class=\"attachment-thumbnail size-thumbnail\" alt=\"\" loading=\"lazy\" \/><\/a>\n\t\t\t<\/div><\/figure><figure class='gallery-item'>\n\t\t\t<div class='gallery-icon landscape'>\n\t\t\t\t<a title=\"08\" href='http:\/\/serenita.pl\/wp-content\/uploads\/2018\/03\/08-2.jpg'><img width=\"150\" height=\"150\" src=\"http:\/\/serenita.pl\/wp-content\/uploads\/2018\/03\/08-2-150x150.jpg\" class=\"attachment-thumbnail size-thumbnail\" alt=\"\" loading=\"lazy\" \/><\/a>\n\t\t\t<\/div><\/figure><figure class='gallery-item'>\n\t\t\t<div class='gallery-icon landscape'>\n\t\t\t\t<a title=\"09\" href='http:\/\/serenita.pl\/wp-content\/uploads\/2018\/03\/09-2.jpg'><img width=\"150\" height=\"150\" src=\"http:\/\/serenita.pl\/wp-content\/uploads\/2018\/03\/09-2-150x150.jpg\" class=\"attachment-thumbnail size-thumbnail\" alt=\"\" loading=\"lazy\" \/><\/a>\n\t\t\t<\/div><\/figure><figure class='gallery-item'>\n\t\t\t<div class='gallery-icon landscape'>\n\t\t\t\t<a title=\"10\" href='http:\/\/serenita.pl\/wp-content\/uploads\/2018\/03\/10-2.jpg'><img width=\"150\" height=\"150\" src=\"http:\/\/serenita.pl\/wp-content\/uploads\/2018\/03\/10-2-150x150.jpg\" class=\"attachment-thumbnail size-thumbnail\" alt=\"\" loading=\"lazy\" \/><\/a>\n\t\t\t<\/div><\/figure><figure class='gallery-item'>\n\t\t\t<div class='gallery-icon landscape'>\n\t\t\t\t<a title=\"11\" href='http:\/\/serenita.pl\/wp-content\/uploads\/2018\/03\/11-2.jpg'><img width=\"150\" height=\"150\" src=\"http:\/\/serenita.pl\/wp-content\/uploads\/2018\/03\/11-2-150x150.jpg\" class=\"attachment-thumbnail size-thumbnail\" alt=\"\" loading=\"lazy\" \/><\/a>\n\t\t\t<\/div><\/figure><figure class='gallery-item'>\n\t\t\t<div class='gallery-icon landscape'>\n\t\t\t\t<a title=\"12\" href='http:\/\/serenita.pl\/wp-content\/uploads\/2018\/03\/12-2.jpg'><img width=\"150\" height=\"150\" src=\"http:\/\/serenita.pl\/wp-content\/uploads\/2018\/03\/12-2-150x150.jpg\" class=\"attachment-thumbnail size-thumbnail\" alt=\"\" loading=\"lazy\" \/><\/a>\n\t\t\t<\/div><\/figure><figure class='gallery-item'>\n\t\t\t<div class='gallery-icon landscape'>\n\t\t\t\t<a title=\"13\" href='http:\/\/serenita.pl\/wp-content\/uploads\/2018\/03\/13-1.jpg'><img width=\"150\" height=\"150\" src=\"http:\/\/serenita.pl\/wp-content\/uploads\/2018\/03\/13-1-150x150.jpg\" class=\"attachment-thumbnail size-thumbnail\" alt=\"\" loading=\"lazy\" \/><\/a>\n\t\t\t<\/div><\/figure>\n\t\t<\/div>\n\n<p><iframe loading=\"lazy\" title=\"Po\u015bwi\u0119cenie kapliczki \u015bw. Joanny Beretty Molli - G\u00f3ra Potaczkowa - 4.10.2015\" width=\"640\" height=\"360\" src=\"https:\/\/www.youtube.com\/embed\/EeisG0F8Qgo?feature=oembed\" frameborder=\"0\" allow=\"accelerometer; autoplay; clipboard-write; encrypted-media; gyroscope; picture-in-picture\" allowfullscreen><\/iframe><\/p>\n<p><a href=\"https:\/\/goo.gl\/maps\/zAUVJBY8gqw\" target=\"_blank\" rel=\"noopener noreferrer\">Na mapie<\/a><\/p>\n<hr \/>\n<h3>22 maja, TVP 2 \u2013 Film \u201e\u015aWI\u0118TA Z S\u0104SIEDZTWA\u201d<\/h3>\n<p>Z rado\u015bci\u0105 informujemy, \u017ce film &#8222;\u015awi\u0119ta z s\u0105siedztwa&#8221; w Wielk\u0105 Sobot\u0119 ogl\u0105da\u0142o 270 tys. widz\u00f3w. Kolejna emisja b\u0119dzie 22 maja br. na TVP2 o godz. 14.05.<\/p>\n<hr \/>\n<h3>4 kwietnia, TVP 1, 10:25 \u2013 Film \u201e\u015aWI\u0118TA Z S\u0104SIEDZTWA\u201d<\/h3>\n<p>To pierwszy polski dokument z niezwyk\u0142ymi zdj\u0119ciami dokumentalnymi i fabularyzowanymi scenami z \u017cycia \u015bwi\u0119tej, kt\u00f3rej historia zmieni\u0142a spojrzenie na mi\u0142o\u015b\u0107 mi\u0119dzy dwojgiem ludzi, macierzy\u0144stwo oraz istot\u0119 \u015bwi\u0119tej codzienno\u015bci dost\u0119pnej ka\u017cdemu z nas&#8230;<\/p>\n<hr \/>\n<p><strong>Drodzy Przyjaciele!\u00a0<\/strong><br \/>TVP 1 poinformowa\u0142a nas, \u017ce film \u015aWI\u0118TA Z S\u0104SIEDZTWA. JOANNA BERETTA MOLLA b\u0119dzie pokazany w TVP1 w Wielk\u0105 Sobot\u0119 (4 kwietnia) o godz. 10.25. Ten film powsta\u0142 za spraw\u0105 cz\u0142onk\u00f3w naszego Stowarzyszenia, kt\u00f3rzy go wsp\u00f3lnie realizowali, a tak\u017ce dali w nim swoje \u015bwiadectwa. Ciekawostk\u0105 tego filmu pr\u00f3cz licznych wsp\u00f3\u0142czesnych zdj\u0119\u0107 dokumentalnych (m.in. wywiady z rodzin\u0105 \u015bw Joanny, jej znajomymi, dostojnikami watyka\u0144skimi prowadz\u0105cymi kanonizacj\u0119, \u015bwiadectwami Polak\u00f3w i W\u0142och\u00f3w na temat \u015bw. Joanny&#8230;), i archiwalnych (np. zdj\u0119cia TV watyka\u0144skiej z kanonizacji) s\u0105 autentyczne filmy (z amatorskiej kamery 8 mm) z rodzinnego archiwum Moll\u00f3w.<\/p>\n<h3>&#8212;<\/h3>\n<h3>Zaproszenie<\/h3>\n<p>Zapraszamy na bal karnawa\u0142owy ze \u015awi\u0119t\u0105 Joann\u0105 w dniu 7 lutego 2015 r. o godz. 19.30.\u00a0Zabawa bezalkoholowa, prowadzona przez profesjonalnych wodzirej\u00f3w w Borku Szlacheckim ko\u0142o Skawiny &#8211; restauracja &#8222;Wodniczek&#8221;.<\/p>\n<p>Koszt 190 z\u0142 od pary lub 95 z\u0142 od osoby.<\/p>\n<p>Bli\u017csze informacje i zapisy pod numerem telefonu: 602 722 946.<\/p>\n<p>Klimaty w\u0142oskie zapewnione \ud83d\ude42<\/p>\n<hr \/>\n<h3>B\u0142ogos\u0142awie\u0144stwo narzeczonych<\/h3>\n<p>Dzi\u0119ki wsp\u00f3\u0142pracy z duszpasterzami parafii w Trzeme\u015bni ko\u0142o My\u015blenic nasze Stowarzyszenie mo\u017ce zrealizowa\u0107 now\u0105 inicjatyw\u0119. Tym razem chodzi o narzeczonych, kt\u00f3rym proponujemy prze\u017cycie pi\u0119knego wydarzenia, jakim jest b\u0142ogos\u0142awie\u0144stwo z okazji chrze\u015bcija\u0144skich zar\u0119czyn. Inicjatywa niniejsza jest aktualna od dnia 9 listopada 2014 r. Wi\u0119cej informacji na serenita.pl w zak\u0142adce &#8222;Warto prze\u017cy\u0107&#8221;.<\/p>\n<hr \/>\n<h3>Kapliczka powsta\u0142a<\/h3>\n<p>Z rado\u015bci\u0105 informujemy, \u017ce powsta\u0142a \u00a0Kapliczka \u00a0\u015awi\u0119tej \u00a0Joanny&#8230; W dniu 27 \u00a0wrze\u015bnia \u00a02014 r. \u00a0o \u00a0godzinie 15.00. odby\u0142o si\u0119 uroczyste po\u015bwi\u0119cenie. Wszystkim, kt\u00f3rzy wzi\u0119li udzia\u0142 w tym wydarzeniu &#8211; dzi\u0119kujemy.<\/p>\n<hr \/>\n<h3>Budowa kapliczki<\/h3>\n<p>W dniu 31 maja 2014 r. odby\u0142o si\u0119 spotkanie \u00a0Komitetu Za\u0142o\u017cycielskiego Stowarzyszenia \u00a0Przyjaci\u00f3\u0142 \u015awi\u0119tej \u00a0Joanny Beretty Molli, \u00a0w \u00a0czasie kt\u00f3rego zastanawiali\u015bmy si\u0119 nad inicjatywami, jakie podejmiemy. Jedn\u0105 z nich, jest budowa ma\u0142ej kapliczki\u00a0dedykowanej specjalnie \u00a0\u015awi\u0119tej Joannie na g\u00f3rze Potaczkowej (na szlaku z \u00a0Rabki \u00a0do \u00a0Mszany \u00a0Dolnej \u00a0w Gorcach). Ch\u0119tnych zapraszamy \u00a0do \u00a0wsparcia \u00a0tej \u00a0 pi\u0119knej \u00a0inicjatywy (nr konta \u00a0w zak\u0142adce kontakt). Prosimy dopisa\u0107: Na kapliczk\u0119 \u015bw. Joanny)<\/p>","protected":false},"excerpt":{"rendered":"<p>Dzie\u0144 Skupienia ze \u015awi\u0119t\u0105 Joann\u0105 &#8211; tym razem w g\u00f3rach Drodzy Czciciele \u015aw. Joanny zapraszamy na kolejny otwarty Dzie\u0144 Skupienia ze \u015aw. Joann\u0105, kt\u00f3ry b\u0119dzie dnia 25 wrze\u015bnia 2021 roku w godzinach 10.00-15.00. Rozpoczynamy Msz\u0105 \u015aw. o godzinie 10.30 w Maniowach (ko\u015bci\u00f3\u0142 pw. NMP Matki Ko\u015bcio\u0142a), nast\u0119pnie konferencja, praca w grupach, podsumowanie i przejazd do Sromowiec Ni\u017cnych do kapliczki Joanny. Na zako\u0144czenie wsp\u00f3lnota sto\u0142u &#8211; pizza \ud83d\ude42 Wy\u017cywienie we w\u0142asnym zakresie. Zainteresowanych prosimy o zg\u0142oszenie uczestnictwa pod numerem telefonu 509&#8230;<\/p>\n<p class=\"read-more\"><a class=\"btn btn-default\" href=\"http:\/\/serenita.pl\/?page_id=114\"> Read More<span class=\"screen-reader-text\">  Read More<\/span><\/a><\/p>\n","protected":false},"author":2,"featured_media":0,"parent":0,"menu_order":0,"comment_status":"closed","ping_status":"closed","template":"","meta":[],"_links":{"self":[{"href":"http:\/\/serenita.pl\/index.php?rest_route=\/wp\/v2\/pages\/114"}],"collection":[{"href":"http:\/\/serenita.pl\/index.php?rest_route=\/wp\/v2\/pages"}],"about":[{"href":"http:\/\/serenita.pl\/index.php?rest_route=\/wp\/v2\/types\/page"}],"author":[{"embeddable":true,"href":"http:\/\/serenita.pl\/index.php?rest_route=\/wp\/v2\/users\/2"}],"replies":[{"embeddable":true,"href":"http:\/\/serenita.pl\/index.php?rest_route=%2Fwp%2Fv2%2Fcomments&post=114"}],"version-history":[{"count":107,"href":"http:\/\/serenita.pl\/index.php?rest_route=\/wp\/v2\/pages\/114\/revisions"}],"predecessor-version":[{"id":951,"href":"http:\/\/serenita.pl\/index.php?rest_route=\/wp\/v2\/pages\/114\/revisions\/951"}],"wp:attachment":[{"href":"http:\/\/serenita.pl\/index.php?rest_route=%2Fwp%2Fv2%2Fmedia&parent=114"}],"curies":[{"name":"wp","href":"https:\/\/api.w.org\/{rel}","templated":true}]}}