{"id":127,"date":"2018-03-17T19:18:29","date_gmt":"2018-03-17T18:18:29","guid":{"rendered":"http:\/\/serenita.pl\/?page_id=127"},"modified":"2018-03-26T19:21:28","modified_gmt":"2018-03-26T17:21:28","slug":"na-szlaku","status":"publish","type":"page","link":"http:\/\/serenita.pl\/?page_id=127","title":{"rendered":"Na szlaku"},"content":{"rendered":"<h3>Kapliczka pod Gorcem<\/h3>\n<p>I oto ju\u017c jest. Powsta\u0142a druga (pierwsz\u0105 znajdziemy na g\u00f3rze Potaczkowej (746 m.n.p.m.) ko\u0142o Podobina) g\u00f3rska kapliczka dedykowana \u015bw. Joannie. B\u0119dzie stanowi\u0107 kolejne miejsce spotkania ze \u015awi\u0119t\u0105 na zaplanowanym i konsekwentnie realizowanym pierwszym w Polsce g\u00f3rskim szlaku \u015bw. Joanny Beretty Molli.<\/p>\n<p>O wykonanie ca\u0142o\u015bci zatroszczy\u0142 si\u0119 przede wszystkim Piotr Sukiennik. Zabrawszy potrzebny sprz\u0119t uda\u0142 si\u0119 18 wrze\u015bnia 2017 roku wraz z ks. Piotrem G\u0105siorem na \u017c\u00f3\u0142ty szlak w okolicy Ochotnicy G\u00f3rnej. Po wst\u0119pnej konsultacji z \u2013 co warto podkre\u015bli\u0107 &#8211; bardzo \u017cyczliwymi miejscowymi lud\u017ami obydwaj zadecydowali, \u017ce miejscem lokalizacji b\u0119dzie ostatecznie niewielka skarpa (na wysoko\u015bci 835 m.n.p.m.) opodal Gorcza\u0144skiej Chaty znanej pod dawn\u0105 nazw\u0105 \u201eHawiarskiej Koliby\u201d (por. <a href=\"https:\/\/l.facebook.com\/l.php?u=http%3A%2F%2Fwww.gorczanska.pl%2F&amp;h=ATNVDhJYzvhgtuzWOV1ekMHTzuYOfnFJXVKE4bbupO9AEjTef60gbDIFVknDy2SM9jsxeCEuOhmwqR_z_kDvAcnUXnIVbp-ffKI80A2wUIrz0-m_78WQaXSK6oIOijrJSOR08keduqCDi-igmHluYYe7uVSa4CTzBuC4VEfIVwaeRD2zOofJ5sj9fFXVCaDW0KZTApedK8MoI5pzqGCyZRHqhXeBlqQelo28BTUMgEx-XZnWdi1WgEQlklF2LsXSV_X1cH8G6laRtiA3f5nElV5V6F2xur7WKSo\">www.gorczanska.pl<\/a>) w przysi\u00f3\u0142ku Jamne 161.<br \/>\nUstawiona kapliczka zosta\u0142a skierowana frontem w kierunku po\u0142udniowym. Jest doskonale widoczna zar\u00f3wno dla zmierzaj\u0105cych do schroniska, jak i przez turyst\u00f3w schodz\u0105cych z g\u00f3rnych partii szlaku \u017c\u00f3\u0142tego. W zamy\u015ble inicjator\u00f3w kapliczki, czyli Stowarzyszenia Przyjaci\u00f3\u0142 \u015bw. Joanny obok wizerunku Joanny z dzieckiem widniej kod kreskowy QR, kt\u00f3ry pozwala zainteresowanym bez zw\u0142oki przej\u015b\u0107 na stron\u0119 internetow\u0105 <a href=\"http:\/\/www.serenita.pl\/\">www.serenita.pl<\/a> i od razu poczyta\u0107 nieco wi\u0119cej o tej \u015bwi\u0119tej.<\/p>\n<p>Pod kolorow\u0105 fotografi\u0105 nietrudno zauwa\u017cy\u0107 metalowy symbol konwalii. A to dlatego, \u017ce w\u0142a\u015bnie konwalie by\u0142y ulubionymi kwiatami naszej patronki. By\u0107 mo\u017ce ju\u017c na wiosn\u0119 zakwitn\u0105 tam r\u00f3wnie\u017c \u017cywe okazy posadzonych ro\u015blin. Ale nie czekajmy a\u017c tak d\u0142ugo. Gorce s\u0105 pi\u0119kne tak\u017ce jesieni\u0105 i zim\u0105. A spotkanie przy tej kapliczce i pogaw\u0119dzenie sobie w Chacie przy ciep\u0142ej herbacie to perspektywa, z kt\u00f3rej warto skorzysta\u0107 jeszcze w tym roku.<br \/>\nKapliczka zosta\u0142o wst\u0119pnie pob\u0142ogos\u0142awiona. Niechaj s\u0142u\u017cy. I niechaj b\u0119dzie jeszcze jednym \u017cywym \u015bwiadectwem tajemnicy \u015bwi\u0119tych obcowania.<\/p>\n<div id='gallery-1' class='gallery galleryid-127 gallery-columns-3 gallery-size-thumbnail'><figure class='gallery-item'>\n\t\t\t<div class='gallery-icon landscape'>\n\t\t\t\t<a title=\"21686347_1831938970180304_3763840720216070944_n\" href='http:\/\/serenita.pl\/wp-content\/uploads\/2018\/03\/21686347_1831938970180304_3763840720216070944_n.jpg'><img width=\"150\" height=\"150\" src=\"http:\/\/serenita.pl\/wp-content\/uploads\/2018\/03\/21686347_1831938970180304_3763840720216070944_n-150x150.jpg\" class=\"attachment-thumbnail size-thumbnail\" alt=\"\" loading=\"lazy\" \/><\/a>\n\t\t\t<\/div><\/figure><figure class='gallery-item'>\n\t\t\t<div class='gallery-icon landscape'>\n\t\t\t\t<a title=\"21557674_1831939306846937_9035920287101426856_n\" href='http:\/\/serenita.pl\/wp-content\/uploads\/2018\/03\/21557674_1831939306846937_9035920287101426856_n.jpg'><img width=\"150\" height=\"150\" src=\"http:\/\/serenita.pl\/wp-content\/uploads\/2018\/03\/21557674_1831939306846937_9035920287101426856_n-150x150.jpg\" class=\"attachment-thumbnail size-thumbnail\" alt=\"\" loading=\"lazy\" \/><\/a>\n\t\t\t<\/div><\/figure><figure class='gallery-item'>\n\t\t\t<div class='gallery-icon landscape'>\n\t\t\t\t<a title=\"21558872_1831938810180320_3821008419298792841_n\" href='http:\/\/serenita.pl\/wp-content\/uploads\/2018\/03\/21558872_1831938810180320_3821008419298792841_n.jpg'><img width=\"150\" height=\"150\" src=\"http:\/\/serenita.pl\/wp-content\/uploads\/2018\/03\/21558872_1831938810180320_3821008419298792841_n-150x150.jpg\" class=\"attachment-thumbnail size-thumbnail\" alt=\"\" loading=\"lazy\" \/><\/a>\n\t\t\t<\/div><\/figure><figure class='gallery-item'>\n\t\t\t<div class='gallery-icon landscape'>\n\t\t\t\t<a title=\"21616006_1831938176847050_4624672644644072958_n\" href='http:\/\/serenita.pl\/wp-content\/uploads\/2018\/03\/21616006_1831938176847050_4624672644644072958_n.jpg'><img width=\"150\" height=\"150\" src=\"http:\/\/serenita.pl\/wp-content\/uploads\/2018\/03\/21616006_1831938176847050_4624672644644072958_n-150x150.jpg\" class=\"attachment-thumbnail size-thumbnail\" alt=\"\" loading=\"lazy\" \/><\/a>\n\t\t\t<\/div><\/figure><figure class='gallery-item'>\n\t\t\t<div class='gallery-icon landscape'>\n\t\t\t\t<a title=\"21616130_1831939200180281_8325739928277067945_n\" href='http:\/\/serenita.pl\/wp-content\/uploads\/2018\/03\/21616130_1831939200180281_8325739928277067945_n.jpg'><img width=\"150\" height=\"150\" src=\"http:\/\/serenita.pl\/wp-content\/uploads\/2018\/03\/21616130_1831939200180281_8325739928277067945_n-150x150.jpg\" class=\"attachment-thumbnail size-thumbnail\" alt=\"\" loading=\"lazy\" \/><\/a>\n\t\t\t<\/div><\/figure><figure class='gallery-item'>\n\t\t\t<div class='gallery-icon landscape'>\n\t\t\t\t<a title=\"21616157_1831939150180286_1603820057706351056_n\" href='http:\/\/serenita.pl\/wp-content\/uploads\/2018\/03\/21616157_1831939150180286_1603820057706351056_n.jpg'><img width=\"150\" height=\"150\" src=\"http:\/\/serenita.pl\/wp-content\/uploads\/2018\/03\/21616157_1831939150180286_1603820057706351056_n-150x150.jpg\" class=\"attachment-thumbnail size-thumbnail\" alt=\"\" loading=\"lazy\" \/><\/a>\n\t\t\t<\/div><\/figure><figure class='gallery-item'>\n\t\t\t<div class='gallery-icon landscape'>\n\t\t\t\t<a title=\"21617605_1831938563513678_5245930305241592498_n\" href='http:\/\/serenita.pl\/wp-content\/uploads\/2018\/03\/21617605_1831938563513678_5245930305241592498_n.jpg'><img width=\"150\" height=\"150\" src=\"http:\/\/serenita.pl\/wp-content\/uploads\/2018\/03\/21617605_1831938563513678_5245930305241592498_n-150x150.jpg\" class=\"attachment-thumbnail size-thumbnail\" alt=\"\" loading=\"lazy\" \/><\/a>\n\t\t\t<\/div><\/figure><figure class='gallery-item'>\n\t\t\t<div class='gallery-icon landscape'>\n\t\t\t\t<a title=\"21686282_1831939096846958_8274119729652685888_n\" href='http:\/\/serenita.pl\/wp-content\/uploads\/2018\/03\/21686282_1831939096846958_8274119729652685888_n.jpg'><img width=\"150\" height=\"150\" src=\"http:\/\/serenita.pl\/wp-content\/uploads\/2018\/03\/21686282_1831939096846958_8274119729652685888_n-150x150.jpg\" class=\"attachment-thumbnail size-thumbnail\" alt=\"\" loading=\"lazy\" \/><\/a>\n\t\t\t<\/div><\/figure>\n\t\t<\/div>\n\n<p><a href=\"https:\/\/goo.gl\/maps\/GzbzaTYPUsn\" target=\"_blank\" rel=\"noopener\">Na mapie<\/a><\/p>\n<hr \/>\n<h3>HISTORIA POWSTANIA KAPLICZKI \u015aW. JOANNY BERETTY MOLII NA G\u00d3RZE POTACZKOWEJ W GORCACH<\/h3>\n<p>CZERWIEC \u2013 LIPIEC 2013 r. \u2013 \u00a0\u00a0Pojawienie si\u0119 inicjatywy budowy g\u00f3rskiej kapliczki\u00a0po\u015bwi\u0119conej \u015bw. Joannie Beretcie Molli. \u00a0Pomys\u0142odawcami s\u0105 ma\u0142\u017conkowie El\u017cbieta i Leszek Sowowie, Barbara i Piotr Sukiennikowie oraz kap\u0142an ks. dr Piotr G\u0105sior. Idea zostaje zaakceptowana i w\u0142\u0105czona w\u00a0dzia\u0142alno\u015b\u0107 Stowarzyszenia Przyjaci\u00f3\u0142 \u015bw. Joanny Beretty Molli.<\/p>\n<p>31 SIERPNIA 2013 r. \u2013 Wybranie miejsca pod budow\u0119: G\u00f3ra Potaczkowa w Gorcach.<\/p>\n<p>PA\u0179DZIERNIK 2013 r. \u2013 Zam\u00f3wienie odlewu wizerunku \u015bw. Joanny u artysty rze\u017abiarza Andrzeja Szczepa\u0144ca z Tenczyna.<\/p>\n<p>31 MAJA 2014 r. \u2013 Budowa pierwowzoru kapliczki przypominaj\u0105cej \u015bwiec\u0105c\u0105 latarni\u0119.<\/p>\n<p>27 WRZE\u015aNIA 2014 r. \u2013 Po\u015bwi\u0119cenie pierwszej wersji kapliczki \u015bw. Joanny.<\/p>\n<p>2013 \u2013 2015 r. \u2013 Pozyskiwanie \u015brodk\u00f3w na budow\u0119 w\u0142a\u015bciwej, kamiennej kapliczki m.in. poprzez organizacj\u0119 zabaw karnawa\u0142owych w 2014 i 2015 roku. Brakuj\u0105c\u0105 kwot\u0119 przekaza\u0142o wielu anonimowych darczy\u0144c\u00f3w. Wyj\u0105tkowo pi\u0119kny okaza\u0142 si\u0119 gest nowo\u017ce\u0144c\u00f3w Justyny i Stanis\u0142awa Walickich.<\/p>\n<p>LIPIEC 2015 r. \u2013 Czas wznoszenia kamiennej kapliczki przez Jana Smaciarza ze Skawiny przy wcale nie ma\u0142ej pomocy Antoniego i Krzysztofa Smaciarz\u00f3w z\u00a0Podobina. Prace wyko\u0144czeniowe zosta\u0142y powierzone Leszkowi Sowie i ks. Piotrowi G\u0105siorowi oraz Piotrowi Sukiennikowi, Barbarze Sukiennik, El\u017cbiecie Sowie i Monice Sarniak.<\/p>\n<p>4 PA\u0179DZIERNIKA 2015 r. \u2013 Uroczyste po\u015bwi\u0119cenie kapliczki \u015bw. Joanny Beretty Molli\u00a0przez ks. Piotra G\u0105siora i ks. Bogdana Sarniaka przy licznym udziale cz\u0142onk\u00f3w oraz sympatyk\u00f3w Stowarzyszenia Przyjaci\u00f3\u0142 \u015bw. Joanny Beretty Molli a tak\u017ce innych czcicieli \u015awi\u0119tej.<\/p>\n<h3>\u0141adnie, coraz \u0142adniej<\/h3>\n<p>Tu\u017c przed pierwsz\u0105 rocznic\u0105 po\u015bwi\u0119cenia kapliczki i wspomnieniem urodzin \u015aw. Joanny, przy kapliczce na G\u00f3rze Potaczkowej zosta\u0142a zamontowana kamienna skrzynka z informacj\u0105 o historii powstania kapliczki. Niebawem znajdzie si\u0119 tam r\u00f3wnie\u017c ksi\u0105\u017ceczka z d\u0142ugopisem, do kt\u00f3rej b\u0119dzie mo\u017cna wpisywa\u0107 intencje, podzi\u0119kowania, my\u015bli czy modlitwy. Serdecznie dzi\u0119kujemy Leszkowi Sowie za wykonanie skrzynki oraz monta\u017c przy wsp\u00f3\u0142pracy Piotra Sukiennika i ks. Piotra G\u0105siora. Obok kapliczki zosta\u0142y posadzone kwiaty, w\u015br\u00f3d kt\u00f3rych znalaz\u0142y si\u0119 m.in. ulubione przez Joann\u0119 konwalie. Dzi\u0119kujemy Anieli Mazurkiewicz za ofiarowanie kwiat\u00f3w oraz Annie Stasik i Monice Sarniak z c\u00f3reczk\u0105 Asi\u0105 za posadzenie kwiat\u00f3w oraz prace piel\u0119gnacyjne wok\u00f3\u0142 kapliczki.<\/p>\n<p>Niechaj Joanna czuwaj\u0105ca w Gorcach wyprasza wszystkim odwiedzaj\u0105cym J\u0105 potrzebne \u0142aski!<\/p>\n<div id='gallery-2' class='gallery galleryid-127 gallery-columns-3 gallery-size-thumbnail'><figure class='gallery-item'>\n\t\t\t<div class='gallery-icon portrait'>\n\t\t\t\t<a title=\"DSC_0289\" href='http:\/\/serenita.pl\/wp-content\/uploads\/2018\/03\/DSC_0289.jpg'><img width=\"150\" height=\"150\" src=\"http:\/\/serenita.pl\/wp-content\/uploads\/2018\/03\/DSC_0289-150x150.jpg\" class=\"attachment-thumbnail size-thumbnail\" alt=\"\" loading=\"lazy\" \/><\/a>\n\t\t\t<\/div><\/figure><figure class='gallery-item'>\n\t\t\t<div class='gallery-icon portrait'>\n\t\t\t\t<a title=\"DSC_0291\" href='http:\/\/serenita.pl\/wp-content\/uploads\/2018\/03\/DSC_0291.jpg'><img width=\"150\" height=\"150\" src=\"http:\/\/serenita.pl\/wp-content\/uploads\/2018\/03\/DSC_0291-150x150.jpg\" class=\"attachment-thumbnail size-thumbnail\" alt=\"\" loading=\"lazy\" \/><\/a>\n\t\t\t<\/div><\/figure><figure class='gallery-item'>\n\t\t\t<div class='gallery-icon portrait'>\n\t\t\t\t<a title=\"DSC_0292\" href='http:\/\/serenita.pl\/wp-content\/uploads\/2018\/03\/DSC_0292.jpg'><img width=\"150\" height=\"150\" src=\"http:\/\/serenita.pl\/wp-content\/uploads\/2018\/03\/DSC_0292-150x150.jpg\" class=\"attachment-thumbnail size-thumbnail\" alt=\"\" loading=\"lazy\" \/><\/a>\n\t\t\t<\/div><\/figure><figure class='gallery-item'>\n\t\t\t<div class='gallery-icon portrait'>\n\t\t\t\t<a title=\"DSC_0293\" href='http:\/\/serenita.pl\/wp-content\/uploads\/2018\/03\/DSC_0293.jpg'><img width=\"150\" height=\"150\" src=\"http:\/\/serenita.pl\/wp-content\/uploads\/2018\/03\/DSC_0293-150x150.jpg\" class=\"attachment-thumbnail size-thumbnail\" alt=\"\" loading=\"lazy\" \/><\/a>\n\t\t\t<\/div><\/figure><figure class='gallery-item'>\n\t\t\t<div class='gallery-icon portrait'>\n\t\t\t\t<a title=\"DSC_0296\" href='http:\/\/serenita.pl\/wp-content\/uploads\/2018\/03\/DSC_0296.jpg'><img width=\"150\" height=\"150\" src=\"http:\/\/serenita.pl\/wp-content\/uploads\/2018\/03\/DSC_0296-150x150.jpg\" class=\"attachment-thumbnail size-thumbnail\" alt=\"\" loading=\"lazy\" \/><\/a>\n\t\t\t<\/div><\/figure><figure class='gallery-item'>\n\t\t\t<div class='gallery-icon portrait'>\n\t\t\t\t<a title=\"DSC_0299\" href='http:\/\/serenita.pl\/wp-content\/uploads\/2018\/03\/DSC_0299.jpg'><img width=\"150\" height=\"150\" src=\"http:\/\/serenita.pl\/wp-content\/uploads\/2018\/03\/DSC_0299-150x150.jpg\" class=\"attachment-thumbnail size-thumbnail\" alt=\"\" loading=\"lazy\" \/><\/a>\n\t\t\t<\/div><\/figure><figure class='gallery-item'>\n\t\t\t<div class='gallery-icon landscape'>\n\t\t\t\t<a title=\"DSCF8286\" href='http:\/\/serenita.pl\/wp-content\/uploads\/2018\/03\/DSCF8286.jpg'><img width=\"150\" height=\"150\" src=\"http:\/\/serenita.pl\/wp-content\/uploads\/2018\/03\/DSCF8286-150x150.jpg\" class=\"attachment-thumbnail size-thumbnail\" alt=\"\" loading=\"lazy\" \/><\/a>\n\t\t\t<\/div><\/figure><figure class='gallery-item'>\n\t\t\t<div class='gallery-icon landscape'>\n\t\t\t\t<a title=\"DSCF8292\" href='http:\/\/serenita.pl\/wp-content\/uploads\/2018\/03\/DSCF8292.jpg'><img width=\"150\" height=\"150\" src=\"http:\/\/serenita.pl\/wp-content\/uploads\/2018\/03\/DSCF8292-150x150.jpg\" class=\"attachment-thumbnail size-thumbnail\" alt=\"\" loading=\"lazy\" \/><\/a>\n\t\t\t<\/div><\/figure><figure class='gallery-item'>\n\t\t\t<div class='gallery-icon landscape'>\n\t\t\t\t<a title=\"DSCF8296\" href='http:\/\/serenita.pl\/wp-content\/uploads\/2018\/03\/DSCF8296.jpg'><img width=\"150\" height=\"150\" src=\"http:\/\/serenita.pl\/wp-content\/uploads\/2018\/03\/DSCF8296-150x150.jpg\" class=\"attachment-thumbnail size-thumbnail\" alt=\"\" loading=\"lazy\" \/><\/a>\n\t\t\t<\/div><\/figure><figure class='gallery-item'>\n\t\t\t<div class='gallery-icon landscape'>\n\t\t\t\t<a title=\"DSCF8297\" href='http:\/\/serenita.pl\/wp-content\/uploads\/2018\/03\/DSCF8297.jpg'><img width=\"150\" height=\"150\" src=\"http:\/\/serenita.pl\/wp-content\/uploads\/2018\/03\/DSCF8297-150x150.jpg\" class=\"attachment-thumbnail size-thumbnail\" alt=\"\" loading=\"lazy\" \/><\/a>\n\t\t\t<\/div><\/figure><figure class='gallery-item'>\n\t\t\t<div class='gallery-icon landscape'>\n\t\t\t\t<a title=\"DSCF8299\" href='http:\/\/serenita.pl\/wp-content\/uploads\/2018\/03\/DSCF8299.jpg'><img width=\"150\" height=\"150\" src=\"http:\/\/serenita.pl\/wp-content\/uploads\/2018\/03\/DSCF8299-150x150.jpg\" class=\"attachment-thumbnail size-thumbnail\" alt=\"\" loading=\"lazy\" \/><\/a>\n\t\t\t<\/div><\/figure><figure class='gallery-item'>\n\t\t\t<div class='gallery-icon landscape'>\n\t\t\t\t<a title=\"DSCF8301\" href='http:\/\/serenita.pl\/wp-content\/uploads\/2018\/03\/DSCF8301.jpg'><img width=\"150\" height=\"150\" src=\"http:\/\/serenita.pl\/wp-content\/uploads\/2018\/03\/DSCF8301-150x150.jpg\" class=\"attachment-thumbnail size-thumbnail\" alt=\"\" loading=\"lazy\" \/><\/a>\n\t\t\t<\/div><\/figure><figure class='gallery-item'>\n\t\t\t<div class='gallery-icon landscape'>\n\t\t\t\t<a title=\"DSCF8302\" href='http:\/\/serenita.pl\/wp-content\/uploads\/2018\/03\/DSCF8302.jpg'><img width=\"150\" height=\"150\" src=\"http:\/\/serenita.pl\/wp-content\/uploads\/2018\/03\/DSCF8302-150x150.jpg\" class=\"attachment-thumbnail size-thumbnail\" alt=\"\" loading=\"lazy\" \/><\/a>\n\t\t\t<\/div><\/figure><figure class='gallery-item'>\n\t\t\t<div class='gallery-icon landscape'>\n\t\t\t\t<a title=\"mms_img-5382066350\" href='http:\/\/serenita.pl\/wp-content\/uploads\/2018\/03\/mms_img-5382066350.jpg'><img width=\"150\" height=\"150\" src=\"http:\/\/serenita.pl\/wp-content\/uploads\/2018\/03\/mms_img-5382066350-150x150.jpg\" class=\"attachment-thumbnail size-thumbnail\" alt=\"\" loading=\"lazy\" \/><\/a>\n\t\t\t<\/div><\/figure>\n\t\t<\/div>\n\n<p><a href=\"https:\/\/goo.gl\/maps\/zAUVJBY8gqw\" target=\"_blank\" rel=\"noopener\">Na mapie<\/a><\/p>\n<hr \/>\n<h3>Weekend u Joanny<\/h3>\n<p>Dni od 29 kwietnia do 3 maja dla grupy osiemnastu os\u00f3b, w tym Nauczycieli z tworz\u0105cej si\u0119 Szko\u0142y Podstawowej na terenie parafii Redemptor Hominis oraz cz\u0142onk\u00f3w Stowarzyszenia, to czas niezapomnianego weekendu sp\u0119dzonego u Joanny. Pielgrzymka odwiedzi\u0142a miejsca zwi\u0105zane z \u017cyciem i dzia\u0142alno\u015bci\u0105 \u015awi\u0119tej. O uczestnik\u00f3w dbali: Ks. dr Piotr G\u0105sior i P. Jacek Sarniak. Modlitwa, konferencje i nade wszystko \u201eblisko\u015b\u0107\u201d Joanny oraz Jej \u017cyj\u0105cych do dzi\u015b \u015bwiadk\u00f3w, pozwoli\u0142y do\u015bwiadczy\u0107 wielu pi\u0119knych chwil, a charakter wsp\u00f3lnotowy pielgrzymki \u2013 otworzy\u0107 si\u0119 na dzia\u0142anie \u0141aski.<\/p>\n<p>Wdzi\u0119czni Panu Bogu i ludziom za ten wielki dar owocnego pielgrzymowania, powtarzamy raz jeszcze: \u201e\u015awi\u0119ta Joanno prowad\u017a tam, gdzie jest rado\u015b\u0107, gdzie jest Pan\u2026\u201d<\/p>\n<div id='gallery-3' class='gallery galleryid-127 gallery-columns-3 gallery-size-thumbnail'><figure class='gallery-item'>\n\t\t\t<div class='gallery-icon landscape'>\n\t\t\t\t<a title=\"01\" href='http:\/\/serenita.pl\/wp-content\/uploads\/2018\/03\/01-1.jpg'><img width=\"150\" height=\"150\" src=\"http:\/\/serenita.pl\/wp-content\/uploads\/2018\/03\/01-1-150x150.jpg\" class=\"attachment-thumbnail size-thumbnail\" alt=\"\" loading=\"lazy\" \/><\/a>\n\t\t\t<\/div><\/figure><figure class='gallery-item'>\n\t\t\t<div class='gallery-icon landscape'>\n\t\t\t\t<a title=\"02\" href='http:\/\/serenita.pl\/wp-content\/uploads\/2018\/03\/02-1.jpg'><img width=\"150\" height=\"150\" src=\"http:\/\/serenita.pl\/wp-content\/uploads\/2018\/03\/02-1-150x150.jpg\" class=\"attachment-thumbnail size-thumbnail\" alt=\"\" loading=\"lazy\" \/><\/a>\n\t\t\t<\/div><\/figure><figure class='gallery-item'>\n\t\t\t<div class='gallery-icon landscape'>\n\t\t\t\t<a title=\"03\" href='http:\/\/serenita.pl\/wp-content\/uploads\/2018\/03\/03-1.jpg'><img width=\"150\" height=\"150\" src=\"http:\/\/serenita.pl\/wp-content\/uploads\/2018\/03\/03-1-150x150.jpg\" class=\"attachment-thumbnail size-thumbnail\" alt=\"\" loading=\"lazy\" \/><\/a>\n\t\t\t<\/div><\/figure><figure class='gallery-item'>\n\t\t\t<div class='gallery-icon portrait'>\n\t\t\t\t<a title=\"04\" href='http:\/\/serenita.pl\/wp-content\/uploads\/2018\/03\/04-1.jpg'><img width=\"150\" height=\"150\" src=\"http:\/\/serenita.pl\/wp-content\/uploads\/2018\/03\/04-1-150x150.jpg\" class=\"attachment-thumbnail size-thumbnail\" alt=\"\" loading=\"lazy\" \/><\/a>\n\t\t\t<\/div><\/figure><figure class='gallery-item'>\n\t\t\t<div class='gallery-icon portrait'>\n\t\t\t\t<a title=\"05\" href='http:\/\/serenita.pl\/wp-content\/uploads\/2018\/03\/05-1.jpg'><img width=\"150\" height=\"150\" src=\"http:\/\/serenita.pl\/wp-content\/uploads\/2018\/03\/05-1-150x150.jpg\" class=\"attachment-thumbnail size-thumbnail\" alt=\"\" loading=\"lazy\" \/><\/a>\n\t\t\t<\/div><\/figure><figure class='gallery-item'>\n\t\t\t<div class='gallery-icon portrait'>\n\t\t\t\t<a title=\"06\" href='http:\/\/serenita.pl\/wp-content\/uploads\/2018\/03\/06-1.jpg'><img width=\"150\" height=\"150\" src=\"http:\/\/serenita.pl\/wp-content\/uploads\/2018\/03\/06-1-150x150.jpg\" class=\"attachment-thumbnail size-thumbnail\" alt=\"\" loading=\"lazy\" \/><\/a>\n\t\t\t<\/div><\/figure><figure class='gallery-item'>\n\t\t\t<div class='gallery-icon landscape'>\n\t\t\t\t<a title=\"07\" href='http:\/\/serenita.pl\/wp-content\/uploads\/2018\/03\/07-1.jpg'><img width=\"150\" height=\"150\" src=\"http:\/\/serenita.pl\/wp-content\/uploads\/2018\/03\/07-1-150x150.jpg\" class=\"attachment-thumbnail size-thumbnail\" alt=\"\" loading=\"lazy\" \/><\/a>\n\t\t\t<\/div><\/figure>\n\t\t<\/div>\n\n<p><a href=\"https:\/\/goo.gl\/maps\/UpqKeFhmDKu\" target=\"_blank\" rel=\"noopener\">Na mapie<\/a><\/p>\n<hr \/>\n<h3>Po\u015bwi\u0119cenie kapliczki \u015bw. Joanny na G\u00f3rze Potaczkowej<\/h3>\n<p><strong>Jak\u017ce si\u0119 nie radowa\u0107 i nie uwielbia\u0107 Boga, kiedy si\u0119 staje na g\u00f3rze pod b\u0142\u0119kitem nieba&#8230;<\/strong><br \/>\n[z listu Joanny do Piotra]<\/p>\n<p>To w\u0142a\u015bnie motto towarzyszy\u0142o nam w czasie po\u015bwi\u0119cenia kapliczki \u015aw. Joanny w dniu 4 pa\u017adziernika 2015 r. Uroczysto\u015b\u0107 zgromadzi\u0142a wiele os\u00f3b: m.in. ksi\u0119\u017cy, budowniczych kapliczki, sponsor\u00f3w, cz\u0142onk\u00f3w i sympatyk\u00f3w Stowarzyszenia, okolicznych mieszka\u0144c\u00f3w oraz go\u015bci, kt\u00f3rzy swoja obecno\u015bci\u0105 u\u015bwietnili to wydarzenie. Przed po\u015bwi\u0119ceniem mia\u0142o miejsce wr\u0119czenie podzi\u0119kowa\u0144 w formie pami\u0105tkowych dyplom\u00f3w oraz zapoznanie z ide\u0105 i histori\u0105 powstawania kapliczki (wkr\u00f3tce podamy wi\u0119cej szczeg\u00f3\u0142\u00f3w). Nie zabrak\u0142o r\u00f3wnie\u017c wsp\u00f3lnej modlitwy, po\u015bwi\u0119cenia dewocjonali\u00f3w i radosnego \u015bpiewu. Po uroczysto\u015bci wykonano pami\u0105tkowe zdj\u0119cie. Odby\u0142o si\u0119 r\u00f3wnie\u017c ognisko z pieczeniem kie\u0142basek. Po raz kolejny da\u0142o si\u0119 odczu\u0107 fakt, \u017ce Joanna potrafi do siebie przyci\u0105ga\u0107 oraz integruje nawzajem swoich czcicieli.<\/p>\n<p><strong>Nowy wygl\u0105d kapliczki<\/strong><\/p>\n<p>Z prawdziw\u0105 rado\u015bci\u0105 chcemy poinformowa\u0107, \u017ce dzi\u0119ki ofiarno\u015bci wielu os\u00f3b mo\u017cliwa by\u0142a modernizacja kapliczki \u015awi\u0119tej Joanny na G\u00f3rze Potaczkowej w Podobinie ko\u0142o Mszany Dolnej. Poczynione prace ugruntowa\u0142y na fundamencie betonowym trzymetrow\u0105 kamienn\u0105 kapliczk\u0119. Wizerunek \u015awi\u0119tej w p\u0142askorze\u017abie jest ten sam. Na kapliczce znalaz\u0142y miejsce: wykuta r\u0119cznie dedykacja i dwie kamienne p\u00f3\u0142eczki na kwiaty i \u015bwiece. Teren wok\u00f3\u0142 zosta\u0142 wy\u0142o\u017cony p\u0142askimi kamieniami.<\/p>\n<p>Obok kapliczki niebawem znajdzie si\u0119 r\u00f3wnie\u017c skrzynka na \u201elisty\u201d b\u0105d\u017a wpisy pami\u0105tkowe, czy te\u017c intencje modlitewne. Ka\u017cdy, kto odwiedzi \u015aw. Joann\u0119 w g\u00f3rach b\u0119dzie m\u00f3g\u0142 zostawi\u0107 po sobie \u015blad w formie wpisu. Zach\u0119camy do \u201espotkania\u201d naszej \u015awi\u0119tej w tych urokliwych g\u00f3rach.<\/p>\n<div id='gallery-4' class='gallery galleryid-127 gallery-columns-3 gallery-size-thumbnail'><figure class='gallery-item'>\n\t\t\t<div class='gallery-icon portrait'>\n\t\t\t\t<a title=\"01\" href='http:\/\/serenita.pl\/wp-content\/uploads\/2018\/03\/01-4.jpg'><img width=\"150\" height=\"150\" src=\"http:\/\/serenita.pl\/wp-content\/uploads\/2018\/03\/01-4-150x150.jpg\" class=\"attachment-thumbnail size-thumbnail\" alt=\"\" loading=\"lazy\" \/><\/a>\n\t\t\t<\/div><\/figure><figure class='gallery-item'>\n\t\t\t<div class='gallery-icon landscape'>\n\t\t\t\t<a title=\"02\" href='http:\/\/serenita.pl\/wp-content\/uploads\/2018\/03\/02-4.jpg'><img width=\"150\" height=\"150\" src=\"http:\/\/serenita.pl\/wp-content\/uploads\/2018\/03\/02-4-150x150.jpg\" class=\"attachment-thumbnail size-thumbnail\" alt=\"\" loading=\"lazy\" \/><\/a>\n\t\t\t<\/div><\/figure><figure class='gallery-item'>\n\t\t\t<div class='gallery-icon landscape'>\n\t\t\t\t<a title=\"03\" href='http:\/\/serenita.pl\/wp-content\/uploads\/2018\/03\/03-4.jpg'><img width=\"150\" height=\"150\" src=\"http:\/\/serenita.pl\/wp-content\/uploads\/2018\/03\/03-4-150x150.jpg\" class=\"attachment-thumbnail size-thumbnail\" alt=\"\" loading=\"lazy\" \/><\/a>\n\t\t\t<\/div><\/figure><figure class='gallery-item'>\n\t\t\t<div class='gallery-icon landscape'>\n\t\t\t\t<a title=\"04\" href='http:\/\/serenita.pl\/wp-content\/uploads\/2018\/03\/04-4.jpg'><img width=\"150\" height=\"150\" src=\"http:\/\/serenita.pl\/wp-content\/uploads\/2018\/03\/04-4-150x150.jpg\" class=\"attachment-thumbnail size-thumbnail\" alt=\"\" loading=\"lazy\" \/><\/a>\n\t\t\t<\/div><\/figure><figure class='gallery-item'>\n\t\t\t<div class='gallery-icon landscape'>\n\t\t\t\t<a title=\"05\" href='http:\/\/serenita.pl\/wp-content\/uploads\/2018\/03\/05-4.jpg'><img width=\"150\" height=\"150\" src=\"http:\/\/serenita.pl\/wp-content\/uploads\/2018\/03\/05-4-150x150.jpg\" class=\"attachment-thumbnail size-thumbnail\" alt=\"\" loading=\"lazy\" \/><\/a>\n\t\t\t<\/div><\/figure><figure class='gallery-item'>\n\t\t\t<div class='gallery-icon landscape'>\n\t\t\t\t<a title=\"06\" href='http:\/\/serenita.pl\/wp-content\/uploads\/2018\/03\/06-4.jpg'><img width=\"150\" height=\"150\" src=\"http:\/\/serenita.pl\/wp-content\/uploads\/2018\/03\/06-4-150x150.jpg\" class=\"attachment-thumbnail size-thumbnail\" alt=\"\" loading=\"lazy\" \/><\/a>\n\t\t\t<\/div><\/figure><figure class='gallery-item'>\n\t\t\t<div class='gallery-icon landscape'>\n\t\t\t\t<a title=\"07\" href='http:\/\/serenita.pl\/wp-content\/uploads\/2018\/03\/07-3.jpg'><img width=\"150\" height=\"150\" src=\"http:\/\/serenita.pl\/wp-content\/uploads\/2018\/03\/07-3-150x150.jpg\" class=\"attachment-thumbnail size-thumbnail\" alt=\"\" loading=\"lazy\" \/><\/a>\n\t\t\t<\/div><\/figure><figure class='gallery-item'>\n\t\t\t<div class='gallery-icon landscape'>\n\t\t\t\t<a title=\"08\" href='http:\/\/serenita.pl\/wp-content\/uploads\/2018\/03\/08-2.jpg'><img width=\"150\" height=\"150\" src=\"http:\/\/serenita.pl\/wp-content\/uploads\/2018\/03\/08-2-150x150.jpg\" class=\"attachment-thumbnail size-thumbnail\" alt=\"\" loading=\"lazy\" \/><\/a>\n\t\t\t<\/div><\/figure><figure class='gallery-item'>\n\t\t\t<div class='gallery-icon landscape'>\n\t\t\t\t<a title=\"09\" href='http:\/\/serenita.pl\/wp-content\/uploads\/2018\/03\/09-2.jpg'><img width=\"150\" height=\"150\" src=\"http:\/\/serenita.pl\/wp-content\/uploads\/2018\/03\/09-2-150x150.jpg\" class=\"attachment-thumbnail size-thumbnail\" alt=\"\" loading=\"lazy\" \/><\/a>\n\t\t\t<\/div><\/figure><figure class='gallery-item'>\n\t\t\t<div class='gallery-icon landscape'>\n\t\t\t\t<a title=\"10\" href='http:\/\/serenita.pl\/wp-content\/uploads\/2018\/03\/10-2.jpg'><img width=\"150\" height=\"150\" src=\"http:\/\/serenita.pl\/wp-content\/uploads\/2018\/03\/10-2-150x150.jpg\" class=\"attachment-thumbnail size-thumbnail\" alt=\"\" loading=\"lazy\" \/><\/a>\n\t\t\t<\/div><\/figure><figure class='gallery-item'>\n\t\t\t<div class='gallery-icon landscape'>\n\t\t\t\t<a title=\"11\" href='http:\/\/serenita.pl\/wp-content\/uploads\/2018\/03\/11-2.jpg'><img width=\"150\" height=\"150\" src=\"http:\/\/serenita.pl\/wp-content\/uploads\/2018\/03\/11-2-150x150.jpg\" class=\"attachment-thumbnail size-thumbnail\" alt=\"\" loading=\"lazy\" \/><\/a>\n\t\t\t<\/div><\/figure><figure class='gallery-item'>\n\t\t\t<div class='gallery-icon landscape'>\n\t\t\t\t<a title=\"12\" href='http:\/\/serenita.pl\/wp-content\/uploads\/2018\/03\/12-2.jpg'><img width=\"150\" height=\"150\" src=\"http:\/\/serenita.pl\/wp-content\/uploads\/2018\/03\/12-2-150x150.jpg\" class=\"attachment-thumbnail size-thumbnail\" alt=\"\" loading=\"lazy\" \/><\/a>\n\t\t\t<\/div><\/figure><figure class='gallery-item'>\n\t\t\t<div class='gallery-icon landscape'>\n\t\t\t\t<a title=\"13\" href='http:\/\/serenita.pl\/wp-content\/uploads\/2018\/03\/13-1.jpg'><img width=\"150\" height=\"150\" src=\"http:\/\/serenita.pl\/wp-content\/uploads\/2018\/03\/13-1-150x150.jpg\" class=\"attachment-thumbnail size-thumbnail\" alt=\"\" loading=\"lazy\" \/><\/a>\n\t\t\t<\/div><\/figure>\n\t\t<\/div>\n\n<p><iframe loading=\"lazy\" title=\"Po\u015bwi\u0119cenie kapliczki \u015bw. Joanny Beretty Molli - G\u00f3ra Potaczkowa - 4.10.2015\" width=\"640\" height=\"360\" src=\"https:\/\/www.youtube.com\/embed\/EeisG0F8Qgo?feature=oembed\" frameborder=\"0\" allow=\"accelerometer; autoplay; clipboard-write; encrypted-media; gyroscope; picture-in-picture\" allowfullscreen><\/iframe><\/p>\n<p><a href=\"https:\/\/goo.gl\/maps\/zAUVJBY8gqw\" target=\"_blank\" rel=\"noopener\">Na mapie<\/a><\/p>\n<p>&nbsp;<\/p>\n","protected":false},"excerpt":{"rendered":"<p>Kapliczka pod Gorcem I oto ju\u017c jest. Powsta\u0142a druga (pierwsz\u0105 znajdziemy na g\u00f3rze Potaczkowej (746 m.n.p.m.) ko\u0142o Podobina) g\u00f3rska kapliczka dedykowana \u015bw. Joannie. B\u0119dzie stanowi\u0107 kolejne miejsce spotkania ze \u015awi\u0119t\u0105 na zaplanowanym i konsekwentnie realizowanym pierwszym w Polsce g\u00f3rskim szlaku \u015bw. Joanny Beretty Molli. O wykonanie ca\u0142o\u015bci zatroszczy\u0142 si\u0119 przede wszystkim Piotr Sukiennik. Zabrawszy potrzebny sprz\u0119t uda\u0142 si\u0119 18 wrze\u015bnia 2017 roku wraz z ks. Piotrem G\u0105siorem na \u017c\u00f3\u0142ty szlak w okolicy Ochotnicy G\u00f3rnej. Po wst\u0119pnej konsultacji z \u2013 co&#8230;<\/p>\n<p class=\"read-more\"><a class=\"btn btn-default\" href=\"http:\/\/serenita.pl\/?page_id=127\"> Read More<span class=\"screen-reader-text\">  Read More<\/span><\/a><\/p>\n","protected":false},"author":2,"featured_media":0,"parent":0,"menu_order":0,"comment_status":"closed","ping_status":"closed","template":"","meta":[],"_links":{"self":[{"href":"http:\/\/serenita.pl\/index.php?rest_route=\/wp\/v2\/pages\/127"}],"collection":[{"href":"http:\/\/serenita.pl\/index.php?rest_route=\/wp\/v2\/pages"}],"about":[{"href":"http:\/\/serenita.pl\/index.php?rest_route=\/wp\/v2\/types\/page"}],"author":[{"embeddable":true,"href":"http:\/\/serenita.pl\/index.php?rest_route=\/wp\/v2\/users\/2"}],"replies":[{"embeddable":true,"href":"http:\/\/serenita.pl\/index.php?rest_route=%2Fwp%2Fv2%2Fcomments&post=127"}],"version-history":[{"count":5,"href":"http:\/\/serenita.pl\/index.php?rest_route=\/wp\/v2\/pages\/127\/revisions"}],"predecessor-version":[{"id":375,"href":"http:\/\/serenita.pl\/index.php?rest_route=\/wp\/v2\/pages\/127\/revisions\/375"}],"wp:attachment":[{"href":"http:\/\/serenita.pl\/index.php?rest_route=%2Fwp%2Fv2%2Fmedia&parent=127"}],"curies":[{"name":"wp","href":"https:\/\/api.w.org\/{rel}","templated":true}]}}