{"id":302,"date":"2018-03-26T18:28:38","date_gmt":"2018-03-26T16:28:38","guid":{"rendered":"http:\/\/serenita.pl\/?page_id=302"},"modified":"2018-03-26T19:01:54","modified_gmt":"2018-03-26T17:01:54","slug":"za-wstawiennictwem-sw-joanny","status":"publish","type":"page","link":"http:\/\/serenita.pl\/?page_id=302","title":{"rendered":"Za wstawiennictwem \u015bw. Joanny"},"content":{"rendered":"<h3>Nowenna za wstawiennictwem \u015bw. Joanny<\/h3>\n<p>Bo\u017ce, nasz Ojcze, Ty da\u0142e\u015b Ko\u015bcio\u0142owi dar w osobie \u015awi\u0119tej Joanny. Ona w swojej m\u0142odo\u015bci gor\u0105co poszukiwa\u0142a Ciebie i przyci\u0105ga\u0142a do Ciebie innych m\u0142odych ludzi. Uczyni\u0142a to przez \u015bwiadectwo apostolskie i Akcj\u0119 Katolick\u0105, kt\u00f3r\u0105 podj\u0119\u0142a w trosce o dobro starszych i chorych os\u00f3b.<\/p>\n<p>Dzi\u0119kujemy Ci za dar tej m\u0142odej kobiety, tak dalece Tobie powierzonej. Przez Jej przyk\u0142ad obdarz nas \u0142ask\u0105 u\u015bwi\u0119cenia naszego \u017cycia w s\u0142u\u017cbie Tobie dla rado\u015bci naszych braci i si\u00f3str.<\/p>\n<p><em>Chwa\u0142a Ojcu\u2026<\/em><\/p>\n<p>Jezu, Zbawicielu ludzko\u015bci, wezwa\u0142e\u015b \u015bw. Joann\u0119 do wykonywania zawodu lekarza jako misji dla przynoszenia ulgi cia\u0142om i duszom. Ona widzia\u0142a Ciebie w cierpi\u0105cych wsp\u00f3\u0142braciach oraz w m\u0142odzie\u017cy i dzieciach pozbawionych wszelkiego wsparcia.<\/p>\n<p>Dzi\u0119kujemy Ci, \u017ce ods\u0142oni\u0142e\u015b siebie w Jej s\u0142u\u017cbie \u0142agodzenia ludzkich cierpie\u0144. Nieoceniony przyk\u0142ad \u017cycia Joanny mo\u017ce nas uczyni\u0107 szlachetnymi chrze\u015bcijanami w us\u0142ugiwaniu naszym braciom i siostrom, szczeg\u00f3lnie tym, kt\u00f3rym da\u0142e\u015b uczestnictwo w swoim krzy\u017cu.<\/p>\n<p><em>Chwa\u0142a Ojcu\u2026<\/em><\/p>\n<p>Bo\u017ce, Duchu u\u015bwi\u0119caj\u0105cy, kt\u00f3ry kochasz Ko\u015bci\u00f3\u0142 jak swoj\u0105 Oblubienic\u0119, nape\u0142ni\u0142e\u015b serce Joanny mi\u0142o\u015bci\u0105, kt\u00f3r\u0105 mog\u0142a promieniowa\u0107 w swojej rodzinie i w ten spos\u00f3b wsp\u00f3\u0142pracowa\u0107 z Tob\u0105 w cudownym planie tworzenia i dawania \u017cycia dzieciom, by mog\u0142y Ciebie pozna\u0107 i kocha\u0107.<\/p>\n<p>Dzi\u0119kujemy Ci za taki wz\u00f3r \u017cony. Przez Jej zach\u0119caj\u0105ce \u015bwiadectwo b\u0142agamy Ci\u0119, obdarz nasze rodziny matkami pe\u0142nymi spokoju, chrze\u015bcija\u0144skiej postawy, wiary i mi\u0142o\u015bci. Niech b\u0119d\u0105 matkami charakteryzuj\u0105cymi si\u0119 u\u015bwi\u0119conym s\u0142u\u017ceniem i szlachetn\u0105 dzia\u0142alno\u015bci\u0105.<\/p>\n<p><em>Chwa\u0142a Ojcu\u2026<\/em><\/p>\n<p>O Bo\u017ce, Stworzycielu i Wielbicielu ludzko\u015bci, by\u0142e\u015b blisko \u015bw. Joanny, kiedy dotkni\u0119ta chorob\u0105 prze\u017cywa\u0142a bolesny dylemat wyboru mi\u0119dzy w\u0142asnym \u017cyciem, a \u017cyciem dziecka, kt\u00f3re nosi\u0142a w sobie, darze d\u0142ugo oczekiwanym. Poprzez zawierzenie i \u015bwiadomo\u015b\u0107 Twojego przykazania dotycz\u0105cego ochrony ludzkiego \u017cycia, Joanna znalaz\u0142a odwag\u0119 do wype\u0142nienia obowi\u0105zku matki i powiedzenia \u201etak\u201d \u017cyciu swojego dziecka, tym samym szlachetnie u\u015bwi\u0119caj\u0105c w\u0142asne.<\/p>\n<p>Przez wstawiennictwo Maryi, Matki Jezusa i przyk\u0142ad \u015bw. Joanny, natchnij wszystkie matki do przyj\u0119cia z mi\u0142o\u015bci\u0105 powsta\u0142ego w nich \u017cycia. Pom\u00f3\u017c nam wszystkim obdarza\u0107 wielkim szacunkiem ludzkie \u017cycie. Daj nam \u0142ask\u0119, kt\u00f3rej oczekujemy:\u2026\u2026\u2026\u2026. i rado\u015b\u0107 znalezienia pomocy w \u015bw. Joannie, kt\u00f3ra b\u0119d\u0105c wzorem ma\u0142\u017conki i matki, za przyk\u0142adem Chrystusa, ofiarowa\u0142a swoje \u017cycie za \u017cycie innych.<\/p>\n<p><em>Zdrowa\u015b, Maryjo \u2026\u00a0<\/em><\/p>\n<p>\/t\u0142umaczenie: ks. Piotr G\u0105sior\/<\/p>\n<hr \/>\n<h3>Modlitwa narzeczonych<\/h3>\n<p>Bo\u017ce, kt\u00f3ry jeste\u015b \u017cyciem i mi\u0142o\u015bci\u0105 ludzi, Ty rozproszy\u0142e\u015b w ca\u0142ym wszech\u015bwiecie \u015blady Twojej dobroci i m\u0105dro\u015bci, a cz\u0142owiekowi da\u0142e\u015b wol\u0119 i serce zdolne do mi\u0142owania wszystkiego, co dobre i pi\u0119kne; wejrzyj na nasze narzecze\u0144stwo oraz nasz\u0105 wzajemn\u0105 mi\u0142o\u015b\u0107 i pragnienie, aby i\u015b\u0107 razem przez ca\u0142e \u017cycie. Dzi\u0119kujemy Ci za szcz\u0119\u015bcie, jakim nas obdarzy\u0142e\u015b.<\/p>\n<p>Daj nam si\u0142y, aby\u015bmy wytrwali w wierno\u015bci Tobie i sobie nawzajem. Pom\u00f3\u017c nam zachowa\u0107 czysto\u015b\u0107 przedma\u0142\u017ce\u0144sk\u0105, cierpliwo\u015b\u0107 wobec trudno\u015bci, wytrwa\u0142o\u015b\u0107 w do\u015bwiadczeniach. Uka\u017c nam w\u0142a\u015bciwe znaczenie pe\u0142nego zjednoczenia duszy i cia\u0142a, do kt\u00f3rego powo\u0142ujesz ka\u017cdego m\u0119\u017ca i \u017con\u0119. Ucz nas mi\u0142o\u015bci zdolnej do panowania nad sob\u0105, gotowej do po\u015bwi\u0119ce\u0144, szukaj\u0105cej prawdziwego dobra ukochanej osoby. Przywied\u017a nas bezpiecznie do Twego o\u0142tarza.<\/p>\n<p>Bo\u017ce mi\u0142osierny, pom\u00f3\u017c nam dobrze przygotowa\u0107 si\u0119 do dnia \u015blubu, kt\u00f3ry ca\u0142kowicie zmieni nasze \u017cycie. U\u015bwi\u0119\u0107 nasz\u0105 mi\u0142o\u015b\u0107 i otw\u00f3rz nas na dar \u017cycia, kt\u00f3re przeka\u017cemy nowym ludziom. Niech dzie\u0144 naszego \u015blubu b\u0119dzie pe\u0142en rado\u015bci i pokoju. Niech spocznie nad nami b\u0142ogos\u0142awie\u0144stwo Twoje i naszych rodzic\u00f3w. Prosimy Ci\u0119 o to przez wstawiennictwo \u015bw. Joanny. Kt\u00f3ry \u017cyjesz i kr\u00f3lujesz na wieki wiek\u00f3w. Amen.<\/p>\n<hr \/>\n<h3>Inne modlitwy za wstawiennictwem \u015bw. Joanny<\/h3>\n<p>Bo\u017ce, Ty powiedzia\u0142e\u015b, \u017ce nie ma wi\u0119kszej mi\u0142o\u015bci nad t\u0119, kiedy kto\u015b daje \u017cycie za osob\u0119 ukochan\u0105. Dzi\u0119kujemy Ci, \u017ce da\u0142e\u015b nam w osobie Joanny p\u0142omienny przyk\u0142ad prawdziwej mi\u0142o\u015bci i szacunku dla \u017cycia. Dopom\u00f3\u017c nam, aby\u015bmy zrozumieli Jej przyk\u0142ad \u017cycia, rozpowszechniali go i sami nim \u017cyli.<\/p>\n<p>Odn\u00f3w we wszystkich kobietach \u017cyj\u0105cych na ca\u0142ym \u015bwiecie zrozumienie sensu ich misji i szacunku dla ka\u017cdego \u017cycia, kt\u00f3re jest darem Boga, a na kt\u00f3rego stra\u017cy winny sta\u0107 nawet za cen\u0119 \u017cycia w\u0142asnego.<\/p>\n<p>Daj nam za wstawiennictwem \u015bw. Joanny, kt\u00f3ra id\u0105c za przyk\u0142adem Twego Syna, ofiarnie z\u0142o\u017cy\u0142a swoje \u017cycie za \u017cycie innych, t\u0119 \u0142ask\u0119, kt\u00f3rej oczekujemy \u2026\u2026\u2026\u2026\u2026..<\/p>\n<p>Przez Chrystusa, Pana naszego. Amen.<\/p>\n<p>\/t\u0142umaczenie: ks. Piotr G\u0105sior\/<\/p>\n<p>&nbsp;<\/p>\n<p>Bo\u017ce, nasz Ojcze, uwielbiamy Ci\u0119 i b\u0142ogos\u0142awimy Tobie, poniewa\u017c w osobie Joanny Beretty Molli da\u0142e\u015b nam pozna\u0107 kobiet\u0119, kt\u00f3ra jako dziewczyna, \u017cona, matka i lekarz jest \u015bwiadkiem Dobrej Nowiny. Jeste\u015bmy Ci tak\u017ce wdzi\u0119czni, poniewa\u017c przez dar Jej \u017cycia uczysz nas przyjmowa\u0107 i szanowa\u0107 ka\u017cd\u0105 istot\u0119 ludzk\u0105.<\/p>\n<p>Ty, Panie Jezu, by\u0142e\u015b dla niej najwa\u017cniejszym odniesieniem: umia\u0142a Ci\u0119 odnale\u017a\u0107 w pi\u0119knie \u015bwiata przyrody; zastanawiaj\u0105c si\u0119 nad wyborem w\u0142asnej drogi \u017cycia, poszukiwa\u0142a Ciebie i tego, jak Ci najlepiej s\u0142u\u017cy\u0107; w mi\u0142o\u015bci ma\u0142\u017ce\u0144skiej sta\u0142a si\u0119 znakiem Twojej mi\u0142o\u015bci do Ko\u015bcio\u0142a i ludzi; podobnie jak Ty, Dobry Samarytanin, zatrzymywa\u0142a si\u0119 obok ka\u017cdej osoby chorej, ma\u0142ej i s\u0142abej; na Tw\u00f3j wz\u00f3r i ze wzgl\u0119du na mi\u0142o\u015b\u0107 ofiarowa\u0142a sam\u0105 siebie, rodz\u0105c nowe \u017cycie.<\/p>\n<p>Duchu \u015awi\u0119ty, \u017ar\u00f3d\u0142o wszelkiej doskona\u0142o\u015bci, udziel r\u00f3wnie\u017c nam m\u0105dro\u015bci, rozumu i odwagi, aby\u015bmy za przyk\u0142adem i wstawiennictwem Joanny w \u017cyciu osobistym, rodzinnym oraz zawodowym potrafili s\u0142u\u017cy\u0107 ka\u017cdemu m\u0119\u017cczy\u017anie i kobiecie i w ten spos\u00f3b wzrastali w mi\u0142o\u015bci i \u015bwi\u0119to\u015bci. Amen.<\/p>\n<p>\/t\u0142umaczenie: ks. Piotr G\u0105sior\/<\/p>\n<hr \/>\n<h3>Modlitwa cz\u0142onk\u00f3w i sympatyk\u00f3w<\/h3>\n<p>Stowarzyszenia Przyjaci\u00f3\u0142 \u015bw. Joanny Beretty Molli<\/p>\n<p>Nasz dobry Bo\u017ce Ojcze, kt\u00f3ry jeste\u015b w niebie. Czekasz tam na nas ale nigdy bezczynnie.<\/p>\n<p>Pos\u0142a\u0142e\u015b nam Swego Syna a On zafascynowa\u0142 ju\u017c tysi\u0105ce ludzi, kt\u00f3rych dzi\u015b nazywamy b\u0142ogos\u0142awionymi. W\u015br\u00f3d nich jest \u015bwi\u0119ta Joanna Beretta Molla.<\/p>\n<p>Ty wiesz, \u017ce pragniemy by\u0107 jej przyjaci\u00f3\u0142mi i ufamy, \u017ce dzi\u0119ki jej serdecznemu wstawiennictwu jeszcze bardziej przylgniemy do Pana Jezusa i Jego Matki.<\/p>\n<p>Zainspirowani przepi\u0119knym \u017cyciem naszej Patronki i &#8211; tak\u0105 mamy nadziej\u0119 &#8211; pod natchnieniem Ducha \u015awi\u0119tego zawi\u0105zali\u015bmy nasze Stowarzyszenie.<\/p>\n<p>Teraz z ca\u0142ym przekonaniem i w prostocie serca odwo\u0142ujemy si\u0119 do Ciebie powierzaj\u0105c samych siebie i nasze wszystkie zamiary.<\/p>\n<p>Niechaj dzia\u0142alno\u015b\u0107 &#8222;Przyjaci\u00f3\u0142 \u015bw. Joanny&#8221; przynosi Tobie chwa\u0142\u0119 a zarazem przyczyni si\u0119 ku wi\u0119kszej czci oddawanej naszej ukochanej \u015awi\u0119tej. Amen.<\/p>\n<hr \/>\n<h3>Hymn do \u015bw. Joanny<\/h3>\n<div id='gallery-1' class='gallery galleryid-302 gallery-columns-1 gallery-size-full'><figure class='gallery-item'>\n\t\t\t<div class='gallery-icon portrait'>\n\t\t\t\t<a title=\"Hymn\" href='http:\/\/serenita.pl\/wp-content\/uploads\/2018\/03\/Hymn.jpg'><img width=\"811\" height=\"960\" src=\"http:\/\/serenita.pl\/wp-content\/uploads\/2018\/03\/Hymn.jpg\" class=\"attachment-full size-full\" alt=\"\" loading=\"lazy\" srcset=\"http:\/\/serenita.pl\/wp-content\/uploads\/2018\/03\/Hymn.jpg 811w, http:\/\/serenita.pl\/wp-content\/uploads\/2018\/03\/Hymn-338x400.jpg 338w, http:\/\/serenita.pl\/wp-content\/uploads\/2018\/03\/Hymn-768x909.jpg 768w, http:\/\/serenita.pl\/wp-content\/uploads\/2018\/03\/Hymn-228x270.jpg 228w\" sizes=\"(max-width: 811px) 100vw, 811px\" \/><\/a>\n\t\t\t<\/div><\/figure>\n\t\t<\/div>\n\n","protected":false},"excerpt":{"rendered":"<p>Nowenna za wstawiennictwem \u015bw. Joanny Bo\u017ce, nasz Ojcze, Ty da\u0142e\u015b Ko\u015bcio\u0142owi dar w osobie \u015awi\u0119tej Joanny. Ona w swojej m\u0142odo\u015bci gor\u0105co poszukiwa\u0142a Ciebie i przyci\u0105ga\u0142a do Ciebie innych m\u0142odych ludzi. Uczyni\u0142a to przez \u015bwiadectwo apostolskie i Akcj\u0119 Katolick\u0105, kt\u00f3r\u0105 podj\u0119\u0142a w trosce o dobro starszych i chorych os\u00f3b. Dzi\u0119kujemy Ci za dar tej m\u0142odej kobiety, tak dalece Tobie powierzonej. Przez Jej przyk\u0142ad obdarz nas \u0142ask\u0105 u\u015bwi\u0119cenia naszego \u017cycia w s\u0142u\u017cbie Tobie dla rado\u015bci naszych braci i si\u00f3str. Chwa\u0142a Ojcu\u2026 Jezu,&#8230;<\/p>\n<p class=\"read-more\"><a class=\"btn btn-default\" href=\"http:\/\/serenita.pl\/?page_id=302\"> Read More<span class=\"screen-reader-text\">  Read More<\/span><\/a><\/p>\n","protected":false},"author":2,"featured_media":0,"parent":0,"menu_order":0,"comment_status":"closed","ping_status":"closed","template":"","meta":[],"_links":{"self":[{"href":"http:\/\/serenita.pl\/index.php?rest_route=\/wp\/v2\/pages\/302"}],"collection":[{"href":"http:\/\/serenita.pl\/index.php?rest_route=\/wp\/v2\/pages"}],"about":[{"href":"http:\/\/serenita.pl\/index.php?rest_route=\/wp\/v2\/types\/page"}],"author":[{"embeddable":true,"href":"http:\/\/serenita.pl\/index.php?rest_route=\/wp\/v2\/users\/2"}],"replies":[{"embeddable":true,"href":"http:\/\/serenita.pl\/index.php?rest_route=%2Fwp%2Fv2%2Fcomments&post=302"}],"version-history":[{"count":3,"href":"http:\/\/serenita.pl\/index.php?rest_route=\/wp\/v2\/pages\/302\/revisions"}],"predecessor-version":[{"id":372,"href":"http:\/\/serenita.pl\/index.php?rest_route=\/wp\/v2\/pages\/302\/revisions\/372"}],"wp:attachment":[{"href":"http:\/\/serenita.pl\/index.php?rest_route=%2Fwp%2Fv2%2Fmedia&parent=302"}],"curies":[{"name":"wp","href":"https:\/\/api.w.org\/{rel}","templated":true}]}}